{"id":10703,"date":"2023-01-12T10:59:54","date_gmt":"2023-01-12T10:59:54","guid":{"rendered":"https:\/\/brandsoul.pl\/?page_id=10703"},"modified":"2026-01-01T16:15:12","modified_gmt":"2026-01-01T16:15:12","slug":"newsy","status":"publish","type":"page","link":"https:\/\/brandsoul.pl\/en\/newsy\/","title":{"rendered":"Newsy"},"content":{"rendered":"<section class=\"wpb-content-wrapper\"><div data-vc-full-width=\"true\" data-vc-full-width-init=\"false\" class=\"vc_row wpb_row vc_row-fluid vc_custom_1673515748273 vc_row-has-padding-top vc_column-gap-35 vc_row-bg-position-top\"><div class=\"wpb_column vc_column_container vc_col-sm-8\"><div class=\"vc_column-inner vc_custom_1673512345995   vc_custom_1673512345996\"><div class=\"wpb_wrapper\">\n<div class=\"vc_grid-container-wrapper vc_clearfix\">\n\t<div class=\"vc_grid-container vc_clearfix wpb_content_element vc_basic_grid\" data-initial-loading-animation=\"fadeIn\" data-vc-grid-settings=\"{&quot;page_id&quot;:10703,&quot;style&quot;:&quot;lazy&quot;,&quot;action&quot;:&quot;vc_get_vc_grid_data&quot;,&quot;shortcode_id&quot;:&quot;1767284098089-6f7e6058-7a37-1&quot;,&quot;items_per_page&quot;:&quot;5&quot;,&quot;tag&quot;:&quot;vc_basic_grid&quot;}\" data-vc-request=\"https:\/\/brandsoul.pl\/wp-admin\/admin-ajax.php\" data-vc-post-id=\"10703\" data-vc-public-nonce=\"e8419c2897\">\n\t\t<style data-type=\"vc_shortcodes-custom-css\">.vc_custom_1673513484076{margin-bottom: 0px !important;padding-bottom: 7px !important;}.vc_custom_1673458393234{padding-bottom: 0px !important;}.vc_custom_1673507116706{padding-top: 30px !important;padding-right: 10px !important;padding-bottom: 0px !important;padding-left: 10px !important;}.vc_custom_1673506984448{padding-right: 50px !important;padding-bottom: 0px !important;}<\/style><div class=\"vc_grid vc_row vc_grid-gutter-35px vc_pageable-wrapper vc_hook_hover\" data-vc-pageable-content=\"true\"><div class=\"vc_pageable-slide-wrapper vc_clearfix\" data-vc-grid-content=\"true\"><div class=\"vc_grid-item vc_clearfix vc_col-sm-12\"><div class=\"vc_grid-item-mini vc_clearfix\"><div class=\"vc_gitem-animated-block\" ><div class=\"vc_gitem-zone vc_gitem-zone-a vc_custom_1673513484076 my-post-grid vc-gitem-zone-height-mode-auto vc-gitem-zone-height-mode-auto-16-9\"><div class=\"vc_gitem-zone-mini\"><div class=\"vc_gitem_row vc_row vc_gitem-row-position-top\"><div class=\"vc_col-sm-6 vc_gitem-col vc_gitem-col-align- vc_custom_1673458393234\">\n\t<div class=\"wpb_single_image wpb_content_element vc_custom_1673506984448 vc_align_\">\n\t\t<figure class=\"wpb_wrapper vc_figure\">\n\t\t\t<div class=\"vc_single_image-wrapper   vc_box_border_grey\"><img loading=\"lazy\" decoding=\"async\" width=\"1080\" height=\"1350\" src=\"https:\/\/brandsoul.pl\/wp-content\/uploads\/2026\/01\/18.png\" class=\"vc_single_image-img attachment-full\" alt=\"\" title=\"18\" srcset=\"https:\/\/brandsoul.pl\/wp-content\/uploads\/2026\/01\/18.png 1080w, https:\/\/brandsoul.pl\/wp-content\/uploads\/2026\/01\/18-240x300.png 240w, https:\/\/brandsoul.pl\/wp-content\/uploads\/2026\/01\/18-819x1024.png 819w, https:\/\/brandsoul.pl\/wp-content\/uploads\/2026\/01\/18-768x960.png 768w, https:\/\/brandsoul.pl\/wp-content\/uploads\/2026\/01\/18-10x12.png 10w, https:\/\/brandsoul.pl\/wp-content\/uploads\/2026\/01\/18-800x1000.png 800w\" sizes=\"auto, (max-width: 1080px) 100vw, 1080px\" \/><\/div>\n\t\t<\/figure>\n\t<\/div>\n<\/div><div class=\"vc_col-sm-6 vc_gitem-col vc_gitem-col-align- vc_custom_1673507116706\"><div class=\"vc_custom_heading vc_gitem-post-data vc_gitem-post-data-source-post_title\" ><h4 style=\"font-size: 20px;line-height: 32px;text-align: left\" >Studio Marki Brandsoul \u2013 18 lat budowania marek z my\u015bl\u0105 o strategii.\u2764<\/h4><\/div><div class=\"vc_empty_space\"   style=\"height: 52px\"><span class=\"vc_empty_space_inner\"><\/span><\/div><div class=\"vc_custom_heading case_exerp vc_gitem-post-data vc_gitem-post-data-source-post_excerpt\" ><div style=\"text-align: left\" ><p>Studio Marki Brandsoul \u2013 18 lat budowania marek z my\u015bl\u0105 o strategii.\u2764 To ju\u017c 18 lat, odk\u0105d marka #Brandsoul rozpocz\u0119\u0142a swoj\u0105 dzia\u0142alno\u015b\u0107. Zaczynali\u015bmy od <a href=\"https:\/\/brandsoul.pl\/en\/doradztwo-biznesowe-marketingowe-dla-firm\/doradztwo-marketingowe\/\" data-internallinksmanager029f6b8e52c=\"2\" title=\"Doradztwo marketingowe\">doradztwa marketingowego<\/a> i pozycji numer 1 w polskiej wyszukiwarce na to has\u0142o. Ju\u017c wtedy wiedzieli\u015bmy, \u017ce marketing to nie s\u0105 wy\u0142\u0105cznie has\u0142a, slogany i estetyczne grafiki.\ud83d\ude01 [&hellip;]<\/p>\n<\/div><\/div><p style=\"font-size: 16px;color: #000000;text-align: left;font-family:Montserrat;font-weight:400;font-style:normal\" class=\"vc_custom_heading tt_button tt_primary_button btn_primary_color hover_solid_secondary post_button\"><a href=\"https:\/\/brandsoul.pl\/en\/o-nas\/newsy\/brandsoul\/13515\/\" class=\"vc_gitem-link\" title=\"Studio Marki Brandsoul \u2013 18 lat budowania marek z my\u015bl\u0105 o strategii.\u2764\">Czytaj wi\u0119cej<\/a><\/p><\/div><\/div><\/div><\/div><\/div><\/div><div class=\"vc_clearfix\"><\/div><\/div><div class=\"vc_grid-item vc_clearfix vc_col-sm-12\"><div class=\"vc_grid-item-mini vc_clearfix\"><div class=\"vc_gitem-animated-block\" ><div class=\"vc_gitem-zone vc_gitem-zone-a vc_custom_1673513484076 my-post-grid vc-gitem-zone-height-mode-auto vc-gitem-zone-height-mode-auto-16-9\"><div class=\"vc_gitem-zone-mini\"><div class=\"vc_gitem_row vc_row vc_gitem-row-position-top\"><div class=\"vc_col-sm-6 vc_gitem-col vc_gitem-col-align- vc_custom_1673458393234\">\n\t<div class=\"wpb_single_image wpb_content_element vc_custom_1673506984448 vc_align_\">\n\t\t<figure class=\"wpb_wrapper vc_figure\">\n\t\t\t<div class=\"vc_single_image-wrapper   vc_box_border_grey\"><img loading=\"lazy\" decoding=\"async\" width=\"1080\" height=\"1350\" src=\"https:\/\/brandsoul.pl\/wp-content\/uploads\/2026\/01\/rok-25.png\" class=\"vc_single_image-img attachment-full\" alt=\"\" title=\"rok 25\" srcset=\"https:\/\/brandsoul.pl\/wp-content\/uploads\/2026\/01\/rok-25.png 1080w, https:\/\/brandsoul.pl\/wp-content\/uploads\/2026\/01\/rok-25-240x300.png 240w, https:\/\/brandsoul.pl\/wp-content\/uploads\/2026\/01\/rok-25-819x1024.png 819w, https:\/\/brandsoul.pl\/wp-content\/uploads\/2026\/01\/rok-25-768x960.png 768w, https:\/\/brandsoul.pl\/wp-content\/uploads\/2026\/01\/rok-25-10x12.png 10w, https:\/\/brandsoul.pl\/wp-content\/uploads\/2026\/01\/rok-25-800x1000.png 800w\" sizes=\"auto, (max-width: 1080px) 100vw, 1080px\" \/><\/div>\n\t\t<\/figure>\n\t<\/div>\n<\/div><div class=\"vc_col-sm-6 vc_gitem-col vc_gitem-col-align- vc_custom_1673507116706\"><div class=\"vc_custom_heading vc_gitem-post-data vc_gitem-post-data-source-post_title\" ><h4 style=\"font-size: 20px;line-height: 32px;text-align: left\" >Podsumowanie roku 2025<\/h4><\/div><div class=\"vc_empty_space\"   style=\"height: 52px\"><span class=\"vc_empty_space_inner\"><\/span><\/div><div class=\"vc_custom_heading case_exerp vc_gitem-post-data vc_gitem-post-data-source-post_excerpt\" ><div style=\"text-align: left\" ><p>To by\u0142 intensywny, wymagaj\u0105cy i bardzo rozwojowy rok.Pe\u0142en rozm\u00f3w, decyzji, strategii, pomys\u0142\u00f3w i projekt\u00f3w, kt\u00f3re realnie wspiera\u0142y rozw\u00f3j marek naszych Klient\u00f3w. Kilka liczb, kt\u00f3re najlepiej oddaj\u0105 skal\u0119 tego czasu:\u2714 ponad 1500 godzin kreatywnych dyskusji\u2714 ponad 600 dodatkowych godzin konsultacji marketingowych\u2714 ponad 3000 godzin pracy, kt\u00f3r\u0105 naprawd\u0119 kochamy\u2714 ponad 25 nowych, [&hellip;]<\/p>\n<\/div><\/div><p style=\"font-size: 16px;color: #000000;text-align: left;font-family:Montserrat;font-weight:400;font-style:normal\" class=\"vc_custom_heading tt_button tt_primary_button btn_primary_color hover_solid_secondary post_button\"><a href=\"https:\/\/brandsoul.pl\/en\/o-nas\/newsy\/brandsoul\/podsumowanie-roku-2025\/\" class=\"vc_gitem-link\" title=\"Podsumowanie roku 2025\">Czytaj wi\u0119cej<\/a><\/p><\/div><\/div><\/div><\/div><\/div><\/div><div class=\"vc_clearfix\"><\/div><\/div><div class=\"vc_grid-item vc_clearfix vc_col-sm-12\"><div class=\"vc_grid-item-mini vc_clearfix\"><div class=\"vc_gitem-animated-block\" ><div class=\"vc_gitem-zone vc_gitem-zone-a vc_custom_1673513484076 my-post-grid vc-gitem-zone-height-mode-auto vc-gitem-zone-height-mode-auto-16-9\"><div class=\"vc_gitem-zone-mini\"><div class=\"vc_gitem_row vc_row vc_gitem-row-position-top\"><div class=\"vc_col-sm-6 vc_gitem-col vc_gitem-col-align- vc_custom_1673458393234\">\n\t<div class=\"wpb_single_image wpb_content_element vc_custom_1673506984448 vc_align_\">\n\t\t<figure class=\"wpb_wrapper vc_figure\">\n\t\t\t<div class=\"vc_single_image-wrapper   vc_box_border_grey\"><img loading=\"lazy\" decoding=\"async\" width=\"1080\" height=\"1080\" src=\"https:\/\/brandsoul.pl\/wp-content\/uploads\/2026\/01\/nowy-wzor-brandsoul.png\" class=\"vc_single_image-img attachment-full\" alt=\"\" title=\"nowy wz\u00f3r brandsoul\" srcset=\"https:\/\/brandsoul.pl\/wp-content\/uploads\/2026\/01\/nowy-wzor-brandsoul.png 1080w, https:\/\/brandsoul.pl\/wp-content\/uploads\/2026\/01\/nowy-wzor-brandsoul-300x300.png 300w, https:\/\/brandsoul.pl\/wp-content\/uploads\/2026\/01\/nowy-wzor-brandsoul-1024x1024.png 1024w, https:\/\/brandsoul.pl\/wp-content\/uploads\/2026\/01\/nowy-wzor-brandsoul-150x150.png 150w, https:\/\/brandsoul.pl\/wp-content\/uploads\/2026\/01\/nowy-wzor-brandsoul-768x768.png 768w, https:\/\/brandsoul.pl\/wp-content\/uploads\/2026\/01\/nowy-wzor-brandsoul-12x12.png 12w, https:\/\/brandsoul.pl\/wp-content\/uploads\/2026\/01\/nowy-wzor-brandsoul-320x320.png 320w, https:\/\/brandsoul.pl\/wp-content\/uploads\/2026\/01\/nowy-wzor-brandsoul-800x800.png 800w\" sizes=\"auto, (max-width: 1080px) 100vw, 1080px\" \/><\/div>\n\t\t<\/figure>\n\t<\/div>\n<\/div><div class=\"vc_col-sm-6 vc_gitem-col vc_gitem-col-align- vc_custom_1673507116706\"><div class=\"vc_custom_heading vc_gitem-post-data vc_gitem-post-data-source-post_title\" ><h4 style=\"font-size: 20px;line-height: 32px;text-align: left\" >Zmiana adresu biura w Swarz\u0119dzu<\/h4><\/div><div class=\"vc_empty_space\"   style=\"height: 52px\"><span class=\"vc_empty_space_inner\"><\/span><\/div><div class=\"vc_custom_heading case_exerp vc_gitem-post-data vc_gitem-post-data-source-post_excerpt\" ><div style=\"text-align: left\" ><p>Zmiana adresu \u2013 filia Swarz\u0119dz Od 1 stycznia zmienili\u015bmy adres naszej filii w Swarz\u0119dzu. Nowa lokalizacja to: ul. K\u00f3rnicka 198B\/11, Zalasewo (Swarz\u0119dz) inwestycja Zalasewo Center Nasze biuro w Poznaniu dzia\u0142a bez zmian. Serdecznie zapraszamy do nowej przestrzeni w Zalasewie \u2014 na spotkania, rozmowy i wsp\u00f3ln\u0105 prac\u0119 nad strategi\u0105 oraz komunikacj\u0105 [&hellip;]<\/p>\n<\/div><\/div><p style=\"font-size: 16px;color: #000000;text-align: left;font-family:Montserrat;font-weight:400;font-style:normal\" class=\"vc_custom_heading tt_button tt_primary_button btn_primary_color hover_solid_secondary post_button\"><a href=\"https:\/\/brandsoul.pl\/en\/o-nas\/newsy\/zmiana-adresu-biura-w-swarzedzu\/\" class=\"vc_gitem-link\" title=\"Zmiana adresu biura w Swarz\u0119dzu\">Czytaj wi\u0119cej<\/a><\/p><\/div><\/div><\/div><\/div><\/div><\/div><div class=\"vc_clearfix\"><\/div><\/div><div class=\"vc_grid-item vc_clearfix vc_col-sm-12\"><div class=\"vc_grid-item-mini vc_clearfix\"><div class=\"vc_gitem-animated-block\" ><div class=\"vc_gitem-zone vc_gitem-zone-a vc_custom_1673513484076 my-post-grid vc-gitem-zone-height-mode-auto vc-gitem-zone-height-mode-auto-16-9\"><div class=\"vc_gitem-zone-mini\"><div class=\"vc_gitem_row vc_row vc_gitem-row-position-top\"><div class=\"vc_col-sm-6 vc_gitem-col vc_gitem-col-align- vc_custom_1673458393234\">\n\t<div class=\"wpb_single_image wpb_content_element vc_custom_1673506984448 vc_align_\">\n\t\t<figure class=\"wpb_wrapper vc_figure\">\n\t\t\t<div class=\"vc_single_image-wrapper   vc_box_border_grey\"><img loading=\"lazy\" decoding=\"async\" width=\"1080\" height=\"1080\" src=\"https:\/\/brandsoul.pl\/wp-content\/uploads\/2025\/11\/nowy-wzor-brandsoulee2.png\" class=\"vc_single_image-img attachment-full\" alt=\"\" title=\"nowy wz\u00f3r brandsoulee2\" srcset=\"https:\/\/brandsoul.pl\/wp-content\/uploads\/2025\/11\/nowy-wzor-brandsoulee2.png 1080w, https:\/\/brandsoul.pl\/wp-content\/uploads\/2025\/11\/nowy-wzor-brandsoulee2-300x300.png 300w, https:\/\/brandsoul.pl\/wp-content\/uploads\/2025\/11\/nowy-wzor-brandsoulee2-1024x1024.png 1024w, https:\/\/brandsoul.pl\/wp-content\/uploads\/2025\/11\/nowy-wzor-brandsoulee2-150x150.png 150w, https:\/\/brandsoul.pl\/wp-content\/uploads\/2025\/11\/nowy-wzor-brandsoulee2-768x768.png 768w, https:\/\/brandsoul.pl\/wp-content\/uploads\/2025\/11\/nowy-wzor-brandsoulee2-12x12.png 12w, https:\/\/brandsoul.pl\/wp-content\/uploads\/2025\/11\/nowy-wzor-brandsoulee2-320x320.png 320w, https:\/\/brandsoul.pl\/wp-content\/uploads\/2025\/11\/nowy-wzor-brandsoulee2-800x800.png 800w\" sizes=\"auto, (max-width: 1080px) 100vw, 1080px\" \/><\/div>\n\t\t<\/figure>\n\t<\/div>\n<\/div><div class=\"vc_col-sm-6 vc_gitem-col vc_gitem-col-align- vc_custom_1673507116706\"><div class=\"vc_custom_heading vc_gitem-post-data vc_gitem-post-data-source-post_title\" ><h4 style=\"font-size: 20px;line-height: 32px;text-align: left\" >Bezp\u0142atny webinar &#8211; Outsourcing marketingu &#8211; 11 grudnia, godz. 11:00<\/h4><\/div><div class=\"vc_empty_space\"   style=\"height: 52px\"><span class=\"vc_empty_space_inner\"><\/span><\/div><div class=\"vc_custom_heading case_exerp vc_gitem-post-data vc_gitem-post-data-source-post_excerpt\" ><div style=\"text-align: left\" ><p>Mi\u0142o nam poinformowa\u0107, \u017ce otrzymali\u015bmy nagrod\u0119 Najlepsi 2020 za znakomite opinie od naszych Klient\u00f3w.<\/p>\n<\/div><\/div><p style=\"font-size: 16px;color: #000000;text-align: left;font-family:Montserrat;font-weight:400;font-style:normal\" class=\"vc_custom_heading tt_button tt_primary_button btn_primary_color hover_solid_secondary post_button\"><a href=\"https:\/\/brandsoul.pl\/en\/o-nas\/newsy\/wyroznienia\/bezplatny-webinar-outsourcing-marketingu-11-grudnia-godz-1100\/\" class=\"vc_gitem-link\" title=\"Bezp\u0142atny webinar &#8211; Outsourcing marketingu &#8211; 11 grudnia, godz. 11:00\">Czytaj wi\u0119cej<\/a><\/p><\/div><\/div><\/div><\/div><\/div><\/div><div class=\"vc_clearfix\"><\/div><\/div><div class=\"vc_grid-item vc_clearfix vc_col-sm-12\"><div class=\"vc_grid-item-mini vc_clearfix\"><div class=\"vc_gitem-animated-block\" ><div class=\"vc_gitem-zone vc_gitem-zone-a vc_custom_1673513484076 my-post-grid vc-gitem-zone-height-mode-auto vc-gitem-zone-height-mode-auto-16-9\"><div class=\"vc_gitem-zone-mini\"><div class=\"vc_gitem_row vc_row vc_gitem-row-position-top\"><div class=\"vc_col-sm-6 vc_gitem-col vc_gitem-col-align- vc_custom_1673458393234\">\n\t<div class=\"wpb_single_image wpb_content_element vc_custom_1673506984448 vc_align_\">\n\t\t<figure class=\"wpb_wrapper vc_figure\">\n\t\t\t<div class=\"vc_single_image-wrapper   vc_box_border_grey\"><img loading=\"lazy\" decoding=\"async\" width=\"1080\" height=\"1080\" src=\"https:\/\/brandsoul.pl\/wp-content\/uploads\/2025\/08\/Brandsoul_post_kwadrat_wyroznienie.png\" class=\"vc_single_image-img attachment-full\" alt=\"\" title=\"Brandsoul_post_kwadrat_wyroznienie\" srcset=\"https:\/\/brandsoul.pl\/wp-content\/uploads\/2025\/08\/Brandsoul_post_kwadrat_wyroznienie.png 1080w, https:\/\/brandsoul.pl\/wp-content\/uploads\/2025\/08\/Brandsoul_post_kwadrat_wyroznienie-300x300.png 300w, https:\/\/brandsoul.pl\/wp-content\/uploads\/2025\/08\/Brandsoul_post_kwadrat_wyroznienie-1024x1024.png 1024w, https:\/\/brandsoul.pl\/wp-content\/uploads\/2025\/08\/Brandsoul_post_kwadrat_wyroznienie-150x150.png 150w, https:\/\/brandsoul.pl\/wp-content\/uploads\/2025\/08\/Brandsoul_post_kwadrat_wyroznienie-768x768.png 768w, https:\/\/brandsoul.pl\/wp-content\/uploads\/2025\/08\/Brandsoul_post_kwadrat_wyroznienie-12x12.png 12w, https:\/\/brandsoul.pl\/wp-content\/uploads\/2025\/08\/Brandsoul_post_kwadrat_wyroznienie-320x320.png 320w, https:\/\/brandsoul.pl\/wp-content\/uploads\/2025\/08\/Brandsoul_post_kwadrat_wyroznienie-800x800.png 800w\" sizes=\"auto, (max-width: 1080px) 100vw, 1080px\" \/><\/div>\n\t\t<\/figure>\n\t<\/div>\n<\/div><div class=\"vc_col-sm-6 vc_gitem-col vc_gitem-col-align- vc_custom_1673507116706\"><div class=\"vc_custom_heading vc_gitem-post-data vc_gitem-post-data-source-post_title\" ><h4 style=\"font-size: 20px;line-height: 32px;text-align: left\" >Studio Marki Brandsoul Sp. z o.o. zdobywa tytu\u0142: Gepardy Biznesu 2025, Mocne firmy Godne Zaufania 2025, Efektywne firmy 2025<\/h4><\/div><div class=\"vc_empty_space\"   style=\"height: 52px\"><span class=\"vc_empty_space_inner\"><\/span><\/div><div class=\"vc_custom_heading case_exerp vc_gitem-post-data vc_gitem-post-data-source-post_excerpt\" ><div style=\"text-align: left\" ><p>Mi\u0142o nam poinformowa\u0107, \u017ce otrzymali\u015bmy nagrod\u0119 Najlepsi 2020 za znakomite opinie od naszych Klient\u00f3w.<\/p>\n<\/div><\/div><p style=\"font-size: 16px;color: #000000;text-align: left;font-family:Montserrat;font-weight:400;font-style:normal\" class=\"vc_custom_heading tt_button tt_primary_button btn_primary_color hover_solid_secondary post_button\"><a href=\"https:\/\/brandsoul.pl\/en\/o-nas\/newsy\/wyroznienia\/studio-marki-brandsoul-sp-z-o-o-zdobywa-tytul-gepardy-biznesu-2025-mocne-firmy-godne-zaufania-2025-efektywne-firmy-2025\/\" class=\"vc_gitem-link\" title=\"Studio Marki Brandsoul Sp. z o.o. zdobywa tytu\u0142: Gepardy Biznesu 2025, Mocne firmy Godne Zaufania 2025, Efektywne firmy 2025\">Czytaj wi\u0119cej<\/a><\/p><\/div><\/div><\/div><\/div><\/div><\/div><div class=\"vc_clearfix\"><\/div><\/div><div class=\"vc_grid-item vc_clearfix vc_col-sm-12\"><div class=\"vc_grid-item-mini vc_clearfix\"><div class=\"vc_gitem-animated-block\" ><div class=\"vc_gitem-zone vc_gitem-zone-a vc_custom_1673513484076 my-post-grid vc-gitem-zone-height-mode-auto vc-gitem-zone-height-mode-auto-16-9\"><div class=\"vc_gitem-zone-mini\"><div class=\"vc_gitem_row vc_row vc_gitem-row-position-top\"><div class=\"vc_col-sm-6 vc_gitem-col vc_gitem-col-align- vc_custom_1673458393234\">\n\t<div class=\"wpb_single_image wpb_content_element vc_custom_1673506984448 vc_align_\">\n\t\t<figure class=\"wpb_wrapper vc_figure\">\n\t\t\t<div class=\"vc_single_image-wrapper   vc_box_border_grey\"><img loading=\"lazy\" decoding=\"async\" width=\"1080\" height=\"1080\" src=\"https:\/\/brandsoul.pl\/wp-content\/uploads\/2025\/05\/poprawny.png\" class=\"vc_single_image-img attachment-full\" alt=\"\" title=\"poprawny\" srcset=\"https:\/\/brandsoul.pl\/wp-content\/uploads\/2025\/05\/poprawny.png 1080w, https:\/\/brandsoul.pl\/wp-content\/uploads\/2025\/05\/poprawny-300x300.png 300w, https:\/\/brandsoul.pl\/wp-content\/uploads\/2025\/05\/poprawny-1024x1024.png 1024w, https:\/\/brandsoul.pl\/wp-content\/uploads\/2025\/05\/poprawny-150x150.png 150w, https:\/\/brandsoul.pl\/wp-content\/uploads\/2025\/05\/poprawny-768x768.png 768w, https:\/\/brandsoul.pl\/wp-content\/uploads\/2025\/05\/poprawny-12x12.png 12w, https:\/\/brandsoul.pl\/wp-content\/uploads\/2025\/05\/poprawny-320x320.png 320w, https:\/\/brandsoul.pl\/wp-content\/uploads\/2025\/05\/poprawny-800x800.png 800w\" sizes=\"auto, (max-width: 1080px) 100vw, 1080px\" \/><\/div>\n\t\t<\/figure>\n\t<\/div>\n<\/div><div class=\"vc_col-sm-6 vc_gitem-col vc_gitem-col-align- vc_custom_1673507116706\"><div class=\"vc_custom_heading vc_gitem-post-data vc_gitem-post-data-source-post_title\" ><h4 style=\"font-size: 20px;line-height: 32px;text-align: left\" >Cykl Webinar\u00f3w dla firm<\/h4><\/div><div class=\"vc_empty_space\"   style=\"height: 52px\"><span class=\"vc_empty_space_inner\"><\/span><\/div><div class=\"vc_custom_heading case_exerp vc_gitem-post-data vc_gitem-post-data-source-post_excerpt\" ><div style=\"text-align: left\" ><p>Mi\u0142o nam poinformowa\u0107, \u017ce otrzymali\u015bmy nagrod\u0119 Najlepsi 2020 za znakomite opinie od naszych Klient\u00f3w.<\/p>\n<\/div><\/div><p style=\"font-size: 16px;color: #000000;text-align: left;font-family:Montserrat;font-weight:400;font-style:normal\" class=\"vc_custom_heading tt_button tt_primary_button btn_primary_color hover_solid_secondary post_button\"><a href=\"https:\/\/brandsoul.pl\/en\/o-nas\/newsy\/wyroznienia\/cykl-webinarow-dla-firm\/\" class=\"vc_gitem-link\" title=\"Cykl Webinar\u00f3w dla firm\">Czytaj wi\u0119cej<\/a><\/p><\/div><\/div><\/div><\/div><\/div><\/div><div class=\"vc_clearfix\"><\/div><\/div><div class=\"vc_grid-item vc_clearfix vc_col-sm-12\"><div class=\"vc_grid-item-mini vc_clearfix\"><div class=\"vc_gitem-animated-block\" ><div class=\"vc_gitem-zone vc_gitem-zone-a vc_custom_1673513484076 my-post-grid vc-gitem-zone-height-mode-auto vc-gitem-zone-height-mode-auto-16-9\"><div class=\"vc_gitem-zone-mini\"><div class=\"vc_gitem_row vc_row vc_gitem-row-position-top\"><div class=\"vc_col-sm-6 vc_gitem-col vc_gitem-col-align- vc_custom_1673458393234\">\n\t<div class=\"wpb_single_image wpb_content_element vc_custom_1673506984448 vc_align_\">\n\t\t<figure class=\"wpb_wrapper vc_figure\">\n\t\t\t<div class=\"vc_single_image-wrapper   vc_box_border_grey\"><img loading=\"lazy\" decoding=\"async\" width=\"1080\" height=\"1080\" src=\"https:\/\/brandsoul.pl\/wp-content\/uploads\/2025\/03\/17-marca.png\" class=\"vc_single_image-img attachment-full\" alt=\"\" title=\"17 marca\" srcset=\"https:\/\/brandsoul.pl\/wp-content\/uploads\/2025\/03\/17-marca.png 1080w, https:\/\/brandsoul.pl\/wp-content\/uploads\/2025\/03\/17-marca-300x300.png 300w, https:\/\/brandsoul.pl\/wp-content\/uploads\/2025\/03\/17-marca-1024x1024.png 1024w, https:\/\/brandsoul.pl\/wp-content\/uploads\/2025\/03\/17-marca-150x150.png 150w, https:\/\/brandsoul.pl\/wp-content\/uploads\/2025\/03\/17-marca-768x768.png 768w, https:\/\/brandsoul.pl\/wp-content\/uploads\/2025\/03\/17-marca-12x12.png 12w, https:\/\/brandsoul.pl\/wp-content\/uploads\/2025\/03\/17-marca-320x320.png 320w, https:\/\/brandsoul.pl\/wp-content\/uploads\/2025\/03\/17-marca-800x800.png 800w\" sizes=\"auto, (max-width: 1080px) 100vw, 1080px\" \/><\/div>\n\t\t<\/figure>\n\t<\/div>\n<\/div><div class=\"vc_col-sm-6 vc_gitem-col vc_gitem-col-align- vc_custom_1673507116706\"><div class=\"vc_custom_heading vc_gitem-post-data vc_gitem-post-data-source-post_title\" ><h4 style=\"font-size: 20px;line-height: 32px;text-align: left\" >17 lat BRANDSOUL<\/h4><\/div><div class=\"vc_empty_space\"   style=\"height: 52px\"><span class=\"vc_empty_space_inner\"><\/span><\/div><div class=\"vc_custom_heading case_exerp vc_gitem-post-data vc_gitem-post-data-source-post_excerpt\" ><div style=\"text-align: left\" ><p>MARZEC to dla nas wyj\u0105tkowy miesi\u0105c. 17 marca \u015bwi\u0119towali\u015bmy 17 lat marki Brandsoul! Ale\u017c ten czas leci! 17 lat wspania\u0142ej historii, cudownych klient\u00f3w, przeszk\u00f3d, ale i sukces\u00f3w. Przez te lata zbudowali\u015bmy co\u015b wi\u0119cej ni\u017c firm\u0119 \u2013 stworzyli\u015bmy miejsce, w kt\u00f3rym strategia spotyka si\u0119 z kreatywno\u015bci\u0105, a marketing nabiera prawdziwej mocy! [&hellip;]<\/p>\n<\/div><\/div><p style=\"font-size: 16px;color: #000000;text-align: left;font-family:Montserrat;font-weight:400;font-style:normal\" class=\"vc_custom_heading tt_button tt_primary_button btn_primary_color hover_solid_secondary post_button\"><a href=\"https:\/\/brandsoul.pl\/en\/o-nas\/newsy\/wydarzenia\/17-lat-brandsoul\/\" class=\"vc_gitem-link\" title=\"17 lat BRANDSOUL\">Czytaj wi\u0119cej<\/a><\/p><\/div><\/div><\/div><\/div><\/div><\/div><div class=\"vc_clearfix\"><\/div><\/div><div class=\"vc_grid-item vc_clearfix vc_col-sm-12\"><div class=\"vc_grid-item-mini vc_clearfix\"><div class=\"vc_gitem-animated-block\" ><div class=\"vc_gitem-zone vc_gitem-zone-a vc_custom_1673513484076 my-post-grid vc-gitem-zone-height-mode-auto vc-gitem-zone-height-mode-auto-16-9\"><div class=\"vc_gitem-zone-mini\"><div class=\"vc_gitem_row vc_row vc_gitem-row-position-top\"><div class=\"vc_col-sm-6 vc_gitem-col vc_gitem-col-align- vc_custom_1673458393234\">\n\t<div class=\"wpb_single_image wpb_content_element vc_custom_1673506984448 vc_align_\">\n\t\t<figure class=\"wpb_wrapper vc_figure\">\n\t\t\t<div class=\"vc_single_image-wrapper   vc_box_border_grey\"><img loading=\"lazy\" decoding=\"async\" width=\"1920\" height=\"1080\" src=\"https:\/\/brandsoul.pl\/wp-content\/uploads\/2025\/01\/tlo-z-data-1.png\" class=\"vc_single_image-img attachment-full\" alt=\"\" title=\"tlo z data\" srcset=\"https:\/\/brandsoul.pl\/wp-content\/uploads\/2025\/01\/tlo-z-data-1.png 1920w, https:\/\/brandsoul.pl\/wp-content\/uploads\/2025\/01\/tlo-z-data-1-300x169.png 300w, https:\/\/brandsoul.pl\/wp-content\/uploads\/2025\/01\/tlo-z-data-1-1024x576.png 1024w, https:\/\/brandsoul.pl\/wp-content\/uploads\/2025\/01\/tlo-z-data-1-768x432.png 768w, https:\/\/brandsoul.pl\/wp-content\/uploads\/2025\/01\/tlo-z-data-1-1536x864.png 1536w, https:\/\/brandsoul.pl\/wp-content\/uploads\/2025\/01\/tlo-z-data-1-18x10.png 18w, https:\/\/brandsoul.pl\/wp-content\/uploads\/2025\/01\/tlo-z-data-1-800x450.png 800w\" sizes=\"auto, (max-width: 1920px) 100vw, 1920px\" \/><\/div>\n\t\t<\/figure>\n\t<\/div>\n<\/div><div class=\"vc_col-sm-6 vc_gitem-col vc_gitem-col-align- vc_custom_1673507116706\"><div class=\"vc_custom_heading vc_gitem-post-data vc_gitem-post-data-source-post_title\" ><h4 style=\"font-size: 20px;line-height: 32px;text-align: left\" >WEBINAR- Strategia marketingowa<\/h4><\/div><div class=\"vc_empty_space\"   style=\"height: 52px\"><span class=\"vc_empty_space_inner\"><\/span><\/div><div class=\"vc_custom_heading case_exerp vc_gitem-post-data vc_gitem-post-data-source-post_excerpt\" ><div style=\"text-align: left\" ><p>Mi\u0142o nam poinformowa\u0107, \u017ce otrzymali\u015bmy nagrod\u0119 Najlepsi 2020 za znakomite opinie od naszych Klient\u00f3w.<\/p>\n<\/div><\/div><p style=\"font-size: 16px;color: #000000;text-align: left;font-family:Montserrat;font-weight:400;font-style:normal\" class=\"vc_custom_heading tt_button tt_primary_button btn_primary_color hover_solid_secondary post_button\"><a href=\"https:\/\/brandsoul.pl\/en\/o-nas\/newsy\/webinar_strategia1302\/\" class=\"vc_gitem-link\" title=\"WEBINAR- Strategia marketingowa\">Czytaj wi\u0119cej<\/a><\/p><\/div><\/div><\/div><\/div><\/div><\/div><div class=\"vc_clearfix\"><\/div><\/div><div class=\"vc_grid-item vc_clearfix vc_col-sm-12\"><div class=\"vc_grid-item-mini vc_clearfix\"><div class=\"vc_gitem-animated-block\" ><div class=\"vc_gitem-zone vc_gitem-zone-a vc_custom_1673513484076 my-post-grid vc-gitem-zone-height-mode-auto vc-gitem-zone-height-mode-auto-16-9\"><div class=\"vc_gitem-zone-mini\"><div class=\"vc_gitem_row vc_row vc_gitem-row-position-top\"><div class=\"vc_col-sm-6 vc_gitem-col vc_gitem-col-align- vc_custom_1673458393234\">\n\t<div class=\"wpb_single_image wpb_content_element vc_custom_1673506984448 vc_align_\">\n\t\t<figure class=\"wpb_wrapper vc_figure\">\n\t\t\t<div class=\"vc_single_image-wrapper   vc_box_border_grey\"><img loading=\"lazy\" decoding=\"async\" width=\"820\" height=\"360\" src=\"https:\/\/brandsoul.pl\/wp-content\/uploads\/2024\/12\/820x-x36090.png\" class=\"vc_single_image-img attachment-full\" alt=\"\" title=\"820x x36090\" srcset=\"https:\/\/brandsoul.pl\/wp-content\/uploads\/2024\/12\/820x-x36090.png 820w, https:\/\/brandsoul.pl\/wp-content\/uploads\/2024\/12\/820x-x36090-300x132.png 300w, https:\/\/brandsoul.pl\/wp-content\/uploads\/2024\/12\/820x-x36090-768x337.png 768w, https:\/\/brandsoul.pl\/wp-content\/uploads\/2024\/12\/820x-x36090-18x8.png 18w, https:\/\/brandsoul.pl\/wp-content\/uploads\/2024\/12\/820x-x36090-800x351.png 800w\" sizes=\"auto, (max-width: 820px) 100vw, 820px\" \/><\/div>\n\t\t<\/figure>\n\t<\/div>\n<\/div><div class=\"vc_col-sm-6 vc_gitem-col vc_gitem-col-align- vc_custom_1673507116706\"><div class=\"vc_custom_heading vc_gitem-post-data vc_gitem-post-data-source-post_title\" ><h4 style=\"font-size: 20px;line-height: 32px;text-align: left\" >WEBINAR- Marketing dla firm przemys\u0142owych<\/h4><\/div><div class=\"vc_empty_space\"   style=\"height: 52px\"><span class=\"vc_empty_space_inner\"><\/span><\/div><div class=\"vc_custom_heading case_exerp vc_gitem-post-data vc_gitem-post-data-source-post_excerpt\" ><div style=\"text-align: left\" ><p>Mi\u0142o nam poinformowa\u0107, \u017ce otrzymali\u015bmy nagrod\u0119 Najlepsi 2020 za znakomite opinie od naszych Klient\u00f3w.<\/p>\n<\/div><\/div><p style=\"font-size: 16px;color: #000000;text-align: left;font-family:Montserrat;font-weight:400;font-style:normal\" class=\"vc_custom_heading tt_button tt_primary_button btn_primary_color hover_solid_secondary post_button\"><a href=\"https:\/\/brandsoul.pl\/en\/o-nas\/newsy\/webinar-marketing-dla-firm-przemyslowych\/\" class=\"vc_gitem-link\" title=\"WEBINAR- Marketing dla firm przemys\u0142owych\">Czytaj wi\u0119cej<\/a><\/p><\/div><\/div><\/div><\/div><\/div><\/div><div class=\"vc_clearfix\"><\/div><\/div><div class=\"vc_grid-item vc_clearfix vc_col-sm-12\"><div class=\"vc_grid-item-mini vc_clearfix\"><div class=\"vc_gitem-animated-block\" ><div class=\"vc_gitem-zone vc_gitem-zone-a vc_custom_1673513484076 my-post-grid vc-gitem-zone-height-mode-auto vc-gitem-zone-height-mode-auto-16-9\"><div class=\"vc_gitem-zone-mini\"><div class=\"vc_gitem_row vc_row vc_gitem-row-position-top\"><div class=\"vc_col-sm-6 vc_gitem-col vc_gitem-col-align- vc_custom_1673458393234\">\n\t<div class=\"wpb_single_image wpb_content_element vc_custom_1673506984448 vc_align_\">\n\t\t<figure class=\"wpb_wrapper vc_figure\">\n\t\t\t<div class=\"vc_single_image-wrapper   vc_box_border_grey\"><img loading=\"lazy\" decoding=\"async\" width=\"1080\" height=\"1080\" src=\"https:\/\/brandsoul.pl\/wp-content\/uploads\/2024\/04\/foto-3.png\" class=\"vc_single_image-img attachment-full\" alt=\"\" title=\"foto-3\" srcset=\"https:\/\/brandsoul.pl\/wp-content\/uploads\/2024\/04\/foto-3.png 1080w, https:\/\/brandsoul.pl\/wp-content\/uploads\/2024\/04\/foto-3-300x300.png 300w, https:\/\/brandsoul.pl\/wp-content\/uploads\/2024\/04\/foto-3-1024x1024.png 1024w, https:\/\/brandsoul.pl\/wp-content\/uploads\/2024\/04\/foto-3-150x150.png 150w, https:\/\/brandsoul.pl\/wp-content\/uploads\/2024\/04\/foto-3-768x768.png 768w, https:\/\/brandsoul.pl\/wp-content\/uploads\/2024\/04\/foto-3-12x12.png 12w, https:\/\/brandsoul.pl\/wp-content\/uploads\/2024\/04\/foto-3-320x320.png 320w, https:\/\/brandsoul.pl\/wp-content\/uploads\/2024\/04\/foto-3-800x800.png 800w\" sizes=\"auto, (max-width: 1080px) 100vw, 1080px\" \/><\/div>\n\t\t<\/figure>\n\t<\/div>\n<\/div><div class=\"vc_col-sm-6 vc_gitem-col vc_gitem-col-align- vc_custom_1673507116706\"><div class=\"vc_custom_heading vc_gitem-post-data vc_gitem-post-data-source-post_title\" ><h4 style=\"font-size: 20px;line-height: 32px;text-align: left\" >Promocja LOKALNA &#8211; Tygodnik Swarz\u0119dzki o BRANDSOUL<\/h4><\/div><div class=\"vc_empty_space\"   style=\"height: 52px\"><span class=\"vc_empty_space_inner\"><\/span><\/div><div class=\"vc_custom_heading case_exerp vc_gitem-post-data vc_gitem-post-data-source-post_excerpt\" ><div style=\"text-align: left\" ><p>Mi\u0142o nam poinformowa\u0107, \u017ce otrzymali\u015bmy nagrod\u0119 Najlepsi 2020 za znakomite opinie od naszych Klient\u00f3w.<\/p>\n<\/div><\/div><p style=\"font-size: 16px;color: #000000;text-align: left;font-family:Montserrat;font-weight:400;font-style:normal\" class=\"vc_custom_heading tt_button tt_primary_button btn_primary_color hover_solid_secondary post_button\"><a href=\"https:\/\/brandsoul.pl\/en\/o-nas\/newsy\/bezplatny-webinar-outsourcing-marketingu-zasady-korzysci-zagrozenia-2\/\" class=\"vc_gitem-link\" title=\"Promocja LOKALNA &#8211; Tygodnik Swarz\u0119dzki o BRANDSOUL\">Czytaj wi\u0119cej<\/a><\/p><\/div><\/div><\/div><\/div><\/div><\/div><div class=\"vc_clearfix\"><\/div><\/div><div class=\"vc_grid-item vc_clearfix vc_col-sm-12\"><div class=\"vc_grid-item-mini vc_clearfix\"><div class=\"vc_gitem-animated-block\" ><div class=\"vc_gitem-zone vc_gitem-zone-a vc_custom_1673513484076 my-post-grid vc-gitem-zone-height-mode-auto vc-gitem-zone-height-mode-auto-16-9\"><div class=\"vc_gitem-zone-mini\"><div class=\"vc_gitem_row vc_row vc_gitem-row-position-top\"><div class=\"vc_col-sm-6 vc_gitem-col vc_gitem-col-align- vc_custom_1673458393234\">\n\t<div class=\"wpb_single_image wpb_content_element vc_custom_1673506984448 vc_align_\">\n\t\t<figure class=\"wpb_wrapper vc_figure\">\n\t\t\t<div class=\"vc_single_image-wrapper   vc_box_border_grey\"><img loading=\"lazy\" decoding=\"async\" width=\"1080\" height=\"1080\" src=\"https:\/\/brandsoul.pl\/wp-content\/uploads\/2024\/04\/web-brandsoul.png\" class=\"vc_single_image-img attachment-full\" alt=\"\" title=\"web brandsoul\" srcset=\"https:\/\/brandsoul.pl\/wp-content\/uploads\/2024\/04\/web-brandsoul.png 1080w, https:\/\/brandsoul.pl\/wp-content\/uploads\/2024\/04\/web-brandsoul-300x300.png 300w, https:\/\/brandsoul.pl\/wp-content\/uploads\/2024\/04\/web-brandsoul-1024x1024.png 1024w, https:\/\/brandsoul.pl\/wp-content\/uploads\/2024\/04\/web-brandsoul-150x150.png 150w, https:\/\/brandsoul.pl\/wp-content\/uploads\/2024\/04\/web-brandsoul-768x768.png 768w, https:\/\/brandsoul.pl\/wp-content\/uploads\/2024\/04\/web-brandsoul-12x12.png 12w, https:\/\/brandsoul.pl\/wp-content\/uploads\/2024\/04\/web-brandsoul-320x320.png 320w, https:\/\/brandsoul.pl\/wp-content\/uploads\/2024\/04\/web-brandsoul-800x800.png 800w\" sizes=\"auto, (max-width: 1080px) 100vw, 1080px\" \/><\/div>\n\t\t<\/figure>\n\t<\/div>\n<\/div><div class=\"vc_col-sm-6 vc_gitem-col vc_gitem-col-align- vc_custom_1673507116706\"><div class=\"vc_custom_heading vc_gitem-post-data vc_gitem-post-data-source-post_title\" ><h4 style=\"font-size: 20px;line-height: 32px;text-align: left\" >BEZP\u0141ATNY WEBINAR  &#8211; Outsourcing marketingu &#8211; zasady, korzy\u015bci, zagro\u017cenia.<\/h4><\/div><div class=\"vc_empty_space\"   style=\"height: 52px\"><span class=\"vc_empty_space_inner\"><\/span><\/div><div class=\"vc_custom_heading case_exerp vc_gitem-post-data vc_gitem-post-data-source-post_excerpt\" ><div style=\"text-align: left\" ><p>Mi\u0142o nam poinformowa\u0107, \u017ce otrzymali\u015bmy nagrod\u0119 Najlepsi 2020 za znakomite opinie od naszych Klient\u00f3w.<\/p>\n<\/div><\/div><p style=\"font-size: 16px;color: #000000;text-align: left;font-family:Montserrat;font-weight:400;font-style:normal\" class=\"vc_custom_heading tt_button tt_primary_button btn_primary_color hover_solid_secondary post_button\"><a href=\"https:\/\/brandsoul.pl\/en\/o-nas\/newsy\/bezplatny-webinar-outsourcing-marketingu-zasady-korzysci-zagrozenia\/\" class=\"vc_gitem-link\" title=\"BEZP\u0141ATNY WEBINAR  &#8211; Outsourcing marketingu &#8211; zasady, korzy\u015bci, zagro\u017cenia.\">Czytaj wi\u0119cej<\/a><\/p><\/div><\/div><\/div><\/div><\/div><\/div><div class=\"vc_clearfix\"><\/div><\/div><div class=\"vc_grid-item vc_clearfix vc_col-sm-12\"><div class=\"vc_grid-item-mini vc_clearfix\"><div class=\"vc_gitem-animated-block\" ><div class=\"vc_gitem-zone vc_gitem-zone-a vc_custom_1673513484076 my-post-grid vc-gitem-zone-height-mode-auto vc-gitem-zone-height-mode-auto-16-9\"><div class=\"vc_gitem-zone-mini\"><div class=\"vc_gitem_row vc_row vc_gitem-row-position-top\"><div class=\"vc_col-sm-6 vc_gitem-col vc_gitem-col-align- vc_custom_1673458393234\">\n\t<div class=\"wpb_single_image wpb_content_element vc_custom_1673506984448 vc_align_\">\n\t\t<figure class=\"wpb_wrapper vc_figure\">\n\t\t\t<div class=\"vc_single_image-wrapper   vc_box_border_grey\"><img loading=\"lazy\" decoding=\"async\" width=\"1080\" height=\"1080\" src=\"https:\/\/brandsoul.pl\/wp-content\/uploads\/2024\/03\/oferteo-2024.png\" class=\"vc_single_image-img attachment-full\" alt=\"\" title=\"oferteo-2024\" srcset=\"https:\/\/brandsoul.pl\/wp-content\/uploads\/2024\/03\/oferteo-2024.png 1080w, https:\/\/brandsoul.pl\/wp-content\/uploads\/2024\/03\/oferteo-2024-300x300.png 300w, https:\/\/brandsoul.pl\/wp-content\/uploads\/2024\/03\/oferteo-2024-1024x1024.png 1024w, https:\/\/brandsoul.pl\/wp-content\/uploads\/2024\/03\/oferteo-2024-150x150.png 150w, https:\/\/brandsoul.pl\/wp-content\/uploads\/2024\/03\/oferteo-2024-768x768.png 768w, https:\/\/brandsoul.pl\/wp-content\/uploads\/2024\/03\/oferteo-2024-12x12.png 12w, https:\/\/brandsoul.pl\/wp-content\/uploads\/2024\/03\/oferteo-2024-320x320.png 320w, https:\/\/brandsoul.pl\/wp-content\/uploads\/2024\/03\/oferteo-2024-800x800.png 800w\" sizes=\"auto, (max-width: 1080px) 100vw, 1080px\" \/><\/div>\n\t\t<\/figure>\n\t<\/div>\n<\/div><div class=\"vc_col-sm-6 vc_gitem-col vc_gitem-col-align- vc_custom_1673507116706\"><div class=\"vc_custom_heading vc_gitem-post-data vc_gitem-post-data-source-post_title\" ><h4 style=\"font-size: 20px;line-height: 32px;text-align: left\" >Najlepsi OFERTEO 2024<\/h4><\/div><div class=\"vc_empty_space\"   style=\"height: 52px\"><span class=\"vc_empty_space_inner\"><\/span><\/div><div class=\"vc_custom_heading case_exerp vc_gitem-post-data vc_gitem-post-data-source-post_excerpt\" ><div style=\"text-align: left\" ><p>Mi\u0142o nam poinformowa\u0107, \u017ce otrzymali\u015bmy nagrod\u0119 Najlepsi 2020 za znakomite opinie od naszych Klient\u00f3w.<\/p>\n<\/div><\/div><p style=\"font-size: 16px;color: #000000;text-align: left;font-family:Montserrat;font-weight:400;font-style:normal\" class=\"vc_custom_heading tt_button tt_primary_button btn_primary_color hover_solid_secondary post_button\"><a href=\"https:\/\/brandsoul.pl\/en\/o-nas\/newsy\/najlepsi-oferteo-2024\/\" class=\"vc_gitem-link\" title=\"Najlepsi OFERTEO 2024\">Czytaj wi\u0119cej<\/a><\/p><\/div><\/div><\/div><\/div><\/div><\/div><div class=\"vc_clearfix\"><\/div><\/div><div class=\"vc_grid-item vc_clearfix vc_col-sm-12\"><div class=\"vc_grid-item-mini vc_clearfix\"><div class=\"vc_gitem-animated-block\" ><div class=\"vc_gitem-zone vc_gitem-zone-a vc_custom_1673513484076 my-post-grid vc-gitem-zone-height-mode-auto vc-gitem-zone-height-mode-auto-16-9\"><div class=\"vc_gitem-zone-mini\"><div class=\"vc_gitem_row vc_row vc_gitem-row-position-top\"><div class=\"vc_col-sm-6 vc_gitem-col vc_gitem-col-align- vc_custom_1673458393234\">\n\t<div class=\"wpb_single_image wpb_content_element vc_custom_1673506984448 vc_align_\">\n\t\t<figure class=\"wpb_wrapper vc_figure\">\n\t\t\t<div class=\"vc_single_image-wrapper   vc_box_border_grey\"><img loading=\"lazy\" decoding=\"async\" width=\"940\" height=\"788\" src=\"https:\/\/brandsoul.pl\/wp-content\/uploads\/2024\/01\/infografika-na-Facebooka.png\" class=\"vc_single_image-img attachment-full\" alt=\"\" title=\"infografika na Facebooka\" srcset=\"https:\/\/brandsoul.pl\/wp-content\/uploads\/2024\/01\/infografika-na-Facebooka.png 940w, https:\/\/brandsoul.pl\/wp-content\/uploads\/2024\/01\/infografika-na-Facebooka-300x251.png 300w, https:\/\/brandsoul.pl\/wp-content\/uploads\/2024\/01\/infografika-na-Facebooka-768x644.png 768w, https:\/\/brandsoul.pl\/wp-content\/uploads\/2024\/01\/infografika-na-Facebooka-14x12.png 14w, https:\/\/brandsoul.pl\/wp-content\/uploads\/2024\/01\/infografika-na-Facebooka-800x671.png 800w\" sizes=\"auto, (max-width: 940px) 100vw, 940px\" \/><\/div>\n\t\t<\/figure>\n\t<\/div>\n<\/div><div class=\"vc_col-sm-6 vc_gitem-col vc_gitem-col-align- vc_custom_1673507116706\"><div class=\"vc_custom_heading vc_gitem-post-data vc_gitem-post-data-source-post_title\" ><h4 style=\"font-size: 20px;line-height: 32px;text-align: left\" >Podsumowanie roku w liczbach<\/h4><\/div><div class=\"vc_empty_space\"   style=\"height: 52px\"><span class=\"vc_empty_space_inner\"><\/span><\/div><div class=\"vc_custom_heading case_exerp vc_gitem-post-data vc_gitem-post-data-source-post_excerpt\" ><div style=\"text-align: left\" ><p>Mi\u0142o nam poinformowa\u0107, \u017ce otrzymali\u015bmy nagrod\u0119 Najlepsi 2020 za znakomite opinie od naszych Klient\u00f3w.<\/p>\n<\/div><\/div><p style=\"font-size: 16px;color: #000000;text-align: left;font-family:Montserrat;font-weight:400;font-style:normal\" class=\"vc_custom_heading tt_button tt_primary_button btn_primary_color hover_solid_secondary post_button\"><a href=\"https:\/\/brandsoul.pl\/en\/o-nas\/newsy\/podsumowanie-roku-w-liczbach\/\" class=\"vc_gitem-link\" title=\"Podsumowanie roku w liczbach\">Czytaj wi\u0119cej<\/a><\/p><\/div><\/div><\/div><\/div><\/div><\/div><div class=\"vc_clearfix\"><\/div><\/div><div class=\"vc_grid-item vc_clearfix vc_col-sm-12\"><div class=\"vc_grid-item-mini vc_clearfix\"><div class=\"vc_gitem-animated-block\" ><div class=\"vc_gitem-zone vc_gitem-zone-a vc_custom_1673513484076 my-post-grid vc-gitem-zone-height-mode-auto vc-gitem-zone-height-mode-auto-16-9\"><div class=\"vc_gitem-zone-mini\"><div class=\"vc_gitem_row vc_row vc_gitem-row-position-top\"><div class=\"vc_col-sm-6 vc_gitem-col vc_gitem-col-align- vc_custom_1673458393234\">\n\t<div class=\"wpb_single_image wpb_content_element vc_custom_1673506984448 vc_align_\">\n\t\t<figure class=\"wpb_wrapper vc_figure\">\n\t\t\t<div class=\"vc_single_image-wrapper   vc_box_border_grey\"><img loading=\"lazy\" decoding=\"async\" width=\"1080\" height=\"1080\" src=\"https:\/\/brandsoul.pl\/wp-content\/uploads\/2024\/01\/BLOG-BRANDSOULde.png\" class=\"vc_single_image-img attachment-full\" alt=\"\" title=\"BLOG BRANDSOULde\" srcset=\"https:\/\/brandsoul.pl\/wp-content\/uploads\/2024\/01\/BLOG-BRANDSOULde.png 1080w, https:\/\/brandsoul.pl\/wp-content\/uploads\/2024\/01\/BLOG-BRANDSOULde-300x300.png 300w, https:\/\/brandsoul.pl\/wp-content\/uploads\/2024\/01\/BLOG-BRANDSOULde-1024x1024.png 1024w, https:\/\/brandsoul.pl\/wp-content\/uploads\/2024\/01\/BLOG-BRANDSOULde-150x150.png 150w, https:\/\/brandsoul.pl\/wp-content\/uploads\/2024\/01\/BLOG-BRANDSOULde-768x768.png 768w, https:\/\/brandsoul.pl\/wp-content\/uploads\/2024\/01\/BLOG-BRANDSOULde-12x12.png 12w, https:\/\/brandsoul.pl\/wp-content\/uploads\/2024\/01\/BLOG-BRANDSOULde-320x320.png 320w, https:\/\/brandsoul.pl\/wp-content\/uploads\/2024\/01\/BLOG-BRANDSOULde-800x800.png 800w\" sizes=\"auto, (max-width: 1080px) 100vw, 1080px\" \/><\/div>\n\t\t<\/figure>\n\t<\/div>\n<\/div><div class=\"vc_col-sm-6 vc_gitem-col vc_gitem-col-align- vc_custom_1673507116706\"><div class=\"vc_custom_heading vc_gitem-post-data vc_gitem-post-data-source-post_title\" ><h4 style=\"font-size: 20px;line-height: 32px;text-align: left\" >15 najlepszych agencji &#8211; niezale\u017cny ranking<\/h4><\/div><div class=\"vc_empty_space\"   style=\"height: 52px\"><span class=\"vc_empty_space_inner\"><\/span><\/div><div class=\"vc_custom_heading case_exerp vc_gitem-post-data vc_gitem-post-data-source-post_excerpt\" ><div style=\"text-align: left\" ><p>Mi\u0142o nam poinformowa\u0107, \u017ce otrzymali\u015bmy nagrod\u0119 Najlepsi 2020 za znakomite opinie od naszych Klient\u00f3w.<\/p>\n<\/div><\/div><p style=\"font-size: 16px;color: #000000;text-align: left;font-family:Montserrat;font-weight:400;font-style:normal\" class=\"vc_custom_heading tt_button tt_primary_button btn_primary_color hover_solid_secondary post_button\"><a href=\"https:\/\/brandsoul.pl\/en\/o-nas\/newsy\/15-najlepszych-agencji-niezalezny-ranking\/\" class=\"vc_gitem-link\" title=\"15 najlepszych agencji &#8211; niezale\u017cny ranking\">Czytaj wi\u0119cej<\/a><\/p><\/div><\/div><\/div><\/div><\/div><\/div><div class=\"vc_clearfix\"><\/div><\/div><div class=\"vc_grid-item vc_clearfix vc_col-sm-12\"><div class=\"vc_grid-item-mini vc_clearfix\"><div class=\"vc_gitem-animated-block\" ><div class=\"vc_gitem-zone vc_gitem-zone-a vc_custom_1673513484076 my-post-grid vc-gitem-zone-height-mode-auto vc-gitem-zone-height-mode-auto-16-9\"><div class=\"vc_gitem-zone-mini\"><div class=\"vc_gitem_row vc_row vc_gitem-row-position-top\"><div class=\"vc_col-sm-6 vc_gitem-col vc_gitem-col-align- vc_custom_1673458393234\">\n\t<div class=\"wpb_single_image wpb_content_element vc_custom_1673506984448 vc_align_\">\n\t\t<figure class=\"wpb_wrapper vc_figure\">\n\t\t\t<div class=\"vc_single_image-wrapper   vc_box_border_grey\"><img loading=\"lazy\" decoding=\"async\" width=\"1080\" height=\"1080\" src=\"https:\/\/brandsoul.pl\/wp-content\/uploads\/2023\/12\/KALNDARZ-WPIS.png\" class=\"vc_single_image-img attachment-full\" alt=\"\" title=\"KALNDARZ WPIS\" srcset=\"https:\/\/brandsoul.pl\/wp-content\/uploads\/2023\/12\/KALNDARZ-WPIS.png 1080w, https:\/\/brandsoul.pl\/wp-content\/uploads\/2023\/12\/KALNDARZ-WPIS-300x300.png 300w, https:\/\/brandsoul.pl\/wp-content\/uploads\/2023\/12\/KALNDARZ-WPIS-1024x1024.png 1024w, https:\/\/brandsoul.pl\/wp-content\/uploads\/2023\/12\/KALNDARZ-WPIS-150x150.png 150w, https:\/\/brandsoul.pl\/wp-content\/uploads\/2023\/12\/KALNDARZ-WPIS-768x768.png 768w, https:\/\/brandsoul.pl\/wp-content\/uploads\/2023\/12\/KALNDARZ-WPIS-12x12.png 12w, https:\/\/brandsoul.pl\/wp-content\/uploads\/2023\/12\/KALNDARZ-WPIS-320x320.png 320w\" sizes=\"auto, (max-width: 1080px) 100vw, 1080px\" \/><\/div>\n\t\t<\/figure>\n\t<\/div>\n<\/div><div class=\"vc_col-sm-6 vc_gitem-col vc_gitem-col-align- vc_custom_1673507116706\"><div class=\"vc_custom_heading vc_gitem-post-data vc_gitem-post-data-source-post_title\" ><h4 style=\"font-size: 20px;line-height: 32px;text-align: left\" >E-book motywacyjny &#8211; Twoje cele na 2024 rok!<\/h4><\/div><div class=\"vc_empty_space\"   style=\"height: 52px\"><span class=\"vc_empty_space_inner\"><\/span><\/div><div class=\"vc_custom_heading case_exerp vc_gitem-post-data vc_gitem-post-data-source-post_excerpt\" ><div style=\"text-align: left\" ><p>Czasami bardzo chcemy. Czasami bardzo wierzymy, \u017ce si\u0119 uda. Czasami brak nam motywacji i si\u0142&#8230; Sami tak mieli\u015bmy i dlatego postanowili\u015bmy to zmieni\u0107. Opieraj\u0105c si\u0119 na w\u0142asnym do\u015bwiadczeniu opracowali\u015bmy KALENDARZ planowania cel\u00f3w, opieraj\u0105c si\u0119 na 24 dniach &#8211; tak jak kalendarz \u015bwi\u0105teczny (adwentowy). Nasz motywacyjny kalendarz planowania cel\u00f3w pomo\u017ce Ci [&hellip;]<\/p>\n<\/div><\/div><p style=\"font-size: 16px;color: #000000;text-align: left;font-family:Montserrat;font-weight:400;font-style:normal\" class=\"vc_custom_heading tt_button tt_primary_button btn_primary_color hover_solid_secondary post_button\"><a href=\"https:\/\/brandsoul.pl\/en\/o-nas\/newsy\/e-book-motywacyjny-twoje-cele-na-2024-rok\/\" class=\"vc_gitem-link\" title=\"E-book motywacyjny &#8211; Twoje cele na 2024 rok!\">Czytaj wi\u0119cej<\/a><\/p><\/div><\/div><\/div><\/div><\/div><\/div><div class=\"vc_clearfix\"><\/div><\/div><div class=\"vc_grid-item vc_clearfix vc_col-sm-12\"><div class=\"vc_grid-item-mini vc_clearfix\"><div class=\"vc_gitem-animated-block\" ><div class=\"vc_gitem-zone vc_gitem-zone-a vc_custom_1673513484076 my-post-grid vc-gitem-zone-height-mode-auto vc-gitem-zone-height-mode-auto-16-9\"><div class=\"vc_gitem-zone-mini\"><div class=\"vc_gitem_row vc_row vc_gitem-row-position-top\"><div class=\"vc_col-sm-6 vc_gitem-col vc_gitem-col-align- vc_custom_1673458393234\">\n\t<div class=\"wpb_single_image wpb_content_element vc_custom_1673506984448 vc_align_\">\n\t\t<figure class=\"wpb_wrapper vc_figure\">\n\t\t\t<div class=\"vc_single_image-wrapper   vc_box_border_grey\"><img loading=\"lazy\" decoding=\"async\" width=\"1701\" height=\"1020\" src=\"https:\/\/brandsoul.pl\/wp-content\/uploads\/2023\/12\/Logo-Gepard-Biznesu-STATUETKA-2022-200x120-1.png\" class=\"vc_single_image-img attachment-full\" alt=\"\" title=\"Logo-Gepard-Biznesu-STATUETKA-2022-200x120\" srcset=\"https:\/\/brandsoul.pl\/wp-content\/uploads\/2023\/12\/Logo-Gepard-Biznesu-STATUETKA-2022-200x120-1.png 1701w, https:\/\/brandsoul.pl\/wp-content\/uploads\/2023\/12\/Logo-Gepard-Biznesu-STATUETKA-2022-200x120-1-300x180.png 300w, https:\/\/brandsoul.pl\/wp-content\/uploads\/2023\/12\/Logo-Gepard-Biznesu-STATUETKA-2022-200x120-1-1024x614.png 1024w, https:\/\/brandsoul.pl\/wp-content\/uploads\/2023\/12\/Logo-Gepard-Biznesu-STATUETKA-2022-200x120-1-768x461.png 768w, https:\/\/brandsoul.pl\/wp-content\/uploads\/2023\/12\/Logo-Gepard-Biznesu-STATUETKA-2022-200x120-1-1536x921.png 1536w, https:\/\/brandsoul.pl\/wp-content\/uploads\/2023\/12\/Logo-Gepard-Biznesu-STATUETKA-2022-200x120-1-18x12.png 18w\" sizes=\"auto, (max-width: 1701px) 100vw, 1701px\" \/><\/div>\n\t\t<\/figure>\n\t<\/div>\n<\/div><div class=\"vc_col-sm-6 vc_gitem-col vc_gitem-col-align- vc_custom_1673507116706\"><div class=\"vc_custom_heading vc_gitem-post-data vc_gitem-post-data-source-post_title\" ><h4 style=\"font-size: 20px;line-height: 32px;text-align: left\" >Studio Marki Brandsoul Sp. z o.o. zdobywa tytu\u0142: Gepardy Biznesu 2022, Mocne firmy Godne Zaufania 2022, Efektywne firmy 2022<\/h4><\/div><div class=\"vc_empty_space\"   style=\"height: 52px\"><span class=\"vc_empty_space_inner\"><\/span><\/div><div class=\"vc_custom_heading case_exerp vc_gitem-post-data vc_gitem-post-data-source-post_excerpt\" ><div style=\"text-align: left\" ><p>Mi\u0142o nam poinformowa\u0107, \u017ce otrzymali\u015bmy nagrod\u0119 Najlepsi 2020 za znakomite opinie od naszych Klient\u00f3w.<\/p>\n<\/div><\/div><p style=\"font-size: 16px;color: #000000;text-align: left;font-family:Montserrat;font-weight:400;font-style:normal\" class=\"vc_custom_heading tt_button tt_primary_button btn_primary_color hover_solid_secondary post_button\"><a href=\"https:\/\/brandsoul.pl\/en\/o-nas\/newsy\/studio-marki-brandsoul-sp-z-o-o-zdobywa-tytul-gepardy-biznesu-2022-mocne-firmy-godne-zaufania-2022-efektywne-firmy-2022\/\" class=\"vc_gitem-link\" title=\"Studio Marki Brandsoul Sp. z o.o. zdobywa tytu\u0142: Gepardy Biznesu 2022, Mocne firmy Godne Zaufania 2022, Efektywne firmy 2022\">Czytaj wi\u0119cej<\/a><\/p><\/div><\/div><\/div><\/div><\/div><\/div><div class=\"vc_clearfix\"><\/div><\/div><div class=\"vc_grid-item vc_clearfix vc_col-sm-12\"><div class=\"vc_grid-item-mini vc_clearfix\"><div class=\"vc_gitem-animated-block\" ><div class=\"vc_gitem-zone vc_gitem-zone-a vc_custom_1673513484076 my-post-grid vc-gitem-zone-height-mode-auto vc-gitem-zone-height-mode-auto-16-9\"><div class=\"vc_gitem-zone-mini\"><div class=\"vc_gitem_row vc_row vc_gitem-row-position-top\"><div class=\"vc_col-sm-6 vc_gitem-col vc_gitem-col-align- vc_custom_1673458393234\">\n\t<div class=\"wpb_single_image wpb_content_element vc_custom_1673506984448 vc_align_\">\n\t\t<figure class=\"wpb_wrapper vc_figure\">\n\t\t\t<div class=\"vc_single_image-wrapper   vc_box_border_grey\"><img loading=\"lazy\" decoding=\"async\" width=\"1000\" height=\"1000\" src=\"https:\/\/brandsoul.pl\/wp-content\/uploads\/2023\/12\/badge-2023-1000x1000-raw.png\" class=\"vc_single_image-img attachment-full\" alt=\"\" title=\"badge-2023-1000x1000-raw\" srcset=\"https:\/\/brandsoul.pl\/wp-content\/uploads\/2023\/12\/badge-2023-1000x1000-raw.png 1000w, https:\/\/brandsoul.pl\/wp-content\/uploads\/2023\/12\/badge-2023-1000x1000-raw-300x300.png 300w, https:\/\/brandsoul.pl\/wp-content\/uploads\/2023\/12\/badge-2023-1000x1000-raw-150x150.png 150w, https:\/\/brandsoul.pl\/wp-content\/uploads\/2023\/12\/badge-2023-1000x1000-raw-768x768.png 768w, https:\/\/brandsoul.pl\/wp-content\/uploads\/2023\/12\/badge-2023-1000x1000-raw-12x12.png 12w, https:\/\/brandsoul.pl\/wp-content\/uploads\/2023\/12\/badge-2023-1000x1000-raw-320x320.png 320w\" sizes=\"auto, (max-width: 1000px) 100vw, 1000px\" \/><\/div>\n\t\t<\/figure>\n\t<\/div>\n<\/div><div class=\"vc_col-sm-6 vc_gitem-col vc_gitem-col-align- vc_custom_1673507116706\"><div class=\"vc_custom_heading vc_gitem-post-data vc_gitem-post-data-source-post_title\" ><h4 style=\"font-size: 20px;line-height: 32px;text-align: left\" >Studio Marki Brandsoul Sp. z o.o. zdobywa tytu\u0142 Najlepsi 2023 w\u015br\u00f3d Agencji Marketingowych<\/h4><\/div><div class=\"vc_empty_space\"   style=\"height: 52px\"><span class=\"vc_empty_space_inner\"><\/span><\/div><div class=\"vc_custom_heading case_exerp vc_gitem-post-data vc_gitem-post-data-source-post_excerpt\" ><div style=\"text-align: left\" ><p>Mi\u0142o nam poinformowa\u0107, \u017ce otrzymali\u015bmy nagrod\u0119 Najlepsi 2020 za znakomite opinie od naszych Klient\u00f3w.<\/p>\n<\/div><\/div><p style=\"font-size: 16px;color: #000000;text-align: left;font-family:Montserrat;font-weight:400;font-style:normal\" class=\"vc_custom_heading tt_button tt_primary_button btn_primary_color hover_solid_secondary post_button\"><a href=\"https:\/\/brandsoul.pl\/en\/o-nas\/newsy\/studio-marki-brandsoul-sp-z-o-o-zdobywa-tytul-najlepsi-2023-wsrod-agencji-marketingowych\/\" class=\"vc_gitem-link\" title=\"Studio Marki Brandsoul Sp. z o.o. zdobywa tytu\u0142 Najlepsi 2023 w\u015br\u00f3d Agencji Marketingowych\">Czytaj wi\u0119cej<\/a><\/p><\/div><\/div><\/div><\/div><\/div><\/div><div class=\"vc_clearfix\"><\/div><\/div><div class=\"vc_grid-item vc_clearfix vc_col-sm-12\"><div class=\"vc_grid-item-mini vc_clearfix\"><div class=\"vc_gitem-animated-block\" ><div class=\"vc_gitem-zone vc_gitem-zone-a vc_custom_1673513484076 my-post-grid vc-gitem-zone-height-mode-auto vc-gitem-zone-height-mode-auto-16-9\"><div class=\"vc_gitem-zone-mini\"><div class=\"vc_gitem_row vc_row vc_gitem-row-position-top\"><div class=\"vc_col-sm-6 vc_gitem-col vc_gitem-col-align- vc_custom_1673458393234\">\n\t<div class=\"wpb_single_image wpb_content_element vc_custom_1673506984448 vc_align_\">\n\t\t<figure class=\"wpb_wrapper vc_figure\">\n\t\t\t<div class=\"vc_single_image-wrapper   vc_box_border_grey\"><img loading=\"lazy\" decoding=\"async\" width=\"1080\" height=\"1080\" src=\"https:\/\/brandsoul.pl\/wp-content\/uploads\/2023\/10\/1.png\" class=\"vc_single_image-img attachment-full\" alt=\"\" title=\"1\" srcset=\"https:\/\/brandsoul.pl\/wp-content\/uploads\/2023\/10\/1.png 1080w, https:\/\/brandsoul.pl\/wp-content\/uploads\/2023\/10\/1-300x300.png 300w, https:\/\/brandsoul.pl\/wp-content\/uploads\/2023\/10\/1-1024x1024.png 1024w, https:\/\/brandsoul.pl\/wp-content\/uploads\/2023\/10\/1-150x150.png 150w, https:\/\/brandsoul.pl\/wp-content\/uploads\/2023\/10\/1-768x768.png 768w, https:\/\/brandsoul.pl\/wp-content\/uploads\/2023\/10\/1-12x12.png 12w, https:\/\/brandsoul.pl\/wp-content\/uploads\/2023\/10\/1-320x320.png 320w\" sizes=\"auto, (max-width: 1080px) 100vw, 1080px\" \/><\/div>\n\t\t<\/figure>\n\t<\/div>\n<\/div><div class=\"vc_col-sm-6 vc_gitem-col vc_gitem-col-align- vc_custom_1673507116706\"><div class=\"vc_custom_heading vc_gitem-post-data vc_gitem-post-data-source-post_title\" ><h4 style=\"font-size: 20px;line-height: 32px;text-align: left\" >Agnieszka \u015aliwka-Stachowiak opowiada o tym, jak outsourcing marketingowy pomaga na nowo odkry\u0107 potencja\u0142 firmy<\/h4><\/div><div class=\"vc_empty_space\"   style=\"height: 52px\"><span class=\"vc_empty_space_inner\"><\/span><\/div><div class=\"vc_custom_heading case_exerp vc_gitem-post-data vc_gitem-post-data-source-post_excerpt\" ><div style=\"text-align: left\" ><p>Zapraszamy do zaznajomienia si\u0119 z wywiadem udzielonym przez Agnieszk\u0119 \u015aliwk\u0119-Stachowiak, stratega, doradc\u0119 marketingowego i prezesa zarz\u0105du agencji Studio marki BRANDSOUL. W rol\u0119 redaktorki wcieli\u0142a si\u0119 Ilona Adamska, tw\u00f3rczyni bloga Szczypta luksusu. Z rozmowy dowiesz si\u0119: dlaczego warto zleci\u0107 profesjonalistom opracowanie strategii marketingowej, koncepcj\u0119 i rozpoznanie grupy docelowej, dlaczego opracowanie strategii [&hellip;]<\/p>\n<\/div><\/div><p style=\"font-size: 16px;color: #000000;text-align: left;font-family:Montserrat;font-weight:400;font-style:normal\" class=\"vc_custom_heading tt_button tt_primary_button btn_primary_color hover_solid_secondary post_button\"><a href=\"https:\/\/brandsoul.pl\/en\/o-nas\/newsy\/agnieszka-sliwka-stachowiak-opowiada-o-tym-jak-outsourcing-marketingowy-pomaga-na-nowo-odkryc-potencjal-firmy\/\" class=\"vc_gitem-link\" title=\"Agnieszka \u015aliwka-Stachowiak opowiada o tym, jak outsourcing marketingowy pomaga na nowo odkry\u0107 potencja\u0142 firmy\">Czytaj wi\u0119cej<\/a><\/p><\/div><\/div><\/div><\/div><\/div><\/div><div class=\"vc_clearfix\"><\/div><\/div><div class=\"vc_grid-item vc_clearfix vc_col-sm-12\"><div class=\"vc_grid-item-mini vc_clearfix\"><div class=\"vc_gitem-animated-block\" ><div class=\"vc_gitem-zone vc_gitem-zone-a vc_custom_1673513484076 my-post-grid vc-gitem-zone-height-mode-auto vc-gitem-zone-height-mode-auto-16-9\"><div class=\"vc_gitem-zone-mini\"><div class=\"vc_gitem_row vc_row vc_gitem-row-position-top\"><div class=\"vc_col-sm-6 vc_gitem-col vc_gitem-col-align- vc_custom_1673458393234\">\n\t<div class=\"wpb_single_image wpb_content_element vc_custom_1673506984448 vc_align_\">\n\t\t<figure class=\"wpb_wrapper vc_figure\">\n\t\t\t<div class=\"vc_single_image-wrapper   vc_box_border_grey\"><img loading=\"lazy\" decoding=\"async\" width=\"1080\" height=\"1080\" src=\"https:\/\/brandsoul.pl\/wp-content\/uploads\/2023\/10\/2.png\" class=\"vc_single_image-img attachment-full\" alt=\"\" title=\"2\" srcset=\"https:\/\/brandsoul.pl\/wp-content\/uploads\/2023\/10\/2.png 1080w, https:\/\/brandsoul.pl\/wp-content\/uploads\/2023\/10\/2-300x300.png 300w, https:\/\/brandsoul.pl\/wp-content\/uploads\/2023\/10\/2-1024x1024.png 1024w, https:\/\/brandsoul.pl\/wp-content\/uploads\/2023\/10\/2-150x150.png 150w, https:\/\/brandsoul.pl\/wp-content\/uploads\/2023\/10\/2-768x768.png 768w, https:\/\/brandsoul.pl\/wp-content\/uploads\/2023\/10\/2-12x12.png 12w, https:\/\/brandsoul.pl\/wp-content\/uploads\/2023\/10\/2-320x320.png 320w\" sizes=\"auto, (max-width: 1080px) 100vw, 1080px\" \/><\/div>\n\t\t<\/figure>\n\t<\/div>\n<\/div><div class=\"vc_col-sm-6 vc_gitem-col vc_gitem-col-align- vc_custom_1673507116706\"><div class=\"vc_custom_heading vc_gitem-post-data vc_gitem-post-data-source-post_title\" ><h4 style=\"font-size: 20px;line-height: 32px;text-align: left\" >Wywiad z Agnieszk\u0105 \u015aliwk\u0105-Stachowiak, Prezesem Zarz\u0105du w firmie Studio Marki BRANDSOUL<\/h4><\/div><div class=\"vc_empty_space\"   style=\"height: 52px\"><span class=\"vc_empty_space_inner\"><\/span><\/div><div class=\"vc_custom_heading case_exerp vc_gitem-post-data vc_gitem-post-data-source-post_excerpt\" ><div style=\"text-align: left\" ><p>Zapraszamy do przeczytania transkrypcji wywiadu udzielonego przez Agnieszk\u0119 \u015aliwk\u0119-Stachowiak, doradc\u0119 marketingowego, certyfikowanego trenera biznesu i w\u0142a\u015bcicielk\u0119 agencji Studio marki BRANDSOUL, dla magazynu ludzi sukcesu (Law Business Quality). Z rozmowy dowiesz si\u0119: jak zarz\u0105dza\u0107 firm\u0105 w czasach kryzysu, jak budowa\u0107 trwa\u0142e relacje z klientami, w jaki spos\u00f3b dociera\u0107 do nowych odbiorc\u00f3w, [&hellip;]<\/p>\n<\/div><\/div><p style=\"font-size: 16px;color: #000000;text-align: left;font-family:Montserrat;font-weight:400;font-style:normal\" class=\"vc_custom_heading tt_button tt_primary_button btn_primary_color hover_solid_secondary post_button\"><a href=\"https:\/\/brandsoul.pl\/en\/o-nas\/newsy\/wywiad-z-agnieszka-sliwka-stachowiak-prezesem-zarzadu-w-firmie-studio-marki-brandsoul\/\" class=\"vc_gitem-link\" title=\"Wywiad z Agnieszk\u0105 \u015aliwk\u0105-Stachowiak, Prezesem Zarz\u0105du w firmie Studio Marki BRANDSOUL\">Czytaj wi\u0119cej<\/a><\/p><\/div><\/div><\/div><\/div><\/div><\/div><div class=\"vc_clearfix\"><\/div><\/div><div class=\"vc_grid-item vc_clearfix vc_col-sm-12\"><div class=\"vc_grid-item-mini vc_clearfix\"><div class=\"vc_gitem-animated-block\" ><div class=\"vc_gitem-zone vc_gitem-zone-a vc_custom_1673513484076 my-post-grid vc-gitem-zone-height-mode-auto vc-gitem-zone-height-mode-auto-16-9\"><div class=\"vc_gitem-zone-mini\"><div class=\"vc_gitem_row vc_row vc_gitem-row-position-top\"><div class=\"vc_col-sm-6 vc_gitem-col vc_gitem-col-align- vc_custom_1673458393234\">\n\t<div class=\"wpb_single_image wpb_content_element vc_custom_1673506984448 vc_align_\">\n\t\t<figure class=\"wpb_wrapper vc_figure\">\n\t\t\t<div class=\"vc_single_image-wrapper   vc_box_border_grey\"><img loading=\"lazy\" decoding=\"async\" width=\"1080\" height=\"1080\" src=\"https:\/\/brandsoul.pl\/wp-content\/uploads\/2022\/06\/290584306_2345918428896184_6908673371706704744_n.png\" class=\"vc_single_image-img attachment-full\" alt=\"\" title=\"290584306_2345918428896184_6908673371706704744_n\" srcset=\"https:\/\/brandsoul.pl\/wp-content\/uploads\/2022\/06\/290584306_2345918428896184_6908673371706704744_n.png 1080w, https:\/\/brandsoul.pl\/wp-content\/uploads\/2022\/06\/290584306_2345918428896184_6908673371706704744_n-300x300.png 300w, https:\/\/brandsoul.pl\/wp-content\/uploads\/2022\/06\/290584306_2345918428896184_6908673371706704744_n-1024x1024.png 1024w, https:\/\/brandsoul.pl\/wp-content\/uploads\/2022\/06\/290584306_2345918428896184_6908673371706704744_n-150x150.png 150w, https:\/\/brandsoul.pl\/wp-content\/uploads\/2022\/06\/290584306_2345918428896184_6908673371706704744_n-768x768.png 768w, https:\/\/brandsoul.pl\/wp-content\/uploads\/2022\/06\/290584306_2345918428896184_6908673371706704744_n-600x600.png 600w\" sizes=\"auto, (max-width: 1080px) 100vw, 1080px\" \/><\/div>\n\t\t<\/figure>\n\t<\/div>\n<\/div><div class=\"vc_col-sm-6 vc_gitem-col vc_gitem-col-align- vc_custom_1673507116706\"><div class=\"vc_custom_heading vc_gitem-post-data vc_gitem-post-data-source-post_title\" ><h4 style=\"font-size: 20px;line-height: 32px;text-align: left\" >Studio Marki Brandsoul Sp. z o.o. zdobywa tytu\u0142 Najlepsi 2022 w\u015br\u00f3d Agencji Marketingowych<\/h4><\/div><div class=\"vc_empty_space\"   style=\"height: 52px\"><span class=\"vc_empty_space_inner\"><\/span><\/div><div class=\"vc_custom_heading case_exerp vc_gitem-post-data vc_gitem-post-data-source-post_excerpt\" ><div style=\"text-align: left\" ><p>Mi\u0142o nam poinformowa\u0107, \u017ce otrzymali\u015bmy nagrod\u0119 Najlepsi 2020 za znakomite opinie od naszych Klient\u00f3w.<\/p>\n<\/div><\/div><p style=\"font-size: 16px;color: #000000;text-align: left;font-family:Montserrat;font-weight:400;font-style:normal\" class=\"vc_custom_heading tt_button tt_primary_button btn_primary_color hover_solid_secondary post_button\"><a href=\"https:\/\/brandsoul.pl\/en\/o-nas\/newsy\/studio-marki-brandsoul-sp-zo-o-zdobywa-tytul-najlepsi-2022-wsrod-agencji-marketingowych\/\" class=\"vc_gitem-link\" title=\"Studio Marki Brandsoul Sp. z o.o. zdobywa tytu\u0142 Najlepsi 2022 w\u015br\u00f3d Agencji Marketingowych\">Czytaj wi\u0119cej<\/a><\/p><\/div><\/div><\/div><\/div><\/div><\/div><div class=\"vc_clearfix\"><\/div><\/div><div class=\"vc_grid-item vc_clearfix vc_col-sm-12\"><div class=\"vc_grid-item-mini vc_clearfix\"><div class=\"vc_gitem-animated-block\" ><div class=\"vc_gitem-zone vc_gitem-zone-a vc_custom_1673513484076 my-post-grid vc-gitem-zone-height-mode-auto vc-gitem-zone-height-mode-auto-16-9\"><div class=\"vc_gitem-zone-mini\"><div class=\"vc_gitem_row vc_row vc_gitem-row-position-top\"><div class=\"vc_col-sm-6 vc_gitem-col vc_gitem-col-align- vc_custom_1673458393234\">\n\t<div class=\"wpb_single_image wpb_content_element vc_custom_1673506984448 vc_align_\">\n\t\t<figure class=\"wpb_wrapper vc_figure\">\n\t\t\t<div class=\"vc_single_image-wrapper   vc_box_border_grey\"><img loading=\"lazy\" decoding=\"async\" width=\"1080\" height=\"1080\" src=\"https:\/\/brandsoul.pl\/wp-content\/uploads\/2022\/06\/WEBINAR-POST-2.png\" class=\"vc_single_image-img attachment-full\" alt=\"\" title=\"WEBINAR - POST 2\" srcset=\"https:\/\/brandsoul.pl\/wp-content\/uploads\/2022\/06\/WEBINAR-POST-2.png 1080w, https:\/\/brandsoul.pl\/wp-content\/uploads\/2022\/06\/WEBINAR-POST-2-300x300.png 300w, https:\/\/brandsoul.pl\/wp-content\/uploads\/2022\/06\/WEBINAR-POST-2-1024x1024.png 1024w, https:\/\/brandsoul.pl\/wp-content\/uploads\/2022\/06\/WEBINAR-POST-2-150x150.png 150w, https:\/\/brandsoul.pl\/wp-content\/uploads\/2022\/06\/WEBINAR-POST-2-768x768.png 768w, https:\/\/brandsoul.pl\/wp-content\/uploads\/2022\/06\/WEBINAR-POST-2-600x600.png 600w\" sizes=\"auto, (max-width: 1080px) 100vw, 1080px\" \/><\/div>\n\t\t<\/figure>\n\t<\/div>\n<\/div><div class=\"vc_col-sm-6 vc_gitem-col vc_gitem-col-align- vc_custom_1673507116706\"><div class=\"vc_custom_heading vc_gitem-post-data vc_gitem-post-data-source-post_title\" ><h4 style=\"font-size: 20px;line-height: 32px;text-align: left\" >Linkedin &#8211; podstawy w praktyce<\/h4><\/div><div class=\"vc_empty_space\"   style=\"height: 52px\"><span class=\"vc_empty_space_inner\"><\/span><\/div><div class=\"vc_custom_heading case_exerp vc_gitem-post-data vc_gitem-post-data-source-post_excerpt\" ><div style=\"text-align: left\" ><p>Dzia\u0142ania na platformie jak\u0105 jest Linkedin mog\u0105 przynie\u015b\u0107 zaskakuj\u0105ce efekty! To Tw\u00f3j moment na rozw\u00f3j! Do\u0142\u0105cz do DARMOWEGO WEBINARU i dowiedz si\u0119 jak korzysta\u0107 z tego medium spo\u0142eczno\u015bciowego! Na tym webinarze poznasz podstawy pracy z Linkedin. \ud83d\ude42 Potrzebn\u0105 wiedz\u0119 przeka\u017ce Ci za\u0142o\u017cycielka STUDIO MARKI BRANDSOUL \u2013 Agnieszka \u015aliwka! Widzimy si\u0119 [&hellip;]<\/p>\n<\/div><\/div><p style=\"font-size: 16px;color: #000000;text-align: left;font-family:Montserrat;font-weight:400;font-style:normal\" class=\"vc_custom_heading tt_button tt_primary_button btn_primary_color hover_solid_secondary post_button\"><a href=\"https:\/\/brandsoul.pl\/en\/o-nas\/newsy\/linkedin-podstawy-w-praktyce\/\" class=\"vc_gitem-link\" title=\"Linkedin &#8211; podstawy w praktyce\">Czytaj wi\u0119cej<\/a><\/p><\/div><\/div><\/div><\/div><\/div><\/div><div class=\"vc_clearfix\"><\/div><\/div><div class=\"vc_grid-item vc_clearfix vc_col-sm-12\"><div class=\"vc_grid-item-mini vc_clearfix\"><div class=\"vc_gitem-animated-block\" ><div class=\"vc_gitem-zone vc_gitem-zone-a vc_custom_1673513484076 my-post-grid vc-gitem-zone-height-mode-auto vc-gitem-zone-height-mode-auto-16-9\"><div class=\"vc_gitem-zone-mini\"><div class=\"vc_gitem_row vc_row vc_gitem-row-position-top\"><div class=\"vc_col-sm-6 vc_gitem-col vc_gitem-col-align- vc_custom_1673458393234\">\n\t<div class=\"wpb_single_image wpb_content_element vc_custom_1673506984448 vc_align_\">\n\t\t<figure class=\"wpb_wrapper vc_figure\">\n\t\t\t<div class=\"vc_single_image-wrapper   vc_box_border_grey\"><img loading=\"lazy\" decoding=\"async\" width=\"1080\" height=\"1080\" src=\"https:\/\/brandsoul.pl\/wp-content\/uploads\/2022\/05\/PROPOZYCJA-2-2.png\" class=\"vc_single_image-img attachment-full\" alt=\"\" title=\"PROPOZYCJA 2-2\" srcset=\"https:\/\/brandsoul.pl\/wp-content\/uploads\/2022\/05\/PROPOZYCJA-2-2.png 1080w, https:\/\/brandsoul.pl\/wp-content\/uploads\/2022\/05\/PROPOZYCJA-2-2-300x300.png 300w, https:\/\/brandsoul.pl\/wp-content\/uploads\/2022\/05\/PROPOZYCJA-2-2-1024x1024.png 1024w, https:\/\/brandsoul.pl\/wp-content\/uploads\/2022\/05\/PROPOZYCJA-2-2-150x150.png 150w, https:\/\/brandsoul.pl\/wp-content\/uploads\/2022\/05\/PROPOZYCJA-2-2-768x768.png 768w, https:\/\/brandsoul.pl\/wp-content\/uploads\/2022\/05\/PROPOZYCJA-2-2-600x600.png 600w\" sizes=\"auto, (max-width: 1080px) 100vw, 1080px\" \/><\/div>\n\t\t<\/figure>\n\t<\/div>\n<\/div><div class=\"vc_col-sm-6 vc_gitem-col vc_gitem-col-align- vc_custom_1673507116706\"><div class=\"vc_custom_heading vc_gitem-post-data vc_gitem-post-data-source-post_title\" ><h4 style=\"font-size: 20px;line-height: 32px;text-align: left\" >Biuro Prasowe BRANDSOUL!<\/h4><\/div><div class=\"vc_empty_space\"   style=\"height: 52px\"><span class=\"vc_empty_space_inner\"><\/span><\/div><div class=\"vc_custom_heading case_exerp vc_gitem-post-data vc_gitem-post-data-source-post_excerpt\" ><div style=\"text-align: left\" ><p>Mamy dla Was \u015bwietn\u0105 wiadomo\u015b\u0107! W\u0142a\u015bnie ruszy\u0142o Biuro Prasowe Studio Marki Brandsoul! Znajdziecie w nim\u00a0atrakcyjne informacje prasowe o markach z sektora M\u015aP! Wejd\u017a na stron\u0119, znajd\u017a najbardziej interesuj\u0105ce dla siebie notki prasowe i publikuj! Gotowe teksty, kt\u00f3re mo\u017cesz przenie\u015b\u0107 prosto na sw\u00f3j portal! Sprawd\u017a sam! http:\/\/brandsoul.biuroprasowe.pl<\/p>\n<\/div><\/div><p style=\"font-size: 16px;color: #000000;text-align: left;font-family:Montserrat;font-weight:400;font-style:normal\" class=\"vc_custom_heading tt_button tt_primary_button btn_primary_color hover_solid_secondary post_button\"><a href=\"https:\/\/brandsoul.pl\/en\/o-nas\/newsy\/biuro-prasowe-brandsoul\/\" class=\"vc_gitem-link\" title=\"Biuro Prasowe BRANDSOUL!\">Czytaj wi\u0119cej<\/a><\/p><\/div><\/div><\/div><\/div><\/div><\/div><div class=\"vc_clearfix\"><\/div><\/div><div class=\"vc_grid-item vc_clearfix vc_col-sm-12\"><div class=\"vc_grid-item-mini vc_clearfix\"><div class=\"vc_gitem-animated-block\" ><div class=\"vc_gitem-zone vc_gitem-zone-a vc_custom_1673513484076 my-post-grid vc-gitem-zone-height-mode-auto vc-gitem-zone-height-mode-auto-16-9\"><div class=\"vc_gitem-zone-mini\"><div class=\"vc_gitem_row vc_row vc_gitem-row-position-top\"><div class=\"vc_col-sm-6 vc_gitem-col vc_gitem-col-align- vc_custom_1673458393234\">\n\t<div class=\"wpb_single_image wpb_content_element vc_custom_1673506984448 vc_align_\">\n\t\t<figure class=\"wpb_wrapper vc_figure\">\n\t\t\t<div class=\"vc_single_image-wrapper   vc_box_border_grey\"><img loading=\"lazy\" decoding=\"async\" width=\"1400\" height=\"1200\" src=\"https:\/\/brandsoul.pl\/wp-content\/uploads\/2022\/05\/Projekt-bez-tytulu-3-1.png\" class=\"vc_single_image-img attachment-full\" alt=\"\" title=\"Projekt bez tytu\u0142u-3\" srcset=\"https:\/\/brandsoul.pl\/wp-content\/uploads\/2022\/05\/Projekt-bez-tytulu-3-1.png 1400w, https:\/\/brandsoul.pl\/wp-content\/uploads\/2022\/05\/Projekt-bez-tytulu-3-1-300x257.png 300w, https:\/\/brandsoul.pl\/wp-content\/uploads\/2022\/05\/Projekt-bez-tytulu-3-1-1024x878.png 1024w, https:\/\/brandsoul.pl\/wp-content\/uploads\/2022\/05\/Projekt-bez-tytulu-3-1-768x658.png 768w\" sizes=\"auto, (max-width: 1400px) 100vw, 1400px\" \/><\/div>\n\t\t<\/figure>\n\t<\/div>\n<\/div><div class=\"vc_col-sm-6 vc_gitem-col vc_gitem-col-align- vc_custom_1673507116706\"><div class=\"vc_custom_heading vc_gitem-post-data vc_gitem-post-data-source-post_title\" ><h4 style=\"font-size: 20px;line-height: 32px;text-align: left\" >Pierwsza polska ksi\u0105\u017cka detailingowa!<\/h4><\/div><div class=\"vc_empty_space\"   style=\"height: 52px\"><span class=\"vc_empty_space_inner\"><\/span><\/div><div class=\"vc_custom_heading case_exerp vc_gitem-post-data vc_gitem-post-data-source-post_excerpt\" ><div style=\"text-align: left\" ><p>Nasz klient, Sebastian Koco\u0142, stworzy\u0142 pierwsz\u0105 na polskim rynku ksi\u0105\u017ck\u0119 dotycz\u0105c\u0105 piel\u0119gnacji tapicerek sk\u00f3rzanych! Zdob\u0105d\u017a ekskluzywn\u0105 wiedz\u0119, kt\u00f3ra do tej pory przekazywana by\u0142a na zamkni\u0119tych szkoleniach!<\/p>\n<\/div><\/div><p style=\"font-size: 16px;color: #000000;text-align: left;font-family:Montserrat;font-weight:400;font-style:normal\" class=\"vc_custom_heading tt_button tt_primary_button btn_primary_color hover_solid_secondary post_button\"><a href=\"https:\/\/brandsoul.pl\/en\/o-nas\/newsy\/pierwsza-polska-ksiazka-detailingowa\/\" class=\"vc_gitem-link\" title=\"Pierwsza polska ksi\u0105\u017cka detailingowa!\">Czytaj wi\u0119cej<\/a><\/p><\/div><\/div><\/div><\/div><\/div><\/div><div class=\"vc_clearfix\"><\/div><\/div><div class=\"vc_grid-item vc_clearfix vc_col-sm-12\"><div class=\"vc_grid-item-mini vc_clearfix\"><div class=\"vc_gitem-animated-block\" ><div class=\"vc_gitem-zone vc_gitem-zone-a vc_custom_1673513484076 my-post-grid vc-gitem-zone-height-mode-auto vc-gitem-zone-height-mode-auto-16-9\"><div class=\"vc_gitem-zone-mini\"><div class=\"vc_gitem_row vc_row vc_gitem-row-position-top\"><div class=\"vc_col-sm-6 vc_gitem-col vc_gitem-col-align- vc_custom_1673458393234\">\n\t<div class=\"wpb_single_image wpb_content_element vc_custom_1673506984448 vc_align_\">\n\t\t<figure class=\"wpb_wrapper vc_figure\">\n\t\t\t<div class=\"vc_single_image-wrapper   vc_box_border_grey\"><img loading=\"lazy\" decoding=\"async\" width=\"480\" height=\"480\" src=\"https:\/\/brandsoul.pl\/wp-content\/uploads\/2022\/02\/1201805237978425.KXL3K9oOK3JCC0YqWSMy_height640.png\" class=\"vc_single_image-img attachment-full\" alt=\"\" title=\"1201805237978425.KXL3K9oOK3JCC0YqWSMy_height640\" srcset=\"https:\/\/brandsoul.pl\/wp-content\/uploads\/2022\/02\/1201805237978425.KXL3K9oOK3JCC0YqWSMy_height640.png 480w, https:\/\/brandsoul.pl\/wp-content\/uploads\/2022\/02\/1201805237978425.KXL3K9oOK3JCC0YqWSMy_height640-300x300.png 300w, https:\/\/brandsoul.pl\/wp-content\/uploads\/2022\/02\/1201805237978425.KXL3K9oOK3JCC0YqWSMy_height640-150x150.png 150w\" sizes=\"auto, (max-width: 480px) 100vw, 480px\" \/><\/div>\n\t\t<\/figure>\n\t<\/div>\n<\/div><div class=\"vc_col-sm-6 vc_gitem-col vc_gitem-col-align- vc_custom_1673507116706\"><div class=\"vc_custom_heading vc_gitem-post-data vc_gitem-post-data-source-post_title\" ><h4 style=\"font-size: 20px;line-height: 32px;text-align: left\" >Trendy marketingowe na 2022 rok!<\/h4><\/div><div class=\"vc_empty_space\"   style=\"height: 52px\"><span class=\"vc_empty_space_inner\"><\/span><\/div><div class=\"vc_custom_heading case_exerp vc_gitem-post-data vc_gitem-post-data-source-post_excerpt\" ><div style=\"text-align: left\" ><p>Ju\u017c dzi\u015b wiadomo jakie dzia\u0142ania b\u0119d\u0105 dominowa\u0142y w marketingu w zbli\u017caj\u0105cym si\u0119 nowym roku. Media spo\u0142eczno\u015bciowe? Tworzenie tre\u015bci? A mo\u017ce tradycyjna promocja offline? Sprawd\u017a na co warto zwr\u00f3ci\u0107 uwag\u0119 w dzia\u0142aniach marketingowych swojej firmy! ZAKUPY W MEDIACH SPO\u0141ECZNO\u015aCIOWYCH Ju\u017c w tym roku znacznie rozwin\u0119\u0142y si\u0119 mo\u017cliwo\u015bci robienia zakup\u00f3w przez media [&hellip;]<\/p>\n<\/div><\/div><p style=\"font-size: 16px;color: #000000;text-align: left;font-family:Montserrat;font-weight:400;font-style:normal\" class=\"vc_custom_heading tt_button tt_primary_button btn_primary_color hover_solid_secondary post_button\"><a href=\"https:\/\/brandsoul.pl\/en\/o-nas\/blog\/trendy-marketingowe-na-2022-rok\/\" class=\"vc_gitem-link\" title=\"Trendy marketingowe na 2022 rok!\">Czytaj wi\u0119cej<\/a><\/p><\/div><\/div><\/div><\/div><\/div><\/div><div class=\"vc_clearfix\"><\/div><\/div><div class=\"vc_grid-item vc_clearfix vc_col-sm-12\"><div class=\"vc_grid-item-mini vc_clearfix\"><div class=\"vc_gitem-animated-block\" ><div class=\"vc_gitem-zone vc_gitem-zone-a vc_custom_1673513484076 my-post-grid vc-gitem-zone-height-mode-auto vc-gitem-zone-height-mode-auto-16-9\"><div class=\"vc_gitem-zone-mini\"><div class=\"vc_gitem_row vc_row vc_gitem-row-position-top\"><div class=\"vc_col-sm-6 vc_gitem-col vc_gitem-col-align- vc_custom_1673458393234\">\n\t<div class=\"wpb_single_image wpb_content_element vc_custom_1673506984448 vc_align_\">\n\t\t<figure class=\"wpb_wrapper vc_figure\">\n\t\t\t<div class=\"vc_single_image-wrapper   vc_box_border_grey\"><img loading=\"lazy\" decoding=\"async\" width=\"940\" height=\"788\" src=\"https:\/\/brandsoul.pl\/wp-content\/uploads\/2021\/07\/OPENSANS.png\" class=\"vc_single_image-img attachment-full\" alt=\"\" title=\"OPENSANS\" srcset=\"https:\/\/brandsoul.pl\/wp-content\/uploads\/2021\/07\/OPENSANS.png 940w, https:\/\/brandsoul.pl\/wp-content\/uploads\/2021\/07\/OPENSANS-300x251.png 300w, https:\/\/brandsoul.pl\/wp-content\/uploads\/2021\/07\/OPENSANS-768x644.png 768w\" sizes=\"auto, (max-width: 940px) 100vw, 940px\" \/><\/div>\n\t\t<\/figure>\n\t<\/div>\n<\/div><div class=\"vc_col-sm-6 vc_gitem-col vc_gitem-col-align- vc_custom_1673507116706\"><div class=\"vc_custom_heading vc_gitem-post-data vc_gitem-post-data-source-post_title\" ><h4 style=\"font-size: 20px;line-height: 32px;text-align: left\" >Nowy oddzia\u0142 firmy &#8211; ZALASEWO<\/h4><\/div><div class=\"vc_empty_space\"   style=\"height: 52px\"><span class=\"vc_empty_space_inner\"><\/span><\/div><div class=\"vc_custom_heading case_exerp vc_gitem-post-data vc_gitem-post-data-source-post_excerpt\" ><div style=\"text-align: left\" ><p>Zapraszamy do kontaktu z naszym nowym oddzia\u0142em. Oddzia\u0142 ZALASEWO: ul. Harmonia 9\/6, 62-020 Zalasewo tel. +48 61 677 05 73 tel. +48 698 515 801 e-mail.\u00a0info@brandsoul.pl<\/p>\n<\/div><\/div><p style=\"font-size: 16px;color: #000000;text-align: left;font-family:Montserrat;font-weight:400;font-style:normal\" class=\"vc_custom_heading tt_button tt_primary_button btn_primary_color hover_solid_secondary post_button\"><a href=\"https:\/\/brandsoul.pl\/en\/o-nas\/newsy\/nowy-oddzial-firmy-zalasewo\/\" class=\"vc_gitem-link\" title=\"Nowy oddzia\u0142 firmy &#8211; ZALASEWO\">Czytaj wi\u0119cej<\/a><\/p><\/div><\/div><\/div><\/div><\/div><\/div><div class=\"vc_clearfix\"><\/div><\/div><div class=\"vc_grid-item vc_clearfix vc_col-sm-12\"><div class=\"vc_grid-item-mini vc_clearfix\"><div class=\"vc_gitem-animated-block\" ><div class=\"vc_gitem-zone vc_gitem-zone-a vc_custom_1673513484076 my-post-grid vc-gitem-zone-height-mode-auto vc-gitem-zone-height-mode-auto-16-9\"><div class=\"vc_gitem-zone-mini\"><div class=\"vc_gitem_row vc_row vc_gitem-row-position-top\"><div class=\"vc_col-sm-6 vc_gitem-col vc_gitem-col-align- vc_custom_1673458393234\">\n\t<div class=\"wpb_single_image wpb_content_element vc_custom_1673506984448 vc_align_\">\n\t\t<figure class=\"wpb_wrapper vc_figure\">\n\t\t\t<div class=\"vc_single_image-wrapper   vc_box_border_grey\"><img loading=\"lazy\" decoding=\"async\" width=\"500\" height=\"500\" src=\"https:\/\/brandsoul.pl\/wp-content\/uploads\/2021\/05\/badge-2021-500x500-raw.png\" class=\"vc_single_image-img attachment-full\" alt=\"\" title=\"badge-2021-500x500-raw\" srcset=\"https:\/\/brandsoul.pl\/wp-content\/uploads\/2021\/05\/badge-2021-500x500-raw.png 500w, https:\/\/brandsoul.pl\/wp-content\/uploads\/2021\/05\/badge-2021-500x500-raw-300x300.png 300w, https:\/\/brandsoul.pl\/wp-content\/uploads\/2021\/05\/badge-2021-500x500-raw-150x150.png 150w\" sizes=\"auto, (max-width: 500px) 100vw, 500px\" \/><\/div>\n\t\t<\/figure>\n\t<\/div>\n<\/div><div class=\"vc_col-sm-6 vc_gitem-col vc_gitem-col-align- vc_custom_1673507116706\"><div class=\"vc_custom_heading vc_gitem-post-data vc_gitem-post-data-source-post_title\" ><h4 style=\"font-size: 20px;line-height: 32px;text-align: left\" >Najlepsi na Oferteo w 2021 roku<\/h4><\/div><div class=\"vc_empty_space\"   style=\"height: 52px\"><span class=\"vc_empty_space_inner\"><\/span><\/div><div class=\"vc_custom_heading case_exerp vc_gitem-post-data vc_gitem-post-data-source-post_excerpt\" ><div style=\"text-align: left\" ><p>Mamy to! Dzi\u0119kujemy za opinie, dzi\u0119ki kt\u00f3rym jeste\u015bmy NA PIERWSZYM MIEJSCU w Poznaniu!\ud83e\udd13\ud83d\ude18 Dla potwierdzenia: https:\/\/www.oferteo.pl\/agencja-marketingowa\/poznan#Najlepsi<\/p>\n<\/div><\/div><p style=\"font-size: 16px;color: #000000;text-align: left;font-family:Montserrat;font-weight:400;font-style:normal\" class=\"vc_custom_heading tt_button tt_primary_button btn_primary_color hover_solid_secondary post_button\"><a href=\"https:\/\/brandsoul.pl\/en\/o-nas\/newsy\/najlepsi-na-oferteo\/\" class=\"vc_gitem-link\" title=\"Najlepsi na Oferteo w 2021 roku\">Czytaj wi\u0119cej<\/a><\/p><\/div><\/div><\/div><\/div><\/div><\/div><div class=\"vc_clearfix\"><\/div><\/div><div class=\"vc_grid-item vc_clearfix vc_col-sm-12\"><div class=\"vc_grid-item-mini vc_clearfix\"><div class=\"vc_gitem-animated-block\" ><div class=\"vc_gitem-zone vc_gitem-zone-a vc_custom_1673513484076 my-post-grid vc-gitem-zone-height-mode-auto vc-gitem-zone-height-mode-auto-16-9\"><div class=\"vc_gitem-zone-mini\"><div class=\"vc_gitem_row vc_row vc_gitem-row-position-top\"><div class=\"vc_col-sm-6 vc_gitem-col vc_gitem-col-align- vc_custom_1673458393234\">\n\t<div class=\"wpb_single_image wpb_content_element vc_custom_1673506984448 vc_align_\">\n\t\t<figure class=\"wpb_wrapper vc_figure\">\n\t\t\t<div class=\"vc_single_image-wrapper   vc_box_border_grey\"><img loading=\"lazy\" decoding=\"async\" width=\"940\" height=\"788\" src=\"https:\/\/brandsoul.pl\/wp-content\/uploads\/2021\/04\/Kopia-brandsoulfb.png\" class=\"vc_single_image-img attachment-full\" alt=\"\" title=\"Kopia brandsoulfb\" srcset=\"https:\/\/brandsoul.pl\/wp-content\/uploads\/2021\/04\/Kopia-brandsoulfb.png 940w, https:\/\/brandsoul.pl\/wp-content\/uploads\/2021\/04\/Kopia-brandsoulfb-300x251.png 300w, https:\/\/brandsoul.pl\/wp-content\/uploads\/2021\/04\/Kopia-brandsoulfb-768x644.png 768w\" sizes=\"auto, (max-width: 940px) 100vw, 940px\" \/><\/div>\n\t\t<\/figure>\n\t<\/div>\n<\/div><div class=\"vc_col-sm-6 vc_gitem-col vc_gitem-col-align- vc_custom_1673507116706\"><div class=\"vc_custom_heading vc_gitem-post-data vc_gitem-post-data-source-post_title\" ><h4 style=\"font-size: 20px;line-height: 32px;text-align: left\" >Radosnych \u015awi\u0105t<\/h4><\/div><div class=\"vc_empty_space\"   style=\"height: 52px\"><span class=\"vc_empty_space_inner\"><\/span><\/div><div class=\"vc_custom_heading case_exerp vc_gitem-post-data vc_gitem-post-data-source-post_excerpt\" ><div style=\"text-align: left\" ><p>\u017byczymy Wam kreatywnych, pogodnych, radosnych, smacznych \u015awi\u0105t Wielkanocnych Dla tych os\u00f3b, kt\u00f3re pracuj\u0105 &#8211; pogody ducha i pi\u0119knego dnia pracy! === Dla niekt\u00f3rych \u015awi\u0119ta to czas refleksji i przemy\u015ble\u0144 &#8211; \u017cyczymy Wam, aby zaowocowa\u0142y one nowymi, dobrymi decyzjami lub kierunkami dzia\u0142ania. ==== NAJLEPSZEGO!\ud83e\udd5a\ud83d\udc30\ud83d\ude00 #WIELKANOC<\/p>\n<\/div><\/div><p style=\"font-size: 16px;color: #000000;text-align: left;font-family:Montserrat;font-weight:400;font-style:normal\" class=\"vc_custom_heading tt_button tt_primary_button btn_primary_color hover_solid_secondary post_button\"><a href=\"https:\/\/brandsoul.pl\/en\/o-nas\/newsy\/radosnych-swiat\/\" class=\"vc_gitem-link\" title=\"Radosnych \u015awi\u0105t\">Czytaj wi\u0119cej<\/a><\/p><\/div><\/div><\/div><\/div><\/div><\/div><div class=\"vc_clearfix\"><\/div><\/div><div class=\"vc_grid-item vc_clearfix vc_col-sm-12\"><div class=\"vc_grid-item-mini vc_clearfix\"><div class=\"vc_gitem-animated-block\" ><div class=\"vc_gitem-zone vc_gitem-zone-a vc_custom_1673513484076 my-post-grid vc-gitem-zone-height-mode-auto vc-gitem-zone-height-mode-auto-16-9\"><div class=\"vc_gitem-zone-mini\"><div class=\"vc_gitem_row vc_row vc_gitem-row-position-top\"><div class=\"vc_col-sm-6 vc_gitem-col vc_gitem-col-align- vc_custom_1673458393234\">\n\t<div class=\"wpb_single_image wpb_content_element vc_custom_1673506984448 vc_align_\">\n\t\t<figure class=\"wpb_wrapper vc_figure\">\n\t\t\t<div class=\"vc_single_image-wrapper   vc_box_border_grey\"><img loading=\"lazy\" decoding=\"async\" width=\"1080\" height=\"1080\" src=\"https:\/\/brandsoul.pl\/wp-content\/uploads\/2021\/01\/1080x1080-Instagram.png\" class=\"vc_single_image-img attachment-full\" alt=\"\" title=\"1080x1080-Instagram\" srcset=\"https:\/\/brandsoul.pl\/wp-content\/uploads\/2021\/01\/1080x1080-Instagram.png 1080w, https:\/\/brandsoul.pl\/wp-content\/uploads\/2021\/01\/1080x1080-Instagram-300x300.png 300w, https:\/\/brandsoul.pl\/wp-content\/uploads\/2021\/01\/1080x1080-Instagram-1024x1024.png 1024w, https:\/\/brandsoul.pl\/wp-content\/uploads\/2021\/01\/1080x1080-Instagram-150x150.png 150w, https:\/\/brandsoul.pl\/wp-content\/uploads\/2021\/01\/1080x1080-Instagram-768x768.png 768w, https:\/\/brandsoul.pl\/wp-content\/uploads\/2021\/01\/1080x1080-Instagram-600x600.png 600w\" sizes=\"auto, (max-width: 1080px) 100vw, 1080px\" \/><\/div>\n\t\t<\/figure>\n\t<\/div>\n<\/div><div class=\"vc_col-sm-6 vc_gitem-col vc_gitem-col-align- vc_custom_1673507116706\"><div class=\"vc_custom_heading vc_gitem-post-data vc_gitem-post-data-source-post_title\" ><h4 style=\"font-size: 20px;line-height: 32px;text-align: left\" >Wywiad z Krzysztofem Wi\u015bniewskim, CEO firmy CONTMAN Sp. z o.o<\/h4><\/div><div class=\"vc_empty_space\"   style=\"height: 52px\"><span class=\"vc_empty_space_inner\"><\/span><\/div><div class=\"vc_custom_heading case_exerp vc_gitem-post-data vc_gitem-post-data-source-post_excerpt\" ><div style=\"text-align: left\" ><p>Wywiad z naszym Klientem. Cyfryzacja w biznesie. Jakie korzy\u015bci p\u0142yn\u0105 z dygitalizacji dokumentacji w przedsi\u0119biorstwach. zapraszamy na wywiad z Krzysztofem Wi\u015bniewskim. Tematy poruszane w wywiadzie. Autorskie rozwi\u0105zania w biznesie informatycznym Kultura organizacyjna &#8211; jaka jest wa\u017cna? Narz\u0119dzia do digitalizacji dokumentacji Korzy\u015bci dla firmy z wdro\u017cenia nowoczesnych rozwi\u0105za\u0144 digitalizacji dokument\u00f3w Dla [&hellip;]<\/p>\n<\/div><\/div><p style=\"font-size: 16px;color: #000000;text-align: left;font-family:Montserrat;font-weight:400;font-style:normal\" class=\"vc_custom_heading tt_button tt_primary_button btn_primary_color hover_solid_secondary post_button\"><a href=\"https:\/\/brandsoul.pl\/en\/o-nas\/dla-prasy\/wywiad-z-krzysztofem-wisniewskim-ceo-firmy-contman-sp-z-o-o\/\" class=\"vc_gitem-link\" title=\"Wywiad z Krzysztofem Wi\u015bniewskim, CEO firmy CONTMAN Sp. z o.o\">Czytaj wi\u0119cej<\/a><\/p><\/div><\/div><\/div><\/div><\/div><\/div><div class=\"vc_clearfix\"><\/div><\/div><div class=\"vc_grid-item vc_clearfix vc_col-sm-12\"><div class=\"vc_grid-item-mini vc_clearfix\"><div class=\"vc_gitem-animated-block\" ><div class=\"vc_gitem-zone vc_gitem-zone-a vc_custom_1673513484076 my-post-grid vc-gitem-zone-height-mode-auto vc-gitem-zone-height-mode-auto-16-9\"><div class=\"vc_gitem-zone-mini\"><div class=\"vc_gitem_row vc_row vc_gitem-row-position-top\"><div class=\"vc_col-sm-6 vc_gitem-col vc_gitem-col-align- vc_custom_1673458393234\">\n\t<div class=\"wpb_single_image wpb_content_element vc_custom_1673506984448 vc_align_\">\n\t\t<figure class=\"wpb_wrapper vc_figure\">\n\t\t\t<div class=\"vc_single_image-wrapper   vc_box_border_grey\"><img loading=\"lazy\" decoding=\"async\" width=\"700\" height=\"900\" src=\"https:\/\/brandsoul.pl\/wp-content\/uploads\/2021\/01\/132041351_1893362977485067_7606272370915405291_n.jpg\" class=\"vc_single_image-img attachment-full\" alt=\"\" title=\"132041351_1893362977485067_7606272370915405291_n\" srcset=\"https:\/\/brandsoul.pl\/wp-content\/uploads\/2021\/01\/132041351_1893362977485067_7606272370915405291_n.jpg 700w, https:\/\/brandsoul.pl\/wp-content\/uploads\/2021\/01\/132041351_1893362977485067_7606272370915405291_n-233x300.jpg 233w\" sizes=\"auto, (max-width: 700px) 100vw, 700px\" \/><\/div>\n\t\t<\/figure>\n\t<\/div>\n<\/div><div class=\"vc_col-sm-6 vc_gitem-col vc_gitem-col-align- vc_custom_1673507116706\"><div class=\"vc_custom_heading vc_gitem-post-data vc_gitem-post-data-source-post_title\" ><h4 style=\"font-size: 20px;line-height: 32px;text-align: left\" >Weso\u0142ych \u015awi\u0105t i sukces\u00f3w w 2021 roku<\/h4><\/div><div class=\"vc_empty_space\"   style=\"height: 52px\"><span class=\"vc_empty_space_inner\"><\/span><\/div><div class=\"vc_custom_heading case_exerp vc_gitem-post-data vc_gitem-post-data-source-post_excerpt\" ><div style=\"text-align: left\" ><p>Dobrych ludzi na swojej drodze. Wyrozumia\u0142o\u015bci i ch\u0119ci wsp\u00f3\u0142pracy. Pozytywnego my\u015blenia i optymizmu. Sukces\u00f3w i nowych wyzwa\u0144. Cudownego 2021 roku \u017cyczymy!<\/p>\n<\/div><\/div><p style=\"font-size: 16px;color: #000000;text-align: left;font-family:Montserrat;font-weight:400;font-style:normal\" class=\"vc_custom_heading tt_button tt_primary_button btn_primary_color hover_solid_secondary post_button\"><a href=\"https:\/\/brandsoul.pl\/en\/o-nas\/newsy\/wesolych-swiat-i-sukcesow-w-2021-roku\/\" class=\"vc_gitem-link\" title=\"Weso\u0142ych \u015awi\u0105t i sukces\u00f3w w 2021 roku\">Czytaj wi\u0119cej<\/a><\/p><\/div><\/div><\/div><\/div><\/div><\/div><div class=\"vc_clearfix\"><\/div><\/div><div class=\"vc_grid-item vc_clearfix vc_col-sm-12\"><div class=\"vc_grid-item-mini vc_clearfix\"><div class=\"vc_gitem-animated-block\" ><div class=\"vc_gitem-zone vc_gitem-zone-a vc_custom_1673513484076 my-post-grid vc-gitem-zone-height-mode-auto vc-gitem-zone-height-mode-auto-16-9\"><div class=\"vc_gitem-zone-mini\"><div class=\"vc_gitem_row vc_row vc_gitem-row-position-top\"><div class=\"vc_col-sm-6 vc_gitem-col vc_gitem-col-align- vc_custom_1673458393234\">\n\t<div class=\"wpb_single_image wpb_content_element vc_custom_1673506984448 vc_align_\">\n\t\t<figure class=\"wpb_wrapper vc_figure\">\n\t\t\t<div class=\"vc_single_image-wrapper   vc_box_border_grey\"><\/div>\n\t\t<\/figure>\n\t<\/div>\n<\/div><div class=\"vc_col-sm-6 vc_gitem-col vc_gitem-col-align- vc_custom_1673507116706\"><div class=\"vc_custom_heading vc_gitem-post-data vc_gitem-post-data-source-post_title\" ><h4 style=\"font-size: 20px;line-height: 32px;text-align: left\" >ODBIERZ KUPON PROMOCYJNY NA START:)<\/h4><\/div><div class=\"vc_empty_space\"   style=\"height: 52px\"><span class=\"vc_empty_space_inner\"><\/span><\/div><div class=\"vc_custom_heading case_exerp vc_gitem-post-data vc_gitem-post-data-source-post_excerpt\" ><div style=\"text-align: left\" ><p>Portal-msp.pl\u00a0\u00a0jest ju\u017c ONLINE! Tylko teraz mo\u017cesz skorzysta\u0107 z okazji przetestowania wizyt\u00f3wki w pe\u0142nej wersji bezp\u0142atnie do ko\u0144ca LISTOPADA! ZAREJESTRUJ FIRM\u0118 JU\u017b DZI\u015a.\u00a0WYPE\u0141NIJ FORMULARZ REJESTRACYJNY,\u00a0A DODAMY TWOJ\u0104 FIRM\u0118 BEZP\u0141ATNIE DO NASZEJ BAZY! W ramach promocji mo\u017cesz wykorzysta\u0107 nie tylko bezp\u0142atn\u0105 wizyt\u00f3wk\u0119, ale tak\u017ce jeden artyku\u0142 sponsorowany i wywiad z przedstawicielem Twojej [&hellip;]<\/p>\n<\/div><\/div><p style=\"font-size: 16px;color: #000000;text-align: left;font-family:Montserrat;font-weight:400;font-style:normal\" class=\"vc_custom_heading tt_button tt_primary_button btn_primary_color hover_solid_secondary post_button\"><a href=\"https:\/\/brandsoul.pl\/en\/o-nas\/newsy\/odbierz-kupon-promocyjny-na-start\/\" class=\"vc_gitem-link\" title=\"ODBIERZ KUPON PROMOCYJNY NA START:)\">Czytaj wi\u0119cej<\/a><\/p><\/div><\/div><\/div><\/div><\/div><\/div><div class=\"vc_clearfix\"><\/div><\/div><div class=\"vc_grid-item vc_clearfix vc_col-sm-12\"><div class=\"vc_grid-item-mini vc_clearfix\"><div class=\"vc_gitem-animated-block\" ><div class=\"vc_gitem-zone vc_gitem-zone-a vc_custom_1673513484076 my-post-grid vc-gitem-zone-height-mode-auto vc-gitem-zone-height-mode-auto-16-9\"><div class=\"vc_gitem-zone-mini\"><div class=\"vc_gitem_row vc_row vc_gitem-row-position-top\"><div class=\"vc_col-sm-6 vc_gitem-col vc_gitem-col-align- vc_custom_1673458393234\">\n\t<div class=\"wpb_single_image wpb_content_element vc_custom_1673506984448 vc_align_\">\n\t\t<figure class=\"wpb_wrapper vc_figure\">\n\t\t\t<div class=\"vc_single_image-wrapper   vc_box_border_grey\"><\/div>\n\t\t<\/figure>\n\t<\/div>\n<\/div><div class=\"vc_col-sm-6 vc_gitem-col vc_gitem-col-align- vc_custom_1673507116706\"><div class=\"vc_custom_heading vc_gitem-post-data vc_gitem-post-data-source-post_title\" ><h4 style=\"font-size: 20px;line-height: 32px;text-align: left\" >WARSAW INTERNATIONAL MEDIA SUMMIT 18-19 LISTOPADA<\/h4><\/div><div class=\"vc_empty_space\"   style=\"height: 52px\"><span class=\"vc_empty_space_inner\"><\/span><\/div><div class=\"vc_custom_heading case_exerp vc_gitem-post-data vc_gitem-post-data-source-post_excerpt\" ><div style=\"text-align: left\" ><p>W dniach 18-19 listopada 2015 roku w Hotelu Westin w Warszawie odb\u0119dzie si\u0119 kolejna edycja kongresu Warsaw International Media Summit. Wydarzenie skupia si\u0119 wok\u00f3\u0142 najnowszych strategii i trend\u00f3w, kt\u00f3re obowi\u0105zuj\u0105 na rynku telekomunikacyjnym i medi\u00f3w. Organizatorem konferencji jest firma MM Conferences S.A. NASZA FIRMA OBJ\u0118\u0141A PATRONAT MEDIALNY NAD WYDARZENIEM:) &nbsp; [&hellip;]<\/p>\n<\/div><\/div><p style=\"font-size: 16px;color: #000000;text-align: left;font-family:Montserrat;font-weight:400;font-style:normal\" class=\"vc_custom_heading tt_button tt_primary_button btn_primary_color hover_solid_secondary post_button\"><a href=\"https:\/\/brandsoul.pl\/en\/o-nas\/newsy\/warsaw-international-media-summit-18-19-listopada\/\" class=\"vc_gitem-link\" title=\"WARSAW INTERNATIONAL MEDIA SUMMIT 18-19 LISTOPADA\">Czytaj wi\u0119cej<\/a><\/p><\/div><\/div><\/div><\/div><\/div><\/div><div class=\"vc_clearfix\"><\/div><\/div><div class=\"vc_grid-item vc_clearfix vc_col-sm-12\"><div class=\"vc_grid-item-mini vc_clearfix\"><div class=\"vc_gitem-animated-block\" ><div class=\"vc_gitem-zone vc_gitem-zone-a vc_custom_1673513484076 my-post-grid vc-gitem-zone-height-mode-auto vc-gitem-zone-height-mode-auto-16-9\"><div class=\"vc_gitem-zone-mini\"><div class=\"vc_gitem_row vc_row vc_gitem-row-position-top\"><div class=\"vc_col-sm-6 vc_gitem-col vc_gitem-col-align- vc_custom_1673458393234\">\n\t<div class=\"wpb_single_image wpb_content_element vc_custom_1673506984448 vc_align_\">\n\t\t<figure class=\"wpb_wrapper vc_figure\">\n\t\t\t<div class=\"vc_single_image-wrapper   vc_box_border_grey\"><\/div>\n\t\t<\/figure>\n\t<\/div>\n<\/div><div class=\"vc_col-sm-6 vc_gitem-col vc_gitem-col-align- vc_custom_1673507116706\"><div class=\"vc_custom_heading vc_gitem-post-data vc_gitem-post-data-source-post_title\" ><h4 style=\"font-size: 20px;line-height: 32px;text-align: left\" >MI\u0118DZYNARODOWY KONGRES KOBIET NA PODKARPACIU JU\u017b W PA\u0179DZIERNIKU!<\/h4><\/div><div class=\"vc_empty_space\"   style=\"height: 52px\"><span class=\"vc_empty_space_inner\"><\/span><\/div><div class=\"vc_custom_heading case_exerp vc_gitem-post-data vc_gitem-post-data-source-post_excerpt\" ><div style=\"text-align: left\" ><p>Agencja Wydawniczo-Promocyjna I.D.MEDIA wraz z firm\u0105 NADA MEDIA\u00a0zapraszaj\u0105 na pe\u0142en inspiracji I MI\u0118DZYNARODOWY KONGRES KOBIET NA PODKARPACIU, kt\u00f3ry odb\u0119dzie si\u0119 17 pa\u017adziernika w presti\u017cowym hotelu Prezydenckim w Rzeszowie. Kongres skierowany jest do kobiet 30+, zainteresowanych rozwojem i skuteczno\u015bci\u0105 biznesow\u0105. Pragn\u0105cych zdoby\u0107 now\u0105 wiedz\u0119, praktyczne umiej\u0119tno\u015bci i nowe kontakty. Organizatorzy pragn\u0105 [&hellip;]<\/p>\n<\/div><\/div><p style=\"font-size: 16px;color: #000000;text-align: left;font-family:Montserrat;font-weight:400;font-style:normal\" class=\"vc_custom_heading tt_button tt_primary_button btn_primary_color hover_solid_secondary post_button\"><a href=\"https:\/\/brandsoul.pl\/en\/o-nas\/newsy\/miedzynarodowy-kongres-kobiet-na-podkarpaciu-juz-w-pazdzierniku\/\" class=\"vc_gitem-link\" title=\"MI\u0118DZYNARODOWY KONGRES KOBIET NA PODKARPACIU JU\u017b W PA\u0179DZIERNIKU!\">Czytaj wi\u0119cej<\/a><\/p><\/div><\/div><\/div><\/div><\/div><\/div><div class=\"vc_clearfix\"><\/div><\/div><div class=\"vc_grid-item vc_clearfix vc_col-sm-12\"><div class=\"vc_grid-item-mini vc_clearfix\"><div class=\"vc_gitem-animated-block\" ><div class=\"vc_gitem-zone vc_gitem-zone-a vc_custom_1673513484076 my-post-grid vc-gitem-zone-height-mode-auto vc-gitem-zone-height-mode-auto-16-9\"><div class=\"vc_gitem-zone-mini\"><div class=\"vc_gitem_row vc_row vc_gitem-row-position-top\"><div class=\"vc_col-sm-6 vc_gitem-col vc_gitem-col-align- vc_custom_1673458393234\">\n\t<div class=\"wpb_single_image wpb_content_element vc_custom_1673506984448 vc_align_\">\n\t\t<figure class=\"wpb_wrapper vc_figure\">\n\t\t\t<div class=\"vc_single_image-wrapper   vc_box_border_grey\"><\/div>\n\t\t<\/figure>\n\t<\/div>\n<\/div><div class=\"vc_col-sm-6 vc_gitem-col vc_gitem-col-align- vc_custom_1673507116706\"><div class=\"vc_custom_heading vc_gitem-post-data vc_gitem-post-data-source-post_title\" ><h4 style=\"font-size: 20px;line-height: 32px;text-align: left\" >ROZWIJAJ FIRM\u0118 EFEKTYWNIE &#8211; ODBIERZ BEZP\u0141ATNY AUDYT STRONY<\/h4><\/div><div class=\"vc_empty_space\"   style=\"height: 52px\"><span class=\"vc_empty_space_inner\"><\/span><\/div><div class=\"vc_custom_heading case_exerp vc_gitem-post-data vc_gitem-post-data-source-post_excerpt\" ><div style=\"text-align: left\" ><p>Zastanawiasz si\u0119 czy Twoja promocja w Internecie jest w\u0142a\u015bciwa? Chcia\u0142by\u015b pozna\u0107 potencja\u0142 swojej marki i nast\u0119pnie go wykorzysta\u0107? Szukasz pomys\u0142\u00f3w na nowe kierunki rozwoju i dotarcia do Klienta? Koniecznie skontaktuj si\u0119 z nami i skorzystaj z naszego Audytu Twojej strony internetowej, kt\u00f3ry by\u0107 mo\u017ce zakp\u0144czy si\u0119 sta\u0142\u0105, efektywn\u0105 wsp\u00f3\u0142prac\u0105!:)<\/p>\n<\/div><\/div><p style=\"font-size: 16px;color: #000000;text-align: left;font-family:Montserrat;font-weight:400;font-style:normal\" class=\"vc_custom_heading tt_button tt_primary_button btn_primary_color hover_solid_secondary post_button\"><a href=\"https:\/\/brandsoul.pl\/en\/o-nas\/newsy\/rozwijaj-firme-efektywnie-odbierz-bezplatny-audyt-strony\/\" class=\"vc_gitem-link\" title=\"ROZWIJAJ FIRM\u0118 EFEKTYWNIE &#8211; ODBIERZ BEZP\u0141ATNY AUDYT STRONY\">Czytaj wi\u0119cej<\/a><\/p><\/div><\/div><\/div><\/div><\/div><\/div><div class=\"vc_clearfix\"><\/div><\/div><div class=\"vc_grid-item vc_clearfix vc_col-sm-12\"><div class=\"vc_grid-item-mini vc_clearfix\"><div class=\"vc_gitem-animated-block\" ><div class=\"vc_gitem-zone vc_gitem-zone-a vc_custom_1673513484076 my-post-grid vc-gitem-zone-height-mode-auto vc-gitem-zone-height-mode-auto-16-9\"><div class=\"vc_gitem-zone-mini\"><div class=\"vc_gitem_row vc_row vc_gitem-row-position-top\"><div class=\"vc_col-sm-6 vc_gitem-col vc_gitem-col-align- vc_custom_1673458393234\">\n\t<div class=\"wpb_single_image wpb_content_element vc_custom_1673506984448 vc_align_\">\n\t\t<figure class=\"wpb_wrapper vc_figure\">\n\t\t\t<div class=\"vc_single_image-wrapper   vc_box_border_grey\"><\/div>\n\t\t<\/figure>\n\t<\/div>\n<\/div><div class=\"vc_col-sm-6 vc_gitem-col vc_gitem-col-align- vc_custom_1673507116706\"><div class=\"vc_custom_heading vc_gitem-post-data vc_gitem-post-data-source-post_title\" ><h4 style=\"font-size: 20px;line-height: 32px;text-align: left\" >TWOJE MIASTO -TWOJA INICJATYWA<\/h4><\/div><div class=\"vc_empty_space\"   style=\"height: 52px\"><span class=\"vc_empty_space_inner\"><\/span><\/div><div class=\"vc_custom_heading case_exerp vc_gitem-post-data vc_gitem-post-data-source-post_excerpt\" ><div style=\"text-align: left\" ><p>Na pro\u015bb\u0119 jednego z naszych partner\u00f3w biznesowych wspieraj\u0105ych Twoj\u0105 Inicjatyw\u0119 publikujemy ciekawy artyku\u0142 dotycz\u0105cy dzia\u0142a\u0144 Fundacji.\u00a0Zach\u0119camy do zapozanania si\u0119 ze stron\u0105 internetow\u0105\u00a0\u00a0i uczestnictwa z ciekawych, przedsi\u0119biorczych inicjatywach. Fundacja Twoja Inicjatywa! zaprasza do wsp\u00f3\u0142pracy Urz\u0119dy Miast, Urz\u0119dy Pracy, Uczelnie Wy\u017csze\u00a0 oraz lokalne instytucje wspieraj\u0105ce rozw\u00f3j przedsi\u0119biorczo\u015bci.\u00a0Celem jest szerzenie idei samozatrudnienia poprzez [&hellip;]<\/p>\n<\/div><\/div><p style=\"font-size: 16px;color: #000000;text-align: left;font-family:Montserrat;font-weight:400;font-style:normal\" class=\"vc_custom_heading tt_button tt_primary_button btn_primary_color hover_solid_secondary post_button\"><a href=\"https:\/\/brandsoul.pl\/en\/o-nas\/newsy\/biznes\/twoje-miasto-twoja-inicjatywa\/\" class=\"vc_gitem-link\" title=\"TWOJE MIASTO -TWOJA INICJATYWA\">Czytaj wi\u0119cej<\/a><\/p><\/div><\/div><\/div><\/div><\/div><\/div><div class=\"vc_clearfix\"><\/div><\/div><div class=\"vc_grid-item vc_clearfix vc_col-sm-12\"><div class=\"vc_grid-item-mini vc_clearfix\"><div class=\"vc_gitem-animated-block\" ><div class=\"vc_gitem-zone vc_gitem-zone-a vc_custom_1673513484076 my-post-grid vc-gitem-zone-height-mode-auto vc-gitem-zone-height-mode-auto-16-9\"><div class=\"vc_gitem-zone-mini\"><div class=\"vc_gitem_row vc_row vc_gitem-row-position-top\"><div class=\"vc_col-sm-6 vc_gitem-col vc_gitem-col-align- vc_custom_1673458393234\">\n\t<div class=\"wpb_single_image wpb_content_element vc_custom_1673506984448 vc_align_\">\n\t\t<figure class=\"wpb_wrapper vc_figure\">\n\t\t\t<div class=\"vc_single_image-wrapper   vc_box_border_grey\"><img loading=\"lazy\" decoding=\"async\" width=\"600\" height=\"398\" src=\"https:\/\/brandsoul.pl\/wp-content\/uploads\/2020\/06\/BKpK_Google_600x398.jpg\" class=\"vc_single_image-img attachment-full\" alt=\"\" title=\"BKpK_Google_600x398\" srcset=\"https:\/\/brandsoul.pl\/wp-content\/uploads\/2020\/06\/BKpK_Google_600x398.jpg 600w, https:\/\/brandsoul.pl\/wp-content\/uploads\/2020\/06\/BKpK_Google_600x398-300x199.jpg 300w\" sizes=\"auto, (max-width: 600px) 100vw, 600px\" \/><\/div>\n\t\t<\/figure>\n\t<\/div>\n<\/div><div class=\"vc_col-sm-6 vc_gitem-col vc_gitem-col-align- vc_custom_1673507116706\"><div class=\"vc_custom_heading vc_gitem-post-data vc_gitem-post-data-source-post_title\" ><h4 style=\"font-size: 20px;line-height: 32px;text-align: left\" >BIZNES KROK PO KROKU \u2013 PRZEDSI\u0118BIORCA W SIECI &#8211; BRANDSOUL PATRONEM MEDIALNYM<\/h4><\/div><div class=\"vc_empty_space\"   style=\"height: 52px\"><span class=\"vc_empty_space_inner\"><\/span><\/div><div class=\"vc_custom_heading case_exerp vc_gitem-post-data vc_gitem-post-data-source-post_excerpt\" ><div style=\"text-align: left\" ><p>Studio Marki Brandsoul zosta\u0142o patronem medialnym projektu &#8221;\u00a0BIZNES KROK PO KROKU \u2013 PRZEDSI\u0118BIORCA W SIECI&#8221;.\u00a0Zapraszamy serdecznie do rezerwacji miejsc! ZAPLANUJ SW\u00d3J BIZNES KROK PO KROKU! Fundacja Twoja Inicjatywa! oraz Google Poland zapraszaj\u0105\u00a026. lutego na konferencj\u0119 &#8220;Biznes Krok po Kroku &#8211; przedsi\u0119biorca w sieci&#8221;. Twoja Inicjatywa! zajmuje si\u0119 szeroko poj\u0119tym wspieraniem [&hellip;]<\/p>\n<\/div><\/div><p style=\"font-size: 16px;color: #000000;text-align: left;font-family:Montserrat;font-weight:400;font-style:normal\" class=\"vc_custom_heading tt_button tt_primary_button btn_primary_color hover_solid_secondary post_button\"><a href=\"https:\/\/brandsoul.pl\/en\/o-nas\/blog\/biznes-krok-po-kroku-przedsiebiorca-w-sieci-brandsoul-patronem-medialnym\/\" class=\"vc_gitem-link\" title=\"BIZNES KROK PO KROKU \u2013 PRZEDSI\u0118BIORCA W SIECI &#8211; BRANDSOUL PATRONEM MEDIALNYM\">Czytaj wi\u0119cej<\/a><\/p><\/div><\/div><\/div><\/div><\/div><\/div><div class=\"vc_clearfix\"><\/div><\/div><div class=\"vc_grid-item vc_clearfix vc_col-sm-12\"><div class=\"vc_grid-item-mini vc_clearfix\"><div class=\"vc_gitem-animated-block\" ><div class=\"vc_gitem-zone vc_gitem-zone-a vc_custom_1673513484076 my-post-grid vc-gitem-zone-height-mode-auto vc-gitem-zone-height-mode-auto-16-9\"><div class=\"vc_gitem-zone-mini\"><div class=\"vc_gitem_row vc_row vc_gitem-row-position-top\"><div class=\"vc_col-sm-6 vc_gitem-col vc_gitem-col-align- vc_custom_1673458393234\">\n\t<div class=\"wpb_single_image wpb_content_element vc_custom_1673506984448 vc_align_\">\n\t\t<figure class=\"wpb_wrapper vc_figure\">\n\t\t\t<div class=\"vc_single_image-wrapper   vc_box_border_grey\"><\/div>\n\t\t<\/figure>\n\t<\/div>\n<\/div><div class=\"vc_col-sm-6 vc_gitem-col vc_gitem-col-align- vc_custom_1673507116706\"><div class=\"vc_custom_heading vc_gitem-post-data vc_gitem-post-data-source-post_title\" ><h4 style=\"font-size: 20px;line-height: 32px;text-align: left\" >NOWY TYTU\u0141 PRASOWY DLA LUDZI BIZNESU<\/h4><\/div><div class=\"vc_empty_space\"   style=\"height: 52px\"><span class=\"vc_empty_space_inner\"><\/span><\/div><div class=\"vc_custom_heading case_exerp vc_gitem-post-data vc_gitem-post-data-source-post_excerpt\" ><div style=\"text-align: left\" ><p>NOWY TYTU\u0141 PRASOWY DLA KOBIET BIZNESU Na rynku prasowym pojawi\u0142 si\u0119 nowy tytu\u0142 dla ludzi biznesu:) Magazyn ludzi sukcesu. Prawo, biznes, ekonomia, inwestycje, sztuka, podr\u00f3\u017ce. Pismo kierowane do ludzi spe\u0142nionych, ceni\u0105cych sobie luksus i elegancj\u0119 &#8211; &#8220;LAW BUSINESS QUALITTY&#8221;. Redaktork\u0105 naczeln\u0105 jest Pani ILONA ADAMSKA, kt\u00f3ra z sukcesem zarz\u0105dza znanym [&hellip;]<\/p>\n<\/div><\/div><p style=\"font-size: 16px;color: #000000;text-align: left;font-family:Montserrat;font-weight:400;font-style:normal\" class=\"vc_custom_heading tt_button tt_primary_button btn_primary_color hover_solid_secondary post_button\"><a href=\"https:\/\/brandsoul.pl\/en\/o-nas\/blog\/nowy-tytul-prasowy-dla-ludzi-biznesu\/\" class=\"vc_gitem-link\" title=\"NOWY TYTU\u0141 PRASOWY DLA LUDZI BIZNESU\">Czytaj wi\u0119cej<\/a><\/p><\/div><\/div><\/div><\/div><\/div><\/div><div class=\"vc_clearfix\"><\/div><\/div><div class=\"vc_grid-item vc_clearfix vc_col-sm-12\"><div class=\"vc_grid-item-mini vc_clearfix\"><div class=\"vc_gitem-animated-block\" ><div class=\"vc_gitem-zone vc_gitem-zone-a vc_custom_1673513484076 my-post-grid vc-gitem-zone-height-mode-auto vc-gitem-zone-height-mode-auto-16-9\"><div class=\"vc_gitem-zone-mini\"><div class=\"vc_gitem_row vc_row vc_gitem-row-position-top\"><div class=\"vc_col-sm-6 vc_gitem-col vc_gitem-col-align- vc_custom_1673458393234\">\n\t<div class=\"wpb_single_image wpb_content_element vc_custom_1673506984448 vc_align_\">\n\t\t<figure class=\"wpb_wrapper vc_figure\">\n\t\t\t<div class=\"vc_single_image-wrapper   vc_box_border_grey\"><img loading=\"lazy\" decoding=\"async\" width=\"360\" height=\"360\" src=\"https:\/\/brandsoul.pl\/wp-content\/uploads\/2020\/06\/grafiki-newsy-brandsoul.png\" class=\"vc_single_image-img attachment-full\" alt=\"\" title=\"grafiki-newsy-brandsoul\" srcset=\"https:\/\/brandsoul.pl\/wp-content\/uploads\/2020\/06\/grafiki-newsy-brandsoul.png 360w, https:\/\/brandsoul.pl\/wp-content\/uploads\/2020\/06\/grafiki-newsy-brandsoul-300x300.png 300w, https:\/\/brandsoul.pl\/wp-content\/uploads\/2020\/06\/grafiki-newsy-brandsoul-150x150.png 150w\" sizes=\"auto, (max-width: 360px) 100vw, 360px\" \/><\/div>\n\t\t<\/figure>\n\t<\/div>\n<\/div><div class=\"vc_col-sm-6 vc_gitem-col vc_gitem-col-align- vc_custom_1673507116706\"><div class=\"vc_custom_heading vc_gitem-post-data vc_gitem-post-data-source-post_title\" ><h4 style=\"font-size: 20px;line-height: 32px;text-align: left\" >STRATEGIA DZIA\u0141A\u0143 W MEDIACH SPO\u0141ECZNO\u015aCIOWYCH W ATRAKCYJNEJ CENIE.<\/h4><\/div><div class=\"vc_empty_space\"   style=\"height: 52px\"><span class=\"vc_empty_space_inner\"><\/span><\/div><div class=\"vc_custom_heading case_exerp vc_gitem-post-data vc_gitem-post-data-source-post_excerpt\" ><div style=\"text-align: left\" ><p>Strategia dzia\u0142a\u0144 w mediach spo\u0142eczno\u015bciowych to podstawa efektywno\u015bci. Niestety nie jest ona standardem rozpoczynaj\u0105cym promocje firmy za po\u015brednictwem tego narz\u0119dzia. Przed przyst\u0105pieniem do d\u0142ugofalowych dzia\u0142a\u0144 w mediach spo\u0142eczno\u015bciowych warto opracowa\u0107 strategi\u0119, kt\u00f3ra pozwoli efektywnie nimi zarz\u0105dza\u0107. Zak\u0142ada ona cele d\u0142ugofalowe oraz te kr\u00f3tkoterminowe, planowane z tygodnia na tydzie\u0144. Z czego [&hellip;]<\/p>\n<\/div><\/div><p style=\"font-size: 16px;color: #000000;text-align: left;font-family:Montserrat;font-weight:400;font-style:normal\" class=\"vc_custom_heading tt_button tt_primary_button btn_primary_color hover_solid_secondary post_button\"><a href=\"https:\/\/brandsoul.pl\/en\/o-nas\/newsy\/strategia-dzialan-w-mediach-spolecznosciowych-w-atrakcyjnej-cenie\/\" class=\"vc_gitem-link\" title=\"STRATEGIA DZIA\u0141A\u0143 W MEDIACH SPO\u0141ECZNO\u015aCIOWYCH W ATRAKCYJNEJ CENIE.\">Czytaj wi\u0119cej<\/a><\/p><\/div><\/div><\/div><\/div><\/div><\/div><div class=\"vc_clearfix\"><\/div><\/div><div class=\"vc_grid-item vc_clearfix vc_col-sm-12\"><div class=\"vc_grid-item-mini vc_clearfix\"><div class=\"vc_gitem-animated-block\" ><div class=\"vc_gitem-zone vc_gitem-zone-a vc_custom_1673513484076 my-post-grid vc-gitem-zone-height-mode-auto vc-gitem-zone-height-mode-auto-16-9\"><div class=\"vc_gitem-zone-mini\"><div class=\"vc_gitem_row vc_row vc_gitem-row-position-top\"><div class=\"vc_col-sm-6 vc_gitem-col vc_gitem-col-align- vc_custom_1673458393234\">\n\t<div class=\"wpb_single_image wpb_content_element vc_custom_1673506984448 vc_align_\">\n\t\t<figure class=\"wpb_wrapper vc_figure\">\n\t\t\t<div class=\"vc_single_image-wrapper   vc_box_border_grey\"><img loading=\"lazy\" decoding=\"async\" width=\"1000\" height=\"942\" src=\"https:\/\/brandsoul.pl\/wp-content\/uploads\/2020\/11\/banner4_brandsoul-1-1920x943-1.jpg\" class=\"vc_single_image-img attachment-full\" alt=\"\" title=\"banner4_brandsoul-1-1920x943\" srcset=\"https:\/\/brandsoul.pl\/wp-content\/uploads\/2020\/11\/banner4_brandsoul-1-1920x943-1.jpg 1000w, https:\/\/brandsoul.pl\/wp-content\/uploads\/2020\/11\/banner4_brandsoul-1-1920x943-1-300x283.jpg 300w, https:\/\/brandsoul.pl\/wp-content\/uploads\/2020\/11\/banner4_brandsoul-1-1920x943-1-768x723.jpg 768w\" sizes=\"auto, (max-width: 1000px) 100vw, 1000px\" \/><\/div>\n\t\t<\/figure>\n\t<\/div>\n<\/div><div class=\"vc_col-sm-6 vc_gitem-col vc_gitem-col-align- vc_custom_1673507116706\"><div class=\"vc_custom_heading vc_gitem-post-data vc_gitem-post-data-source-post_title\" ><h4 style=\"font-size: 20px;line-height: 32px;text-align: left\" >DORADZTWO DLA MIASTA POZNA\u0143<\/h4><\/div><div class=\"vc_empty_space\"   style=\"height: 52px\"><span class=\"vc_empty_space_inner\"><\/span><\/div><div class=\"vc_custom_heading case_exerp vc_gitem-post-data vc_gitem-post-data-source-post_excerpt\" ><div style=\"text-align: left\" ><p>Ponowne mia\u0142am okazj\u0119 wsp\u00f3\u0142pracowa\u0107 z miastem Pozna\u0144. Wcze\u015bniej w ramach sesji coachingowych dla przedsi\u0119biorc\u00f3w:) https:\/\/bit.ly\/2X3k1tg\u2764\ufe0f\u2764\ufe0f\u2764\ufe0f Teraz jako doradca marketingowy. Zaproponowa\u0142am tematy: Jak mam promowa\u0107 moj\u0105 firm\u0119 w obecnej sytuacji gospodarczej? Mam pomys\u0142 na biznes, ale nie wiem od czego zacz\u0105\u0107? Obecna sytuacja mocno uderzy\u0142a w m\u00f3j biznes, co mam zrobi\u0107? [&hellip;]<\/p>\n<\/div><\/div><p style=\"font-size: 16px;color: #000000;text-align: left;font-family:Montserrat;font-weight:400;font-style:normal\" class=\"vc_custom_heading tt_button tt_primary_button btn_primary_color hover_solid_secondary post_button\"><a href=\"https:\/\/brandsoul.pl\/en\/o-nas\/newsy\/doradztwo-dla-miasta-poznan\/\" class=\"vc_gitem-link\" title=\"DORADZTWO DLA MIASTA POZNA\u0143\">Czytaj wi\u0119cej<\/a><\/p><\/div><\/div><\/div><\/div><\/div><\/div><div class=\"vc_clearfix\"><\/div><\/div><div class=\"vc_grid-item vc_clearfix vc_col-sm-12\"><div class=\"vc_grid-item-mini vc_clearfix\"><div class=\"vc_gitem-animated-block\" ><div class=\"vc_gitem-zone vc_gitem-zone-a vc_custom_1673513484076 my-post-grid vc-gitem-zone-height-mode-auto vc-gitem-zone-height-mode-auto-16-9\"><div class=\"vc_gitem-zone-mini\"><div class=\"vc_gitem_row vc_row vc_gitem-row-position-top\"><div class=\"vc_col-sm-6 vc_gitem-col vc_gitem-col-align- vc_custom_1673458393234\">\n\t<div class=\"wpb_single_image wpb_content_element vc_custom_1673506984448 vc_align_\">\n\t\t<figure class=\"wpb_wrapper vc_figure\">\n\t\t\t<div class=\"vc_single_image-wrapper   vc_box_border_grey\"><img loading=\"lazy\" decoding=\"async\" width=\"500\" height=\"500\" src=\"https:\/\/brandsoul.pl\/wp-content\/uploads\/2020\/06\/badge-2020-500x500-raw.png\" class=\"vc_single_image-img attachment-full\" alt=\"\" title=\"badge-2020-500x500-raw\" srcset=\"https:\/\/brandsoul.pl\/wp-content\/uploads\/2020\/06\/badge-2020-500x500-raw.png 500w, https:\/\/brandsoul.pl\/wp-content\/uploads\/2020\/06\/badge-2020-500x500-raw-300x300.png 300w, https:\/\/brandsoul.pl\/wp-content\/uploads\/2020\/06\/badge-2020-500x500-raw-150x150.png 150w\" sizes=\"auto, (max-width: 500px) 100vw, 500px\" \/><\/div>\n\t\t<\/figure>\n\t<\/div>\n<\/div><div class=\"vc_col-sm-6 vc_gitem-col vc_gitem-col-align- vc_custom_1673507116706\"><div class=\"vc_custom_heading vc_gitem-post-data vc_gitem-post-data-source-post_title\" ><h4 style=\"font-size: 20px;line-height: 32px;text-align: left\" >NAJLEPSI 2020 NA OFERTEO W\u015aR\u00d3D AGENCJI REKLAMOWYCH W POZNANIU<\/h4><\/div><div class=\"vc_empty_space\"   style=\"height: 52px\"><span class=\"vc_empty_space_inner\"><\/span><\/div><div class=\"vc_custom_heading case_exerp vc_gitem-post-data vc_gitem-post-data-source-post_excerpt\" ><div style=\"text-align: left\" ><p>Studio Marki Brandsoul sp.zo.o. zdobywa tytu\u0142 Najlepsi 2020 w\u015br\u00f3d Agencji Marketingowych w Poznaniu. Mi\u0142o nam poinformowa\u0107, \u017ce otrzymali\u015bmy nagrod\u0119 Najlepsi 2020 za znakomite opinie od naszych Klient\u00f3w. Dzi\u0119kujemy za uznanie! https:\/\/www.oferteo.pl\/agencja-marketingowa\/poznan#Najlepsi Zobacz nasze opinie: Studio Marki Brandsoul sp.zo.o.<\/p>\n<\/div><\/div><p style=\"font-size: 16px;color: #000000;text-align: left;font-family:Montserrat;font-weight:400;font-style:normal\" class=\"vc_custom_heading tt_button tt_primary_button btn_primary_color hover_solid_secondary post_button\"><a href=\"https:\/\/brandsoul.pl\/en\/o-nas\/newsy\/najlepsi-2020-na-oferteo-wsrod-agencji-reklamowych-w-poznaniu\/\" class=\"vc_gitem-link\" title=\"NAJLEPSI 2020 NA OFERTEO W\u015aR\u00d3D AGENCJI REKLAMOWYCH W POZNANIU\">Czytaj wi\u0119cej<\/a><\/p><\/div><\/div><\/div><\/div><\/div><\/div><div class=\"vc_clearfix\"><\/div><\/div><div class=\"vc_grid-item vc_clearfix vc_col-sm-12\"><div class=\"vc_grid-item-mini vc_clearfix\"><div class=\"vc_gitem-animated-block\" ><div class=\"vc_gitem-zone vc_gitem-zone-a vc_custom_1673513484076 my-post-grid vc-gitem-zone-height-mode-auto vc-gitem-zone-height-mode-auto-16-9\"><div class=\"vc_gitem-zone-mini\"><div class=\"vc_gitem_row vc_row vc_gitem-row-position-top\"><div class=\"vc_col-sm-6 vc_gitem-col vc_gitem-col-align- vc_custom_1673458393234\">\n\t<div class=\"wpb_single_image wpb_content_element vc_custom_1673506984448 vc_align_\">\n\t\t<figure class=\"wpb_wrapper vc_figure\">\n\t\t\t<div class=\"vc_single_image-wrapper   vc_box_border_grey\"><img loading=\"lazy\" decoding=\"async\" width=\"1000\" height=\"1074\" src=\"https:\/\/brandsoul.pl\/wp-content\/uploads\/2020\/11\/banner6_brandsoul-1-1.jpg\" class=\"vc_single_image-img attachment-full\" alt=\"\" title=\"banner6_brandsoul-1-1\" srcset=\"https:\/\/brandsoul.pl\/wp-content\/uploads\/2020\/11\/banner6_brandsoul-1-1.jpg 1000w, https:\/\/brandsoul.pl\/wp-content\/uploads\/2020\/11\/banner6_brandsoul-1-1-279x300.jpg 279w, https:\/\/brandsoul.pl\/wp-content\/uploads\/2020\/11\/banner6_brandsoul-1-1-953x1024.jpg 953w, https:\/\/brandsoul.pl\/wp-content\/uploads\/2020\/11\/banner6_brandsoul-1-1-768x825.jpg 768w\" sizes=\"auto, (max-width: 1000px) 100vw, 1000px\" \/><\/div>\n\t\t<\/figure>\n\t<\/div>\n<\/div><div class=\"vc_col-sm-6 vc_gitem-col vc_gitem-col-align- vc_custom_1673507116706\"><div class=\"vc_custom_heading vc_gitem-post-data vc_gitem-post-data-source-post_title\" ><h4 style=\"font-size: 20px;line-height: 32px;text-align: left\" >BEZP\u0141ATNE TELEFONICZNE KONSULTACJE MARKETINGOWO-SPRZEDA\u017bOWE W POZNANIU<\/h4><\/div><div class=\"vc_empty_space\"   style=\"height: 52px\"><span class=\"vc_empty_space_inner\"><\/span><\/div><div class=\"vc_custom_heading case_exerp vc_gitem-post-data vc_gitem-post-data-source-post_excerpt\" ><div style=\"text-align: left\" ><p>Zapraszamy na Bezp\u0142atne telefoniczne konsultacje marketingowo sprzeda\u017cowe organizowane z Miastem Pozna\u0144. Konsultacje b\u0119d\u0105 odbywa\u0142y si\u0119\u00a0telefonicznie\u00a0w wyznaczonych terminach.\u00a0Czas trwania jednej konsultacji to 20 min. Proponowane tematy konsultacji: Jak mam promowa\u0107 moj\u0105 firm\u0119 w obecnej sytuacji gospodarczej? Mam pomys\u0142 na biznes, ale nie wiem od czego zacz\u0105\u0107? Obecna sytuacja mocno uderzy\u0142a w [&hellip;]<\/p>\n<\/div><\/div><p style=\"font-size: 16px;color: #000000;text-align: left;font-family:Montserrat;font-weight:400;font-style:normal\" class=\"vc_custom_heading tt_button tt_primary_button btn_primary_color hover_solid_secondary post_button\"><a href=\"https:\/\/brandsoul.pl\/en\/o-nas\/newsy\/bezplatne-telefoniczne-konsultacje-marketingowo-sprzedazowe-w-poznaniu\/\" class=\"vc_gitem-link\" title=\"BEZP\u0141ATNE TELEFONICZNE KONSULTACJE MARKETINGOWO-SPRZEDA\u017bOWE W POZNANIU\">Czytaj wi\u0119cej<\/a><\/p><\/div><\/div><\/div><\/div><\/div><\/div><div class=\"vc_clearfix\"><\/div><\/div><div class=\"vc_grid-item vc_clearfix vc_col-sm-12\"><div class=\"vc_grid-item-mini vc_clearfix\"><div class=\"vc_gitem-animated-block\" ><div class=\"vc_gitem-zone vc_gitem-zone-a vc_custom_1673513484076 my-post-grid vc-gitem-zone-height-mode-auto vc-gitem-zone-height-mode-auto-16-9\"><div class=\"vc_gitem-zone-mini\"><div class=\"vc_gitem_row vc_row vc_gitem-row-position-top\"><div class=\"vc_col-sm-6 vc_gitem-col vc_gitem-col-align- vc_custom_1673458393234\">\n\t<div class=\"wpb_single_image wpb_content_element vc_custom_1673506984448 vc_align_\">\n\t\t<figure class=\"wpb_wrapper vc_figure\">\n\t\t\t<div class=\"vc_single_image-wrapper   vc_box_border_grey\"><img loading=\"lazy\" decoding=\"async\" width=\"661\" height=\"509\" src=\"https:\/\/brandsoul.pl\/wp-content\/uploads\/2020\/06\/Screenshot_2019-11-30_Twoje_przygotowanie_do_obs\u0142ugi_Klient\u00f3w.jpg\" class=\"vc_single_image-img attachment-full\" alt=\"\" title=\"Screenshot_2019-11-30_Twoje_przygotowanie_do_obs\u0142ugi_Klient\u00f3w\" srcset=\"https:\/\/brandsoul.pl\/wp-content\/uploads\/2020\/06\/Screenshot_2019-11-30_Twoje_przygotowanie_do_obs\u0142ugi_Klient\u00f3w.jpg 661w, https:\/\/brandsoul.pl\/wp-content\/uploads\/2020\/06\/Screenshot_2019-11-30_Twoje_przygotowanie_do_obs\u0142ugi_Klient\u00f3w-300x230.jpg 300w\" sizes=\"auto, (max-width: 661px) 100vw, 661px\" \/><\/div>\n\t\t<\/figure>\n\t<\/div>\n<\/div><div class=\"vc_col-sm-6 vc_gitem-col vc_gitem-col-align- vc_custom_1673507116706\"><div class=\"vc_custom_heading vc_gitem-post-data vc_gitem-post-data-source-post_title\" ><h4 style=\"font-size: 20px;line-height: 32px;text-align: left\" >REFERENCJE NA OFERTEO<\/h4><\/div><div class=\"vc_empty_space\"   style=\"height: 52px\"><span class=\"vc_empty_space_inner\"><\/span><\/div><div class=\"vc_custom_heading case_exerp vc_gitem-post-data vc_gitem-post-data-source-post_excerpt\" ><div style=\"text-align: left\" ><p>Zapraszamy do zapozanania si\u0119 z\u00a0nasz\u0105 wizyt\u00f3wk\u0105 na\u00a0OFERTEO. Prezentujemy tam swoj\u0105 ofert\u0119 i reagujemy na zapytania klient\u00f3w wy\u0142\u0105cznie w obszarze kompleksowej opieki marketingowej.<\/p>\n<\/div><\/div><p style=\"font-size: 16px;color: #000000;text-align: left;font-family:Montserrat;font-weight:400;font-style:normal\" class=\"vc_custom_heading tt_button tt_primary_button btn_primary_color hover_solid_secondary post_button\"><a href=\"https:\/\/brandsoul.pl\/en\/o-nas\/newsy\/referencje-na-oferteo\/\" class=\"vc_gitem-link\" title=\"REFERENCJE NA OFERTEO\">Czytaj wi\u0119cej<\/a><\/p><\/div><\/div><\/div><\/div><\/div><\/div><div class=\"vc_clearfix\"><\/div><\/div><div class=\"vc_grid-item vc_clearfix vc_col-sm-12\"><div class=\"vc_grid-item-mini vc_clearfix\"><div class=\"vc_gitem-animated-block\" ><div class=\"vc_gitem-zone vc_gitem-zone-a vc_custom_1673513484076 my-post-grid vc-gitem-zone-height-mode-auto vc-gitem-zone-height-mode-auto-16-9\"><div class=\"vc_gitem-zone-mini\"><div class=\"vc_gitem_row vc_row vc_gitem-row-position-top\"><div class=\"vc_col-sm-6 vc_gitem-col vc_gitem-col-align- vc_custom_1673458393234\">\n\t<div class=\"wpb_single_image wpb_content_element vc_custom_1673506984448 vc_align_\">\n\t\t<figure class=\"wpb_wrapper vc_figure\">\n\t\t\t<div class=\"vc_single_image-wrapper   vc_box_border_grey\"><img loading=\"lazy\" decoding=\"async\" width=\"2560\" height=\"1920\" src=\"https:\/\/brandsoul.pl\/wp-content\/uploads\/2020\/06\/IMG_20190520_155522-scaled.jpg\" class=\"vc_single_image-img attachment-full\" alt=\"\" title=\"btr\" srcset=\"https:\/\/brandsoul.pl\/wp-content\/uploads\/2020\/06\/IMG_20190520_155522-scaled.jpg 2560w, https:\/\/brandsoul.pl\/wp-content\/uploads\/2020\/06\/IMG_20190520_155522-300x225.jpg 300w, https:\/\/brandsoul.pl\/wp-content\/uploads\/2020\/06\/IMG_20190520_155522-1024x768.jpg 1024w, https:\/\/brandsoul.pl\/wp-content\/uploads\/2020\/06\/IMG_20190520_155522-768x576.jpg 768w, https:\/\/brandsoul.pl\/wp-content\/uploads\/2020\/06\/IMG_20190520_155522-1536x1152.jpg 1536w, https:\/\/brandsoul.pl\/wp-content\/uploads\/2020\/06\/IMG_20190520_155522-2048x1536.jpg 2048w\" sizes=\"auto, (max-width: 2560px) 100vw, 2560px\" \/><\/div>\n\t\t<\/figure>\n\t<\/div>\n<\/div><div class=\"vc_col-sm-6 vc_gitem-col vc_gitem-col-align- vc_custom_1673507116706\"><div class=\"vc_custom_heading vc_gitem-post-data vc_gitem-post-data-source-post_title\" ><h4 style=\"font-size: 20px;line-height: 32px;text-align: left\" >MARKETING DLA M\u015aP<\/h4><\/div><div class=\"vc_empty_space\"   style=\"height: 52px\"><span class=\"vc_empty_space_inner\"><\/span><\/div><div class=\"vc_custom_heading case_exerp vc_gitem-post-data vc_gitem-post-data-source-post_excerpt\" ><div style=\"text-align: left\" ><p>W celu zaprezentowania kompleksowej oferty dla firm reprezentuj\u0105cych sektor mikro, ma\u0142ych i \u015brednich firm, przygotowali\u015bmy dedykowan\u0105 stron\u0119 internetow\u0105. Chcieli\u015bmy na niej pokaza\u0107 spektrum dzia\u0142a\u0144 jakie mo\u017cemy zaproponowa\u0107 firmom oraz jak specjalistycznie nale\u017cy ukierunkowywa\u0107 reklam\u0119 i planowa\u0107 dzia\u0142ania w zale\u017cno\u015bci od zakresu i potencja\u0142u dzia\u0142ania firmy. Zach\u0119camy do indywidualnej wyceny i [&hellip;]<\/p>\n<\/div><\/div><p style=\"font-size: 16px;color: #000000;text-align: left;font-family:Montserrat;font-weight:400;font-style:normal\" class=\"vc_custom_heading tt_button tt_primary_button btn_primary_color hover_solid_secondary post_button\"><a href=\"https:\/\/brandsoul.pl\/en\/o-nas\/newsy\/marketing-dla-msp\/\" class=\"vc_gitem-link\" title=\"MARKETING DLA M\u015aP\">Czytaj wi\u0119cej<\/a><\/p><\/div><\/div><\/div><\/div><\/div><\/div><div class=\"vc_clearfix\"><\/div><\/div><div class=\"vc_grid-item vc_clearfix vc_col-sm-12\"><div class=\"vc_grid-item-mini vc_clearfix\"><div class=\"vc_gitem-animated-block\" ><div class=\"vc_gitem-zone vc_gitem-zone-a vc_custom_1673513484076 my-post-grid vc-gitem-zone-height-mode-auto vc-gitem-zone-height-mode-auto-16-9\"><div class=\"vc_gitem-zone-mini\"><div class=\"vc_gitem_row vc_row vc_gitem-row-position-top\"><div class=\"vc_col-sm-6 vc_gitem-col vc_gitem-col-align- vc_custom_1673458393234\">\n\t<div class=\"wpb_single_image wpb_content_element vc_custom_1673506984448 vc_align_\">\n\t\t<figure class=\"wpb_wrapper vc_figure\">\n\t\t\t<div class=\"vc_single_image-wrapper   vc_box_border_grey\"><img loading=\"lazy\" decoding=\"async\" width=\"2560\" height=\"1920\" src=\"https:\/\/brandsoul.pl\/wp-content\/uploads\/2020\/06\/IMG_20181211_174000-scaled.jpg\" class=\"vc_single_image-img attachment-full\" alt=\"\" title=\"btrmdn\" srcset=\"https:\/\/brandsoul.pl\/wp-content\/uploads\/2020\/06\/IMG_20181211_174000-scaled.jpg 2560w, https:\/\/brandsoul.pl\/wp-content\/uploads\/2020\/06\/IMG_20181211_174000-300x225.jpg 300w, https:\/\/brandsoul.pl\/wp-content\/uploads\/2020\/06\/IMG_20181211_174000-1024x768.jpg 1024w, https:\/\/brandsoul.pl\/wp-content\/uploads\/2020\/06\/IMG_20181211_174000-768x576.jpg 768w, https:\/\/brandsoul.pl\/wp-content\/uploads\/2020\/06\/IMG_20181211_174000-1536x1152.jpg 1536w, https:\/\/brandsoul.pl\/wp-content\/uploads\/2020\/06\/IMG_20181211_174000-2048x1536.jpg 2048w\" sizes=\"auto, (max-width: 2560px) 100vw, 2560px\" \/><\/div>\n\t\t<\/figure>\n\t<\/div>\n<\/div><div class=\"vc_col-sm-6 vc_gitem-col vc_gitem-col-align- vc_custom_1673507116706\"><div class=\"vc_custom_heading vc_gitem-post-data vc_gitem-post-data-source-post_title\" ><h4 style=\"font-size: 20px;line-height: 32px;text-align: left\" >MARKETING W TURYSTYCE &#8211; ITURYSTYKA.INFO<\/h4><\/div><div class=\"vc_empty_space\"   style=\"height: 52px\"><span class=\"vc_empty_space_inner\"><\/span><\/div><div class=\"vc_custom_heading case_exerp vc_gitem-post-data vc_gitem-post-data-source-post_excerpt\" ><div style=\"text-align: left\" ><p>Nowy projekt naszej firmy, wspieraj\u0105cy w dzia\u0142aniach marketingowych firmy z bran\u017cy turystycznej. Biznesy ca\u0142oroczne lub sezonowe. Przygotowali\u015bmy specjalnie dla nich ofert\u0119 specjaln\u0105 na wykonanie podstawowych narz\u0119dzi marketingu oraz wsparcie marketingowe podczas bie\u017c\u0105cej dzia\u0142alno\u015bci. Ca\u0142o\u015b\u0107 oferty przedstawiamy na dedykowanej stronie\u00a0www.iturystyka.info. Zapraszamy!<\/p>\n<\/div><\/div><p style=\"font-size: 16px;color: #000000;text-align: left;font-family:Montserrat;font-weight:400;font-style:normal\" class=\"vc_custom_heading tt_button tt_primary_button btn_primary_color hover_solid_secondary post_button\"><a href=\"https:\/\/brandsoul.pl\/en\/o-nas\/newsy\/marketing-w-turystyce-iturystyka-info\/\" class=\"vc_gitem-link\" title=\"MARKETING W TURYSTYCE &#8211; ITURYSTYKA.INFO\">Czytaj wi\u0119cej<\/a><\/p><\/div><\/div><\/div><\/div><\/div><\/div><div class=\"vc_clearfix\"><\/div><\/div><div class=\"vc_grid-item vc_clearfix vc_col-sm-12\"><div class=\"vc_grid-item-mini vc_clearfix\"><div class=\"vc_gitem-animated-block\" ><div class=\"vc_gitem-zone vc_gitem-zone-a vc_custom_1673513484076 my-post-grid vc-gitem-zone-height-mode-auto vc-gitem-zone-height-mode-auto-16-9\"><div class=\"vc_gitem-zone-mini\"><div class=\"vc_gitem_row vc_row vc_gitem-row-position-top\"><div class=\"vc_col-sm-6 vc_gitem-col vc_gitem-col-align- vc_custom_1673458393234\">\n\t<div class=\"wpb_single_image wpb_content_element vc_custom_1673506984448 vc_align_\">\n\t\t<figure class=\"wpb_wrapper vc_figure\">\n\t\t\t<div class=\"vc_single_image-wrapper   vc_box_border_grey\"><img loading=\"lazy\" decoding=\"async\" width=\"1920\" height=\"1080\" src=\"https:\/\/brandsoul.pl\/wp-content\/uploads\/2020\/06\/strategia.png\" class=\"vc_single_image-img attachment-full\" alt=\"\" title=\"strategia\" srcset=\"https:\/\/brandsoul.pl\/wp-content\/uploads\/2020\/06\/strategia.png 1920w, https:\/\/brandsoul.pl\/wp-content\/uploads\/2020\/06\/strategia-300x169.png 300w, https:\/\/brandsoul.pl\/wp-content\/uploads\/2020\/06\/strategia-1024x576.png 1024w, https:\/\/brandsoul.pl\/wp-content\/uploads\/2020\/06\/strategia-768x432.png 768w, https:\/\/brandsoul.pl\/wp-content\/uploads\/2020\/06\/strategia-1536x864.png 1536w\" sizes=\"auto, (max-width: 1920px) 100vw, 1920px\" \/><\/div>\n\t\t<\/figure>\n\t<\/div>\n<\/div><div class=\"vc_col-sm-6 vc_gitem-col vc_gitem-col-align- vc_custom_1673507116706\"><div class=\"vc_custom_heading vc_gitem-post-data vc_gitem-post-data-source-post_title\" ><h4 style=\"font-size: 20px;line-height: 32px;text-align: left\" >SZKOLENIE &#8211; STRATEGIA PROMOCJI I SPRZEDA\u017bY W MIKRO\/MA\u0141EJ FIRMIE.<\/h4><\/div><div class=\"vc_empty_space\"   style=\"height: 52px\"><span class=\"vc_empty_space_inner\"><\/span><\/div><div class=\"vc_custom_heading case_exerp vc_gitem-post-data vc_gitem-post-data-source-post_excerpt\" ><div style=\"text-align: left\" ><p>Kreacja strategii promocji i sprzeda\u017cy dla firmy wymaga od przedsi\u0119biorcy du\u017cej ilo\u015bci czasu i wszechstronnej wiedzy z zakresu marketingu i sprzeda\u017cy. Strategia jest wa\u017cna, gdy\u017c od niej zaczyna si\u0119 pomiar efekt\u00f3w i monitoring rozwoju Twojej firmy. To pewien plan do kt\u00f3rego mo\u017cesz w ka\u017cdej chwili si\u0119 odnie\u015b\u0107, skorygowa\u0107 lub udoskonali\u0107. [&hellip;]<\/p>\n<\/div><\/div><p style=\"font-size: 16px;color: #000000;text-align: left;font-family:Montserrat;font-weight:400;font-style:normal\" class=\"vc_custom_heading tt_button tt_primary_button btn_primary_color hover_solid_secondary post_button\"><a href=\"https:\/\/brandsoul.pl\/en\/o-nas\/newsy\/szkolenie-strategia-promocji-i-sprzedazy-w-mikro-malej-firmie\/\" class=\"vc_gitem-link\" title=\"SZKOLENIE &#8211; STRATEGIA PROMOCJI I SPRZEDA\u017bY W MIKRO\/MA\u0141EJ FIRMIE.\">Czytaj wi\u0119cej<\/a><\/p><\/div><\/div><\/div><\/div><\/div><\/div><div class=\"vc_clearfix\"><\/div><\/div><div class=\"vc_grid-item vc_clearfix vc_col-sm-12\"><div class=\"vc_grid-item-mini vc_clearfix\"><div class=\"vc_gitem-animated-block\" ><div class=\"vc_gitem-zone vc_gitem-zone-a vc_custom_1673513484076 my-post-grid vc-gitem-zone-height-mode-auto vc-gitem-zone-height-mode-auto-16-9\"><div class=\"vc_gitem-zone-mini\"><div class=\"vc_gitem_row vc_row vc_gitem-row-position-top\"><div class=\"vc_col-sm-6 vc_gitem-col vc_gitem-col-align- vc_custom_1673458393234\">\n\t<div class=\"wpb_single_image wpb_content_element vc_custom_1673506984448 vc_align_\">\n\t\t<figure class=\"wpb_wrapper vc_figure\">\n\t\t\t<div class=\"vc_single_image-wrapper   vc_box_border_grey\"><img loading=\"lazy\" decoding=\"async\" width=\"1080\" height=\"1080\" src=\"https:\/\/brandsoul.pl\/wp-content\/uploads\/2020\/06\/grafika_fb.jpg\" class=\"vc_single_image-img attachment-full\" alt=\"\" title=\"grafika_fb\" srcset=\"https:\/\/brandsoul.pl\/wp-content\/uploads\/2020\/06\/grafika_fb.jpg 1080w, https:\/\/brandsoul.pl\/wp-content\/uploads\/2020\/06\/grafika_fb-300x300.jpg 300w, https:\/\/brandsoul.pl\/wp-content\/uploads\/2020\/06\/grafika_fb-1024x1024.jpg 1024w, https:\/\/brandsoul.pl\/wp-content\/uploads\/2020\/06\/grafika_fb-150x150.jpg 150w, https:\/\/brandsoul.pl\/wp-content\/uploads\/2020\/06\/grafika_fb-768x768.jpg 768w, https:\/\/brandsoul.pl\/wp-content\/uploads\/2020\/06\/grafika_fb-600x600.jpg 600w\" sizes=\"auto, (max-width: 1080px) 100vw, 1080px\" \/><\/div>\n\t\t<\/figure>\n\t<\/div>\n<\/div><div class=\"vc_col-sm-6 vc_gitem-col vc_gitem-col-align- vc_custom_1673507116706\"><div class=\"vc_custom_heading vc_gitem-post-data vc_gitem-post-data-source-post_title\" ><h4 style=\"font-size: 20px;line-height: 32px;text-align: left\" >STRONA INTERNETOWA ZA 500 Z\u0141 \ud83d\ude42<\/h4><\/div><div class=\"vc_empty_space\"   style=\"height: 52px\"><span class=\"vc_empty_space_inner\"><\/span><\/div><div class=\"vc_custom_heading case_exerp vc_gitem-post-data vc_gitem-post-data-source-post_excerpt\" ><div style=\"text-align: left\" ><p>OFERTA SPECJALNA! Prowadzisz mikro lub ma\u0142y biznes? Chcesz mie\u0107 w dobrej cenie stron\u0119 internetow\u0105, kt\u00f3ra b\u0119dzie oparta na sprawdzonym i wiarygodnym systemie CMS &#8211; wordpress? Skontaktuj si\u0119 z nami:) Szybko i w doskona\u0142ej cenie stworzymy Twoj\u0105 stron\u0119 internetow\u0105. Co zyskujesz? stron\u0119 internetow\u0105, kt\u00f3ra mo\u017ce stanowi\u0107 podstaw\u0119 dla rozpocz\u0119cia promocji biznesu [&hellip;]<\/p>\n<\/div><\/div><p style=\"font-size: 16px;color: #000000;text-align: left;font-family:Montserrat;font-weight:400;font-style:normal\" class=\"vc_custom_heading tt_button tt_primary_button btn_primary_color hover_solid_secondary post_button\"><a href=\"https:\/\/brandsoul.pl\/en\/o-nas\/newsy\/strona-internetowa-za-500-zl\/\" class=\"vc_gitem-link\" title=\"STRONA INTERNETOWA ZA 500 Z\u0141 :)\">Czytaj wi\u0119cej<\/a><\/p><\/div><\/div><\/div><\/div><\/div><\/div><div class=\"vc_clearfix\"><\/div><\/div><div class=\"vc_grid-item vc_clearfix vc_col-sm-12\"><div class=\"vc_grid-item-mini vc_clearfix\"><div class=\"vc_gitem-animated-block\" ><div class=\"vc_gitem-zone vc_gitem-zone-a vc_custom_1673513484076 my-post-grid vc-gitem-zone-height-mode-auto vc-gitem-zone-height-mode-auto-16-9\"><div class=\"vc_gitem-zone-mini\"><div class=\"vc_gitem_row vc_row vc_gitem-row-position-top\"><div class=\"vc_col-sm-6 vc_gitem-col vc_gitem-col-align- vc_custom_1673458393234\">\n\t<div class=\"wpb_single_image wpb_content_element vc_custom_1673506984448 vc_align_\">\n\t\t<figure class=\"wpb_wrapper vc_figure\">\n\t\t\t<div class=\"vc_single_image-wrapper   vc_box_border_grey\"><\/div>\n\t\t<\/figure>\n\t<\/div>\n<\/div><div class=\"vc_col-sm-6 vc_gitem-col vc_gitem-col-align- vc_custom_1673507116706\"><div class=\"vc_custom_heading vc_gitem-post-data vc_gitem-post-data-source-post_title\" ><h4 style=\"font-size: 20px;line-height: 32px;text-align: left\" >4 BEZP\u0141ATNE WEBINARY W PREZENCIE &#8211; ZARZ\u0104DZAJ SWOJ\u0104 MARK\u0104 EFEKTYWNIE<\/h4><\/div><div class=\"vc_empty_space\"   style=\"height: 52px\"><span class=\"vc_empty_space_inner\"><\/span><\/div><div class=\"vc_custom_heading case_exerp vc_gitem-post-data vc_gitem-post-data-source-post_excerpt\" ><div style=\"text-align: left\" ><p>ZARZ\u0104DZAJ SWOJ\u0104 MARK\u0104 EFEKTYWNIE I KREATYWNIE. TERMINARZ: -&gt;\u00a03 GRUDNIA 2018 r. \u2013 Mam pomys\u0142, ale nie wiem czy warto go zrealizowa\u0107 lub jak go zrealizowa\u0107. Od czego zacz\u0105\u0107? Stw\u00f3rz Plan dzia\u0142ania! Poznaj swoje mo\u017cliwo\u015bci. -&gt;\u00a08 STYCZNIA\u00a0 2019\u00a0r.\u2013 Plan marketingowy \u2013 zacznijmy od podstawa, zaplanuj dzia\u0142ania marketingowe w firmie, wspieraj\u0105c sprzeda\u017c. [&hellip;]<\/p>\n<\/div><\/div><p style=\"font-size: 16px;color: #000000;text-align: left;font-family:Montserrat;font-weight:400;font-style:normal\" class=\"vc_custom_heading tt_button tt_primary_button btn_primary_color hover_solid_secondary post_button\"><a href=\"https:\/\/brandsoul.pl\/en\/o-nas\/newsy\/4-bezplatne-webinary-w-prezencie-zarzadzaj-swoja-marka-efektywnie\/\" class=\"vc_gitem-link\" title=\"4 BEZP\u0141ATNE WEBINARY W PREZENCIE &#8211; ZARZ\u0104DZAJ SWOJ\u0104 MARK\u0104 EFEKTYWNIE\">Czytaj wi\u0119cej<\/a><\/p><\/div><\/div><\/div><\/div><\/div><\/div><div class=\"vc_clearfix\"><\/div><\/div><div class=\"vc_grid-item vc_clearfix vc_col-sm-12\"><div class=\"vc_grid-item-mini vc_clearfix\"><div class=\"vc_gitem-animated-block\" ><div class=\"vc_gitem-zone vc_gitem-zone-a vc_custom_1673513484076 my-post-grid vc-gitem-zone-height-mode-auto vc-gitem-zone-height-mode-auto-16-9\"><div class=\"vc_gitem-zone-mini\"><div class=\"vc_gitem_row vc_row vc_gitem-row-position-top\"><div class=\"vc_col-sm-6 vc_gitem-col vc_gitem-col-align- vc_custom_1673458393234\">\n\t<div class=\"wpb_single_image wpb_content_element vc_custom_1673506984448 vc_align_\">\n\t\t<figure class=\"wpb_wrapper vc_figure\">\n\t\t\t<div class=\"vc_single_image-wrapper   vc_box_border_grey\"><img loading=\"lazy\" decoding=\"async\" width=\"320\" height=\"320\" src=\"https:\/\/brandsoul.pl\/wp-content\/uploads\/2020\/06\/avatar_czarne_fb_brandsoul_group_01.png\" class=\"vc_single_image-img attachment-full\" alt=\"\" title=\"avatar_czarne_fb_brandsoul_group_01\" srcset=\"https:\/\/brandsoul.pl\/wp-content\/uploads\/2020\/06\/avatar_czarne_fb_brandsoul_group_01.png 320w, https:\/\/brandsoul.pl\/wp-content\/uploads\/2020\/06\/avatar_czarne_fb_brandsoul_group_01-300x300.png 300w, https:\/\/brandsoul.pl\/wp-content\/uploads\/2020\/06\/avatar_czarne_fb_brandsoul_group_01-150x150.png 150w\" sizes=\"auto, (max-width: 320px) 100vw, 320px\" \/><\/div>\n\t\t<\/figure>\n\t<\/div>\n<\/div><div class=\"vc_col-sm-6 vc_gitem-col vc_gitem-col-align- vc_custom_1673507116706\"><div class=\"vc_custom_heading vc_gitem-post-data vc_gitem-post-data-source-post_title\" ><h4 style=\"font-size: 20px;line-height: 32px;text-align: left\" >STRONA GRUPY BRANDSOUL<\/h4><\/div><div class=\"vc_empty_space\"   style=\"height: 52px\"><span class=\"vc_empty_space_inner\"><\/span><\/div><div class=\"vc_custom_heading case_exerp vc_gitem-post-data vc_gitem-post-data-source-post_excerpt\" ><div style=\"text-align: left\" ><p>Uda\u0142o si\u0119 nam w ko\u0144cu przygotowa\u0107 stron\u0119 naszej grupy marek:) Oto aktualne nasze marki. Zapraszamy do wsp\u00f3\u0142pracy!:) WWW.BRANDSOULGROUP.PL<\/p>\n<\/div><\/div><p style=\"font-size: 16px;color: #000000;text-align: left;font-family:Montserrat;font-weight:400;font-style:normal\" class=\"vc_custom_heading tt_button tt_primary_button btn_primary_color hover_solid_secondary post_button\"><a href=\"https:\/\/brandsoul.pl\/en\/o-nas\/newsy\/strona-grupy-brandsoul\/\" class=\"vc_gitem-link\" title=\"STRONA GRUPY BRANDSOUL\">Czytaj wi\u0119cej<\/a><\/p><\/div><\/div><\/div><\/div><\/div><\/div><div class=\"vc_clearfix\"><\/div><\/div><div class=\"vc_grid-item vc_clearfix vc_col-sm-12\"><div class=\"vc_grid-item-mini vc_clearfix\"><div class=\"vc_gitem-animated-block\" ><div class=\"vc_gitem-zone vc_gitem-zone-a vc_custom_1673513484076 my-post-grid vc-gitem-zone-height-mode-auto vc-gitem-zone-height-mode-auto-16-9\"><div class=\"vc_gitem-zone-mini\"><div class=\"vc_gitem_row vc_row vc_gitem-row-position-top\"><div class=\"vc_col-sm-6 vc_gitem-col vc_gitem-col-align- vc_custom_1673458393234\">\n\t<div class=\"wpb_single_image wpb_content_element vc_custom_1673506984448 vc_align_\">\n\t\t<figure class=\"wpb_wrapper vc_figure\">\n\t\t\t<div class=\"vc_single_image-wrapper   vc_box_border_grey\"><img loading=\"lazy\" decoding=\"async\" width=\"1600\" height=\"1350\" src=\"https:\/\/brandsoul.pl\/wp-content\/uploads\/2020\/06\/Image00017.png\" class=\"vc_single_image-img attachment-full\" alt=\"\" title=\"Image00017\" srcset=\"https:\/\/brandsoul.pl\/wp-content\/uploads\/2020\/06\/Image00017.png 1600w, https:\/\/brandsoul.pl\/wp-content\/uploads\/2020\/06\/Image00017-300x253.png 300w, https:\/\/brandsoul.pl\/wp-content\/uploads\/2020\/06\/Image00017-1024x864.png 1024w, https:\/\/brandsoul.pl\/wp-content\/uploads\/2020\/06\/Image00017-768x648.png 768w, https:\/\/brandsoul.pl\/wp-content\/uploads\/2020\/06\/Image00017-1536x1296.png 1536w\" sizes=\"auto, (max-width: 1600px) 100vw, 1600px\" \/><\/div>\n\t\t<\/figure>\n\t<\/div>\n<\/div><div class=\"vc_col-sm-6 vc_gitem-col vc_gitem-col-align- vc_custom_1673507116706\"><div class=\"vc_custom_heading vc_gitem-post-data vc_gitem-post-data-source-post_title\" ><h4 style=\"font-size: 20px;line-height: 32px;text-align: left\" >STWORZYMY STRATEGI\u0118 DLA TWOJEGO BIZNESU<\/h4><\/div><div class=\"vc_empty_space\"   style=\"height: 52px\"><span class=\"vc_empty_space_inner\"><\/span><\/div><div class=\"vc_custom_heading case_exerp vc_gitem-post-data vc_gitem-post-data-source-post_excerpt\" ><div style=\"text-align: left\" ><p>KREUJEMY EFEKTYWNE POMYS\u0141Y NA BIZNES! 1. Opracujemy strategi\u0119 marketingow\u0105 lub sprzeda\u017cow\u0105 dla istniej\u0105cego biznesu 2. Przygotujemy biznes plan dla nowej marki 3. Pomo\u017cemy w opracowaniu kompleksowej strategii zarz\u0105dzania biznesem 4. Skoordynujemy wdro\u017cenie opracowanej strategii Zapewniamy: 1. Nieszablonowo\u015b\u0107 rozwi\u0105za\u0144 2. Zaanga\u017cowanie, kreatywno\u015b\u0107 i strategiczne my\u015blenie! 3. Terminowo\u015b\u0107 4. Konkurencyjne ceny info@brandsoul.pl [&hellip;]<\/p>\n<\/div><\/div><p style=\"font-size: 16px;color: #000000;text-align: left;font-family:Montserrat;font-weight:400;font-style:normal\" class=\"vc_custom_heading tt_button tt_primary_button btn_primary_color hover_solid_secondary post_button\"><a href=\"https:\/\/brandsoul.pl\/en\/o-nas\/newsy\/stworzymy-strategie-dla-twojego-biznesu\/\" class=\"vc_gitem-link\" title=\"STWORZYMY STRATEGI\u0118 DLA TWOJEGO BIZNESU\">Czytaj wi\u0119cej<\/a><\/p><\/div><\/div><\/div><\/div><\/div><\/div><div class=\"vc_clearfix\"><\/div><\/div><div class=\"vc_grid-item vc_clearfix vc_col-sm-12\"><div class=\"vc_grid-item-mini vc_clearfix\"><div class=\"vc_gitem-animated-block\" ><div class=\"vc_gitem-zone vc_gitem-zone-a vc_custom_1673513484076 my-post-grid vc-gitem-zone-height-mode-auto vc-gitem-zone-height-mode-auto-16-9\"><div class=\"vc_gitem-zone-mini\"><div class=\"vc_gitem_row vc_row vc_gitem-row-position-top\"><div class=\"vc_col-sm-6 vc_gitem-col vc_gitem-col-align- vc_custom_1673458393234\">\n\t<div class=\"wpb_single_image wpb_content_element vc_custom_1673506984448 vc_align_\">\n\t\t<figure class=\"wpb_wrapper vc_figure\">\n\t\t\t<div class=\"vc_single_image-wrapper   vc_box_border_grey\"><img loading=\"lazy\" decoding=\"async\" width=\"443\" height=\"443\" src=\"https:\/\/brandsoul.pl\/wp-content\/uploads\/2020\/06\/Image00002.png\" class=\"vc_single_image-img attachment-full\" alt=\"\" title=\"Image00002\" srcset=\"https:\/\/brandsoul.pl\/wp-content\/uploads\/2020\/06\/Image00002.png 443w, https:\/\/brandsoul.pl\/wp-content\/uploads\/2020\/06\/Image00002-300x300.png 300w, https:\/\/brandsoul.pl\/wp-content\/uploads\/2020\/06\/Image00002-150x150.png 150w\" sizes=\"auto, (max-width: 443px) 100vw, 443px\" \/><\/div>\n\t\t<\/figure>\n\t<\/div>\n<\/div><div class=\"vc_col-sm-6 vc_gitem-col vc_gitem-col-align- vc_custom_1673507116706\"><div class=\"vc_custom_heading vc_gitem-post-data vc_gitem-post-data-source-post_title\" ><h4 style=\"font-size: 20px;line-height: 32px;text-align: left\" >MIKRO BIZNES &#8211; WSPARCIE MARKETINGOWE<\/h4><\/div><div class=\"vc_empty_space\"   style=\"height: 52px\"><span class=\"vc_empty_space_inner\"><\/span><\/div><div class=\"vc_custom_heading case_exerp vc_gitem-post-data vc_gitem-post-data-source-post_excerpt\" ><div style=\"text-align: left\" ><p>Zapraszamy do skorzystania z oferty dla\u00a0mikro firm, kt\u00f3re chcia\u0142aby rozpocz\u0105\u0107 efektywne dzia\u0142ania promocyjne swojej firmy. W ramach miesi\u0119cznego rycza\u0142tu masz nie tylko opiek\u0119, ale tak\u017ce wizyt\u00f3wk\u0119 na portalu dla ma\u0142ych i \u015brednich firm, kt\u00f3rej roczny pakiet wynosi od 600-800 z\u0142 netto! Celem naszej propozycji jest aktywizacja do dzia\u0142ania mikro firm, [&hellip;]<\/p>\n<\/div><\/div><p style=\"font-size: 16px;color: #000000;text-align: left;font-family:Montserrat;font-weight:400;font-style:normal\" class=\"vc_custom_heading tt_button tt_primary_button btn_primary_color hover_solid_secondary post_button\"><a href=\"https:\/\/brandsoul.pl\/en\/o-nas\/newsy\/mikro-biznes-wsparcie-marketingowe\/\" class=\"vc_gitem-link\" title=\"MIKRO BIZNES &#8211; WSPARCIE MARKETINGOWE\">Czytaj wi\u0119cej<\/a><\/p><\/div><\/div><\/div><\/div><\/div><\/div><div class=\"vc_clearfix\"><\/div><\/div><div class=\"vc_grid-item vc_clearfix vc_col-sm-12\"><div class=\"vc_grid-item-mini vc_clearfix\"><div class=\"vc_gitem-animated-block\" ><div class=\"vc_gitem-zone vc_gitem-zone-a vc_custom_1673513484076 my-post-grid vc-gitem-zone-height-mode-auto vc-gitem-zone-height-mode-auto-16-9\"><div class=\"vc_gitem-zone-mini\"><div class=\"vc_gitem_row vc_row vc_gitem-row-position-top\"><div class=\"vc_col-sm-6 vc_gitem-col vc_gitem-col-align- vc_custom_1673458393234\">\n\t<div class=\"wpb_single_image wpb_content_element vc_custom_1673506984448 vc_align_\">\n\t\t<figure class=\"wpb_wrapper vc_figure\">\n\t\t\t<div class=\"vc_single_image-wrapper   vc_box_border_grey\"><img loading=\"lazy\" decoding=\"async\" width=\"443\" height=\"443\" src=\"https:\/\/brandsoul.pl\/wp-content\/uploads\/2020\/06\/Image00001-1.png\" class=\"vc_single_image-img attachment-full\" alt=\"\" title=\"Image00001\" srcset=\"https:\/\/brandsoul.pl\/wp-content\/uploads\/2020\/06\/Image00001-1.png 443w, https:\/\/brandsoul.pl\/wp-content\/uploads\/2020\/06\/Image00001-1-300x300.png 300w, https:\/\/brandsoul.pl\/wp-content\/uploads\/2020\/06\/Image00001-1-150x150.png 150w\" sizes=\"auto, (max-width: 443px) 100vw, 443px\" \/><\/div>\n\t\t<\/figure>\n\t<\/div>\n<\/div><div class=\"vc_col-sm-6 vc_gitem-col vc_gitem-col-align- vc_custom_1673507116706\"><div class=\"vc_custom_heading vc_gitem-post-data vc_gitem-post-data-source-post_title\" ><h4 style=\"font-size: 20px;line-height: 32px;text-align: left\" >TWOJA MARKA OSOBISTA &#8211; PAKIETY<\/h4><\/div><div class=\"vc_empty_space\"   style=\"height: 52px\"><span class=\"vc_empty_space_inner\"><\/span><\/div><div class=\"vc_custom_heading case_exerp vc_gitem-post-data vc_gitem-post-data-source-post_excerpt\" ><div style=\"text-align: left\" ><p>Zapraszamy serdecznie do skorzystania z pakiet\u00f3w NA RATY! Jest to oferta specjalna dla firm, kt\u00f3re startuj\u0105\u00a0 na rynku, wprowadzaj\u0105 nowy produkt\/ us\u0142ug\u0119 czy te\u017c rozpoczynaj\u0105 dzia\u0142ania marketingowe. Dzi\u0119ki efektywnemu systemowi rozlicze\u0144 mo\u017cesz skorzysta\u0107 z <a href=\"https:\/\/brandsoul.pl\/en\/doradztwo-biznesowe-marketingowe-dla-firm\/doradztwo-marketingowe\/\" data-internallinksmanager029f6b8e52c=\"2\" title=\"Doradztwo marketingowe\">doradztwa marketingowego<\/a> i sprzeda\u017cowego na najlepszych warunkach!<\/p>\n<\/div><\/div><p style=\"font-size: 16px;color: #000000;text-align: left;font-family:Montserrat;font-weight:400;font-style:normal\" class=\"vc_custom_heading tt_button tt_primary_button btn_primary_color hover_solid_secondary post_button\"><a href=\"https:\/\/brandsoul.pl\/en\/o-nas\/newsy\/twoja-marka-osobista-pakiety\/\" class=\"vc_gitem-link\" title=\"TWOJA MARKA OSOBISTA &#8211; PAKIETY\">Czytaj wi\u0119cej<\/a><\/p><\/div><\/div><\/div><\/div><\/div><\/div><div class=\"vc_clearfix\"><\/div><\/div><\/div><div data-lazy-loading-btn=\"true\" style=\"display: none;\"><a href=\"https:\/\/brandsoul.pl\/en\/newsy\/\"><\/a><\/div><\/div>\n\t<\/div>\n<\/div><\/div><\/div><\/div><div class=\"wpb_column vc_column_container vc_col-sm-4\"><div class=\"vc_column-inner\"><div class=\"wpb_wrapper\"><div class=\"vc_row wpb_row vc_inner vc_row-fluid vc_row-bg-position-top\"><div class=\"wpb_column vc_column_container vc_col-sm-12\"><div class=\"vc_column-inner\"><div class=\"wpb_wrapper\"><div  class=\"vc_wp_custommenu wpb_content_element blog-menu-m\"><div class=\"widget widget_nav_menu\"><div class=\"menu-newsy-container\"><ul id=\"menu-newsy\" class=\"menu\"><li id=\"menu-item-10934\" class=\"menu-item menu-item-type-post_type menu-item-object-page menu-item-10934\"><a href=\"https:\/\/brandsoul.pl\/en\/newsy\/nasi-klienci\/\">Nasi Klienci<\/a><\/li>\n<li id=\"menu-item-10933\" class=\"menu-item menu-item-type-post_type menu-item-object-page menu-item-10933\"><a href=\"https:\/\/brandsoul.pl\/en\/newsy\/brandsoul\/\">Brandsoul<\/a><\/li>\n<li id=\"menu-item-10932\" class=\"menu-item menu-item-type-post_type menu-item-object-page menu-item-10932\"><a href=\"https:\/\/brandsoul.pl\/en\/newsy\/projekty\/\">Projekty<\/a><\/li>\n<li id=\"menu-item-10931\" class=\"menu-item menu-item-type-post_type menu-item-object-page menu-item-10931\"><a href=\"https:\/\/brandsoul.pl\/en\/newsy\/wydarzenia\/\">Wydarzenia<\/a><\/li>\n<li id=\"menu-item-11112\" class=\"menu-item menu-item-type-taxonomy menu-item-object-category menu-item-11112\"><a href=\"https:\/\/brandsoul.pl\/en\/.\/o-nas\/newsy\/biznes\/\">Biznes<\/a><\/li>\n<\/ul><\/div><\/div><\/div><\/div><\/div><\/div><\/div><\/div><\/div><\/div><\/div><div class=\"vc_row-full-width vc_clearfix\"><\/div><div data-vc-full-width=\"true\" data-vc-full-width-init=\"false\" class=\"vc_row wpb_row vc_row-fluid vc_custom_1672148395346 vc_row-has-fill vc_row-bg-position-top\"><div class=\"wpb_column vc_column_container vc_col-sm-12\"><div class=\"vc_column-inner\"><div class=\"wpb_wrapper\"><div class=\"kd-calltoaction\" >\n                <div class=\"container\">\n                  <div class=\"cta-text-container kd-animated fadeIn\" data-animation-delay=\"200\"><div class=\"cta-text\"><h5 style=\"color: #000000;\">Um\u00f3w si\u0119 na spotkanie. Poznajmy si\u0119!<\/h5><\/div>\n                    <\/div>\n                    <div class=\"cta-btncontainer\"><a href=\"https:\/\/brandsoul.pl\/en\/kontakt\/\"  title=\"Kontakt\" class=\"tt_button tt_secondary_button btn_secondary_color  button-action-link icon_right kd-animated zoomIn\" data-animation-delay=\"200\">Porozmawiajmy!<span class=\"fas fa-chevron-right iconita\" ><\/span><\/a><\/div>\n                <\/div>\n            <\/div><\/div><\/div><\/div><\/div><div class=\"vc_row-full-width vc_clearfix\"><\/div><div data-vc-full-width=\"true\" data-vc-full-width-init=\"false\" class=\"vc_row wpb_row vc_row-fluid vc_custom_1705399705952 vc_row-has-fill vc_row-has-padding-top vc_row-has-padding-bottom vc_row-bg-position-top\"><div class=\"wpb_column vc_column_container vc_col-sm-12\"><div class=\"vc_column-inner\"><div class=\"wpb_wrapper\"><div class=\"vc_row wpb_row vc_inner vc_row-fluid vc_row-bg-position-top\"><div class=\"wpb_column vc_column_container vc_col-sm-4\"><div class=\"vc_column-inner\"><div class=\"wpb_wrapper\">\n\t<div  class=\"wpb_single_image wpb_content_element vc_align_left  vc_custom_1700946278199\">\n\t\t\n\t\t<figure class=\"wpb_wrapper vc_figure\">\n\t\t\t<div class=\"vc_single_image-wrapper   vc_box_border_grey\"><img loading=\"lazy\" decoding=\"async\" class=\"vc_single_image-img\" width=\"80\" height=\"80\"  src=\"https:\/\/brandsoul.pl\/wp-content\/uploads\/2023\/11\/logo_brandsoul.png\" \/><\/div>\n\t\t<\/figure>\n\t<\/div>\n<h3 style=\"font-size: 14px;color: #ffffff;text-align: left\" class=\"vc_custom_heading\" >STUDIO MARKI BRANDSOUL SP.Z O.O.<\/h3><h5 style=\"font-size: 14px;color: #ffffff;text-align: left\" class=\"vc_custom_heading\" >Biuro g\u0142\u00f3wne (siedziba) Zalasewo (Swarz\u0119dz)<\/h5>\n\t<div class=\"wpb_text_column wpb_content_element\" >\n\t\t<div class=\"wpb_wrapper\">\n\t\t\t<p>ul. K\u00f3rnicka 198B\/11<br \/>\n62-020 Zalasewo<\/p>\n\n\t\t<\/div>\n\t<\/div>\n<h5 style=\"font-size: 14px;color: #ffffff;text-align: left\" class=\"vc_custom_heading\" >Biuro Pozna\u0144<\/h5>\n\t<div class=\"wpb_text_column wpb_content_element\" >\n\t\t<div class=\"wpb_wrapper\">\n\t\t\t<p>ul. D\u0105browskiego 77A<br \/>\n60-529 Pozna\u0144<\/p>\n\n\t\t<\/div>\n\t<\/div>\n<\/div><\/div><\/div><div class=\"wpb_column vc_column_container vc_col-sm-4\"><div class=\"vc_column-inner\"><div class=\"wpb_wrapper\"><h3 style=\"font-size: 14px;color: #ffffff;text-align: left\" class=\"vc_custom_heading\" >DANE FIRMY<\/h3>\n\t<div class=\"wpb_text_column wpb_content_element\" >\n\t\t<div class=\"wpb_wrapper\">\n\t\t\t<p>Studio Marki Brandsoul Sp. z o. o.<br \/>\nul. Harmonia 9\/6<br \/>\n62-020 Zalasewo<\/p>\n\n\t\t<\/div>\n\t<\/div>\n\n\t<div class=\"wpb_text_column wpb_content_element\" >\n\t\t<div class=\"wpb_wrapper\">\n\t\t\t<p>kom. +48 668 130 202<br \/>\n<a href=\"mailto:info@brandsoul.pl\">info@brandsoul.pl<\/a><\/p>\n\n\t\t<\/div>\n\t<\/div>\n\n\t<div class=\"wpb_text_column wpb_content_element\" >\n\t\t<div class=\"wpb_wrapper\">\n\t\t\t<p>NIP: 7822692832<br \/>\nREGON: 366811048<br \/>\nKRS: 0000668828<\/p>\n\n\t\t<\/div>\n\t<\/div>\n<\/div><\/div><\/div><div class=\"wpb_column vc_column_container vc_col-sm-4\"><div class=\"vc_column-inner\"><div class=\"wpb_wrapper\"><h2 style=\"font-size: 14px;color: #ffffff;text-align: left\" class=\"vc_custom_heading\" >FORMULARZ KONTAKTOWY<\/h2><div class=\"wpforms-container wpforms-container-full\" id=\"wpforms-4119\"><form id=\"wpforms-form-4119\" class=\"wpforms-validate wpforms-form\" data-formid=\"4119\" method=\"post\" enctype=\"multipart\/form-data\" action=\"\/en\/wp-json\/wp\/v2\/pages\/10703\" data-trp-original-action=\"\/en\/wp-json\/wp\/v2\/pages\/10703\"><noscript class=\"wpforms-error-noscript\">Please enable JavaScript in your browser to complete this form.<\/noscript><div class=\"wpforms-field-container\"><div id=\"wpforms-4119-field_1-container\" class=\"wpforms-field wpforms-field-select wpforms-field-select-style-classic\" data-field-id=\"1\"><select id=\"wpforms-4119-field_1\" class=\"wpforms-field-large wpforms-field-required\" name=\"wpforms[fields][1]\" required=\"required\"><option value=\"\" class=\"placeholder\" disabled selected='selected'>Wybierz cel kontaktu<\/option><option value=\"Kontakt telefoniczny\" >Kontakt telefoniczny<\/option><option value=\"Spotkanie\" >Spotkanie<\/option><option value=\"Oferta\/wycena\" >Oferta\/wycena<\/option><\/select><\/div><div id=\"wpforms-4119-field_2-container\" class=\"wpforms-field wpforms-field-text\" data-field-id=\"2\"><input type=\"text\" id=\"wpforms-4119-field_2\" class=\"wpforms-field-medium wpforms-field-required\" name=\"wpforms[fields][2]\" placeholder=\"Imi\u0119\" required><\/div><div id=\"wpforms-4119-field_3-container\" class=\"wpforms-field wpforms-field-email\" data-field-id=\"3\"><input type=\"email\" id=\"wpforms-4119-field_3\" class=\"wpforms-field-medium wpforms-field-required\" name=\"wpforms[fields][3]\" placeholder=\"E-mail\" required><\/div><div id=\"wpforms-4119-field_7-container\" class=\"wpforms-field wpforms-field-phone\" data-field-id=\"7\"><input type=\"tel\" id=\"wpforms-4119-field_7\" class=\"wpforms-field-medium wpforms-field-required wpforms-smart-phone-field\" data-rule-smart-phone-field=\"true\" name=\"wpforms[fields][7]\" placeholder=\"Telefon\" required><\/div><div id=\"wpforms-4119-field_5-container\" class=\"wpforms-field wpforms-field-textarea\" data-field-id=\"5\"><textarea id=\"wpforms-4119-field_5\" class=\"wpforms-field-small wpforms-field-required\" name=\"wpforms[fields][5]\" placeholder=\"Wiadomo\u015b\u0107\" required><\/textarea><\/div><div id=\"wpforms-4119-field_6-container\" class=\"wpforms-field wpforms-field-checkbox\" data-field-id=\"6\"><ul id=\"wpforms-4119-field_6\" class=\"wpforms-field-required\"><li class=\"choice-1 depth-1\"><input type=\"checkbox\" id=\"wpforms-4119-field_6_1\" name=\"wpforms[fields][6][]\" value=\"Akceptuj\u0119 warunki &lt;a href=&quot;https:\/\/brandsoul.pl\/polityka-prywatnosci\/&quot; target=&quot;_blank&quot;&gt;Polityki prywatno\u015bci.&lt;\/a&gt;\" required><label class=\"wpforms-field-label-inline\" for=\"wpforms-4119-field_6_1\">Akceptuj\u0119 warunki <a href=\"https:\/\/brandsoul.pl\/en\/polityka-prywatnosci\/\" target=\"_blank\">Polityki prywatno\u015bci.<\/a><\/label><\/li><\/ul><\/div><\/div><div class=\"wpforms-field wpforms-field-hp\"><label for=\"wpforms-4119-field-hp\" class=\"wpforms-field-label\">Email<\/label><input type=\"text\" name=\"wpforms[hp]\" id=\"wpforms-4119-field-hp\" class=\"wpforms-field-medium\"><\/div><input type=\"hidden\" name=\"wpforms[recaptcha]\" value=\"\"><div class=\"wpforms-submit-container\" ><input type=\"hidden\" name=\"wpforms[id]\" value=\"4119\"><input type=\"hidden\" name=\"wpforms[author]\" value=\"3\"><button type=\"submit\" name=\"wpforms[submit]\" class=\"wpforms-submit tt_button\" id=\"wpforms-submit-4119\" value=\"wpforms-submit\" aria-live=\"assertive\" data-alt-text=\"Wysy\u0142anie...\" data-submit-text=\"Wyslij\">Wyslij<\/button><\/div><input type=\"hidden\" name=\"trp-form-language\" value=\"en\"\/><\/form><\/div>  <!-- .wpforms-container --><\/div><\/div><\/div><\/div><div class=\"vc_row wpb_row vc_inner vc_row-fluid vc_row-bg-position-top\"><div class=\"wpb_column vc_column_container vc_col-sm-8\"><div class=\"vc_column-inner vc_custom_1705400015834   vc_custom_1705400015836\"><div class=\"wpb_wrapper\">\n\t<div  class=\"wpb_single_image wpb_content_element vc_align_left\">\n\t\t\n\t\t<figure class=\"wpb_wrapper vc_figure\">\n\t\t\t<div class=\"vc_single_image-wrapper   vc_box_border_grey\"><img decoding=\"async\" class=\"vc_single_image-img\"  src=\"https:\/\/brandsoul.pl\/wp-content\/uploads\/2024\/01\/oferteo_loga_stopka_www.png\" \/><\/div>\n\t\t<\/figure>\n\t<\/div>\n<\/div><\/div><\/div><div class=\"wpb_column vc_column_container vc_col-sm-4\"><div class=\"vc_column-inner\"><div class=\"wpb_wrapper\"><\/div><\/div><\/div><\/div><\/div><\/div><\/div><\/div><div class=\"vc_row-full-width vc_clearfix\"><\/div>\n<\/section>","protected":false},"excerpt":{"rendered":"Studio Marki Brandsoul \u2013 18 lat budowania marek z my\u015bl\u0105 o strategii.\u2764Studio Marki Brandsoul \u2013 18 lat budowania marek z my\u015bl\u0105 o strategii.\u2764 To ju\u017c 18 lat, odk\u0105d marka #Brandsoul rozpocz\u0119\u0142a swoj\u0105 dzia\u0142alno\u015b\u0107. Zaczynali\u015bmy od doradztwa marketingowego i pozycji numer 1 w polskiej wyszukiwarce na to has\u0142o. Ju\u017c wtedy wiedzieli\u015bmy, [...]","protected":false},"author":7,"featured_media":0,"parent":0,"menu_order":7,"comment_status":"closed","ping_status":"closed","template":"","meta":{"_themeisle_gutenberg_block_has_review":false,"footnotes":""},"class_list":["post-10703","page","type-page","status-publish","hentry"],"aioseo_notices":[],"_links":{"self":[{"href":"https:\/\/brandsoul.pl\/en\/wp-json\/wp\/v2\/pages\/10703","targetHints":{"allow":["GET"]}}],"collection":[{"href":"https:\/\/brandsoul.pl\/en\/wp-json\/wp\/v2\/pages"}],"about":[{"href":"https:\/\/brandsoul.pl\/en\/wp-json\/wp\/v2\/types\/page"}],"author":[{"embeddable":true,"href":"https:\/\/brandsoul.pl\/en\/wp-json\/wp\/v2\/users\/7"}],"replies":[{"embeddable":true,"href":"https:\/\/brandsoul.pl\/en\/wp-json\/wp\/v2\/comments?post=10703"}],"version-history":[{"count":16,"href":"https:\/\/brandsoul.pl\/en\/wp-json\/wp\/v2\/pages\/10703\/revisions"}],"predecessor-version":[{"id":13394,"href":"https:\/\/brandsoul.pl\/en\/wp-json\/wp\/v2\/pages\/10703\/revisions\/13394"}],"wp:attachment":[{"href":"https:\/\/brandsoul.pl\/en\/wp-json\/wp\/v2\/media?parent=10703"}],"curies":[{"name":"wp","href":"https:\/\/api.w.org\/{rel}","templated":true}]}}