{"id":10922,"date":"2023-01-16T08:51:52","date_gmt":"2023-01-16T08:51:52","guid":{"rendered":"https:\/\/brandsoul.pl\/?page_id=10922"},"modified":"2026-01-01T18:49:38","modified_gmt":"2026-01-01T18:49:38","slug":"brandsoul","status":"publish","type":"page","link":"https:\/\/brandsoul.pl\/en\/newsy\/brandsoul\/","title":{"rendered":"Brandsoul"},"content":{"rendered":"<section class=\"wpb-content-wrapper\"><div data-vc-full-width=\"true\" data-vc-full-width-init=\"false\" class=\"vc_row wpb_row vc_row-fluid vc_custom_1673515748273 vc_row-has-padding-top vc_column-gap-35 vc_row-bg-position-top\"><div class=\"wpb_column vc_column_container vc_col-sm-8\"><div class=\"vc_column-inner vc_custom_1673512345995   vc_custom_1673512345996\"><div class=\"wpb_wrapper\">\n<div class=\"vc_grid-container-wrapper vc_clearfix\">\n\t<div class=\"vc_grid-container vc_clearfix wpb_content_element vc_basic_grid\" data-initial-loading-animation=\"fadeIn\" data-vc-grid-settings=\"{&quot;page_id&quot;:10922,&quot;style&quot;:&quot;lazy&quot;,&quot;action&quot;:&quot;vc_get_vc_grid_data&quot;,&quot;shortcode_id&quot;:&quot;1767293354648-74fc80b7-986b-5&quot;,&quot;items_per_page&quot;:&quot;5&quot;,&quot;tag&quot;:&quot;vc_basic_grid&quot;}\" data-vc-request=\"https:\/\/brandsoul.pl\/wp-admin\/admin-ajax.php\" data-vc-post-id=\"10922\" data-vc-public-nonce=\"e8419c2897\">\n\t\t<style data-type=\"vc_shortcodes-custom-css\">.vc_custom_1673513484076{margin-bottom: 0px !important;padding-bottom: 7px !important;}.vc_custom_1673458393234{padding-bottom: 0px !important;}.vc_custom_1673507116706{padding-top: 30px !important;padding-right: 10px !important;padding-bottom: 0px !important;padding-left: 10px !important;}.vc_custom_1673506984448{padding-right: 50px !important;padding-bottom: 0px !important;}<\/style><div class=\"vc_grid vc_row vc_grid-gutter-35px vc_pageable-wrapper vc_hook_hover\" data-vc-pageable-content=\"true\"><div class=\"vc_pageable-slide-wrapper vc_clearfix\" data-vc-grid-content=\"true\"><div class=\"vc_grid-item vc_clearfix vc_col-sm-12\"><div class=\"vc_grid-item-mini vc_clearfix\"><div class=\"vc_gitem-animated-block\" ><div class=\"vc_gitem-zone vc_gitem-zone-a vc_custom_1673513484076 my-post-grid vc-gitem-zone-height-mode-auto vc-gitem-zone-height-mode-auto-16-9\"><div class=\"vc_gitem-zone-mini\"><div class=\"vc_gitem_row vc_row vc_gitem-row-position-top\"><div class=\"vc_col-sm-6 vc_gitem-col vc_gitem-col-align- vc_custom_1673458393234\">\n\t<div class=\"wpb_single_image wpb_content_element vc_custom_1673506984448 vc_align_\">\n\t\t<figure class=\"wpb_wrapper vc_figure\">\n\t\t\t<div class=\"vc_single_image-wrapper   vc_box_border_grey\"><img loading=\"lazy\" decoding=\"async\" width=\"1080\" height=\"1350\" src=\"https:\/\/brandsoul.pl\/wp-content\/uploads\/2026\/01\/18.png\" class=\"vc_single_image-img attachment-full\" alt=\"\" title=\"18\" srcset=\"https:\/\/brandsoul.pl\/wp-content\/uploads\/2026\/01\/18.png 1080w, https:\/\/brandsoul.pl\/wp-content\/uploads\/2026\/01\/18-240x300.png 240w, https:\/\/brandsoul.pl\/wp-content\/uploads\/2026\/01\/18-819x1024.png 819w, https:\/\/brandsoul.pl\/wp-content\/uploads\/2026\/01\/18-768x960.png 768w, https:\/\/brandsoul.pl\/wp-content\/uploads\/2026\/01\/18-10x12.png 10w, https:\/\/brandsoul.pl\/wp-content\/uploads\/2026\/01\/18-800x1000.png 800w\" sizes=\"auto, (max-width: 1080px) 100vw, 1080px\" \/><\/div>\n\t\t<\/figure>\n\t<\/div>\n<\/div><div class=\"vc_col-sm-6 vc_gitem-col vc_gitem-col-align- vc_custom_1673507116706\"><div class=\"vc_custom_heading vc_gitem-post-data vc_gitem-post-data-source-post_title\" ><h4 style=\"font-size: 20px;line-height: 32px;text-align: left\" >Studio Marki Brandsoul \u2013 18 lat budowania marek z my\u015bl\u0105 o strategii.\u2764<\/h4><\/div><div class=\"vc_empty_space\"   style=\"height: 52px\"><span class=\"vc_empty_space_inner\"><\/span><\/div><div class=\"vc_custom_heading case_exerp vc_gitem-post-data vc_gitem-post-data-source-post_excerpt\" ><div style=\"text-align: left\" ><p>Studio Marki Brandsoul \u2013 18 lat budowania marek z my\u015bl\u0105 o strategii.\u2764 To ju\u017c 18 lat, odk\u0105d marka #Brandsoul rozpocz\u0119\u0142a swoj\u0105 dzia\u0142alno\u015b\u0107. Zaczynali\u015bmy od <a href=\"https:\/\/brandsoul.pl\/en\/doradztwo-biznesowe-marketingowe-dla-firm\/doradztwo-marketingowe\/\" data-internallinksmanager029f6b8e52c=\"2\" title=\"Doradztwo marketingowe\">doradztwa marketingowego<\/a> i pozycji numer 1 w polskiej wyszukiwarce na to has\u0142o. Ju\u017c wtedy wiedzieli\u015bmy, \u017ce marketing to nie s\u0105 wy\u0142\u0105cznie has\u0142a, slogany i estetyczne grafiki.\ud83d\ude01 [&hellip;]<\/p>\n<\/div><\/div><p style=\"font-size: 16px;color: #000000;text-align: left;font-family:Montserrat;font-weight:400;font-style:normal\" class=\"vc_custom_heading tt_button tt_primary_button btn_primary_color hover_solid_secondary post_button\"><a href=\"https:\/\/brandsoul.pl\/en\/o-nas\/newsy\/brandsoul\/13515\/\" class=\"vc_gitem-link\" title=\"Studio Marki Brandsoul \u2013 18 lat budowania marek z my\u015bl\u0105 o strategii.\u2764\">Czytaj wi\u0119cej<\/a><\/p><\/div><\/div><\/div><\/div><\/div><\/div><div class=\"vc_clearfix\"><\/div><\/div><div class=\"vc_grid-item vc_clearfix vc_col-sm-12\"><div class=\"vc_grid-item-mini vc_clearfix\"><div class=\"vc_gitem-animated-block\" ><div class=\"vc_gitem-zone vc_gitem-zone-a vc_custom_1673513484076 my-post-grid vc-gitem-zone-height-mode-auto vc-gitem-zone-height-mode-auto-16-9\"><div class=\"vc_gitem-zone-mini\"><div class=\"vc_gitem_row vc_row vc_gitem-row-position-top\"><div class=\"vc_col-sm-6 vc_gitem-col vc_gitem-col-align- vc_custom_1673458393234\">\n\t<div class=\"wpb_single_image wpb_content_element vc_custom_1673506984448 vc_align_\">\n\t\t<figure class=\"wpb_wrapper vc_figure\">\n\t\t\t<div class=\"vc_single_image-wrapper   vc_box_border_grey\"><img loading=\"lazy\" decoding=\"async\" width=\"1080\" height=\"1350\" src=\"https:\/\/brandsoul.pl\/wp-content\/uploads\/2026\/01\/rok-25.png\" class=\"vc_single_image-img attachment-full\" alt=\"\" title=\"rok 25\" srcset=\"https:\/\/brandsoul.pl\/wp-content\/uploads\/2026\/01\/rok-25.png 1080w, https:\/\/brandsoul.pl\/wp-content\/uploads\/2026\/01\/rok-25-240x300.png 240w, https:\/\/brandsoul.pl\/wp-content\/uploads\/2026\/01\/rok-25-819x1024.png 819w, https:\/\/brandsoul.pl\/wp-content\/uploads\/2026\/01\/rok-25-768x960.png 768w, https:\/\/brandsoul.pl\/wp-content\/uploads\/2026\/01\/rok-25-10x12.png 10w, https:\/\/brandsoul.pl\/wp-content\/uploads\/2026\/01\/rok-25-800x1000.png 800w\" sizes=\"auto, (max-width: 1080px) 100vw, 1080px\" \/><\/div>\n\t\t<\/figure>\n\t<\/div>\n<\/div><div class=\"vc_col-sm-6 vc_gitem-col vc_gitem-col-align- vc_custom_1673507116706\"><div class=\"vc_custom_heading vc_gitem-post-data vc_gitem-post-data-source-post_title\" ><h4 style=\"font-size: 20px;line-height: 32px;text-align: left\" >Podsumowanie roku 2025<\/h4><\/div><div class=\"vc_empty_space\"   style=\"height: 52px\"><span class=\"vc_empty_space_inner\"><\/span><\/div><div class=\"vc_custom_heading case_exerp vc_gitem-post-data vc_gitem-post-data-source-post_excerpt\" ><div style=\"text-align: left\" ><p>To by\u0142 intensywny, wymagaj\u0105cy i bardzo rozwojowy rok.Pe\u0142en rozm\u00f3w, decyzji, strategii, pomys\u0142\u00f3w i projekt\u00f3w, kt\u00f3re realnie wspiera\u0142y rozw\u00f3j marek naszych Klient\u00f3w. Kilka liczb, kt\u00f3re najlepiej oddaj\u0105 skal\u0119 tego czasu:\u2714 ponad 1500 godzin kreatywnych dyskusji\u2714 ponad 600 dodatkowych godzin konsultacji marketingowych\u2714 ponad 3000 godzin pracy, kt\u00f3r\u0105 naprawd\u0119 kochamy\u2714 ponad 25 nowych, [&hellip;]<\/p>\n<\/div><\/div><p style=\"font-size: 16px;color: #000000;text-align: left;font-family:Montserrat;font-weight:400;font-style:normal\" class=\"vc_custom_heading tt_button tt_primary_button btn_primary_color hover_solid_secondary post_button\"><a href=\"https:\/\/brandsoul.pl\/en\/o-nas\/newsy\/brandsoul\/podsumowanie-roku-2025\/\" class=\"vc_gitem-link\" title=\"Podsumowanie roku 2025\">Czytaj wi\u0119cej<\/a><\/p><\/div><\/div><\/div><\/div><\/div><\/div><div class=\"vc_clearfix\"><\/div><\/div><div class=\"vc_grid-item vc_clearfix vc_col-sm-12\"><div class=\"vc_grid-item-mini vc_clearfix\"><div class=\"vc_gitem-animated-block\" ><div class=\"vc_gitem-zone vc_gitem-zone-a vc_custom_1673513484076 my-post-grid vc-gitem-zone-height-mode-auto vc-gitem-zone-height-mode-auto-16-9\"><div class=\"vc_gitem-zone-mini\"><div class=\"vc_gitem_row vc_row vc_gitem-row-position-top\"><div class=\"vc_col-sm-6 vc_gitem-col vc_gitem-col-align- vc_custom_1673458393234\">\n\t<div class=\"wpb_single_image wpb_content_element vc_custom_1673506984448 vc_align_\">\n\t\t<figure class=\"wpb_wrapper vc_figure\">\n\t\t\t<div class=\"vc_single_image-wrapper   vc_box_border_grey\"><img loading=\"lazy\" decoding=\"async\" width=\"1080\" height=\"1080\" src=\"https:\/\/brandsoul.pl\/wp-content\/uploads\/2023\/12\/KALNDARZ-WPIS.png\" class=\"vc_single_image-img attachment-full\" alt=\"\" title=\"KALNDARZ WPIS\" srcset=\"https:\/\/brandsoul.pl\/wp-content\/uploads\/2023\/12\/KALNDARZ-WPIS.png 1080w, https:\/\/brandsoul.pl\/wp-content\/uploads\/2023\/12\/KALNDARZ-WPIS-300x300.png 300w, https:\/\/brandsoul.pl\/wp-content\/uploads\/2023\/12\/KALNDARZ-WPIS-1024x1024.png 1024w, https:\/\/brandsoul.pl\/wp-content\/uploads\/2023\/12\/KALNDARZ-WPIS-150x150.png 150w, https:\/\/brandsoul.pl\/wp-content\/uploads\/2023\/12\/KALNDARZ-WPIS-768x768.png 768w, https:\/\/brandsoul.pl\/wp-content\/uploads\/2023\/12\/KALNDARZ-WPIS-12x12.png 12w, https:\/\/brandsoul.pl\/wp-content\/uploads\/2023\/12\/KALNDARZ-WPIS-320x320.png 320w\" sizes=\"auto, (max-width: 1080px) 100vw, 1080px\" \/><\/div>\n\t\t<\/figure>\n\t<\/div>\n<\/div><div class=\"vc_col-sm-6 vc_gitem-col vc_gitem-col-align- vc_custom_1673507116706\"><div class=\"vc_custom_heading vc_gitem-post-data vc_gitem-post-data-source-post_title\" ><h4 style=\"font-size: 20px;line-height: 32px;text-align: left\" >E-book motywacyjny &#8211; Twoje cele na 2024 rok!<\/h4><\/div><div class=\"vc_empty_space\"   style=\"height: 52px\"><span class=\"vc_empty_space_inner\"><\/span><\/div><div class=\"vc_custom_heading case_exerp vc_gitem-post-data vc_gitem-post-data-source-post_excerpt\" ><div style=\"text-align: left\" ><p>Czasami bardzo chcemy. Czasami bardzo wierzymy, \u017ce si\u0119 uda. Czasami brak nam motywacji i si\u0142&#8230; Sami tak mieli\u015bmy i dlatego postanowili\u015bmy to zmieni\u0107. Opieraj\u0105c si\u0119 na w\u0142asnym do\u015bwiadczeniu opracowali\u015bmy KALENDARZ planowania cel\u00f3w, opieraj\u0105c si\u0119 na 24 dniach &#8211; tak jak kalendarz \u015bwi\u0105teczny (adwentowy). Nasz motywacyjny kalendarz planowania cel\u00f3w pomo\u017ce Ci [&hellip;]<\/p>\n<\/div><\/div><p style=\"font-size: 16px;color: #000000;text-align: left;font-family:Montserrat;font-weight:400;font-style:normal\" class=\"vc_custom_heading tt_button tt_primary_button btn_primary_color hover_solid_secondary post_button\"><a href=\"https:\/\/brandsoul.pl\/en\/o-nas\/newsy\/e-book-motywacyjny-twoje-cele-na-2024-rok\/\" class=\"vc_gitem-link\" title=\"E-book motywacyjny &#8211; Twoje cele na 2024 rok!\">Czytaj wi\u0119cej<\/a><\/p><\/div><\/div><\/div><\/div><\/div><\/div><div class=\"vc_clearfix\"><\/div><\/div><div class=\"vc_grid-item vc_clearfix vc_col-sm-12\"><div class=\"vc_grid-item-mini vc_clearfix\"><div class=\"vc_gitem-animated-block\" ><div class=\"vc_gitem-zone vc_gitem-zone-a vc_custom_1673513484076 my-post-grid vc-gitem-zone-height-mode-auto vc-gitem-zone-height-mode-auto-16-9\"><div class=\"vc_gitem-zone-mini\"><div class=\"vc_gitem_row vc_row vc_gitem-row-position-top\"><div class=\"vc_col-sm-6 vc_gitem-col vc_gitem-col-align- vc_custom_1673458393234\">\n\t<div class=\"wpb_single_image wpb_content_element vc_custom_1673506984448 vc_align_\">\n\t\t<figure class=\"wpb_wrapper vc_figure\">\n\t\t\t<div class=\"vc_single_image-wrapper   vc_box_border_grey\"><img loading=\"lazy\" decoding=\"async\" width=\"1080\" height=\"1080\" src=\"https:\/\/brandsoul.pl\/wp-content\/uploads\/2023\/10\/1.png\" class=\"vc_single_image-img attachment-full\" alt=\"\" title=\"1\" srcset=\"https:\/\/brandsoul.pl\/wp-content\/uploads\/2023\/10\/1.png 1080w, https:\/\/brandsoul.pl\/wp-content\/uploads\/2023\/10\/1-300x300.png 300w, https:\/\/brandsoul.pl\/wp-content\/uploads\/2023\/10\/1-1024x1024.png 1024w, https:\/\/brandsoul.pl\/wp-content\/uploads\/2023\/10\/1-150x150.png 150w, https:\/\/brandsoul.pl\/wp-content\/uploads\/2023\/10\/1-768x768.png 768w, https:\/\/brandsoul.pl\/wp-content\/uploads\/2023\/10\/1-12x12.png 12w, https:\/\/brandsoul.pl\/wp-content\/uploads\/2023\/10\/1-320x320.png 320w\" sizes=\"auto, (max-width: 1080px) 100vw, 1080px\" \/><\/div>\n\t\t<\/figure>\n\t<\/div>\n<\/div><div class=\"vc_col-sm-6 vc_gitem-col vc_gitem-col-align- vc_custom_1673507116706\"><div class=\"vc_custom_heading vc_gitem-post-data vc_gitem-post-data-source-post_title\" ><h4 style=\"font-size: 20px;line-height: 32px;text-align: left\" >Agnieszka \u015aliwka-Stachowiak opowiada o tym, jak outsourcing marketingowy pomaga na nowo odkry\u0107 potencja\u0142 firmy<\/h4><\/div><div class=\"vc_empty_space\"   style=\"height: 52px\"><span class=\"vc_empty_space_inner\"><\/span><\/div><div class=\"vc_custom_heading case_exerp vc_gitem-post-data vc_gitem-post-data-source-post_excerpt\" ><div style=\"text-align: left\" ><p>Zapraszamy do zaznajomienia si\u0119 z wywiadem udzielonym przez Agnieszk\u0119 \u015aliwk\u0119-Stachowiak, stratega, doradc\u0119 marketingowego i prezesa zarz\u0105du agencji Studio marki BRANDSOUL. W rol\u0119 redaktorki wcieli\u0142a si\u0119 Ilona Adamska, tw\u00f3rczyni bloga Szczypta luksusu. Z rozmowy dowiesz si\u0119: dlaczego warto zleci\u0107 profesjonalistom opracowanie strategii marketingowej, koncepcj\u0119 i rozpoznanie grupy docelowej, dlaczego opracowanie strategii [&hellip;]<\/p>\n<\/div><\/div><p style=\"font-size: 16px;color: #000000;text-align: left;font-family:Montserrat;font-weight:400;font-style:normal\" class=\"vc_custom_heading tt_button tt_primary_button btn_primary_color hover_solid_secondary post_button\"><a href=\"https:\/\/brandsoul.pl\/en\/o-nas\/newsy\/agnieszka-sliwka-stachowiak-opowiada-o-tym-jak-outsourcing-marketingowy-pomaga-na-nowo-odkryc-potencjal-firmy\/\" class=\"vc_gitem-link\" title=\"Agnieszka \u015aliwka-Stachowiak opowiada o tym, jak outsourcing marketingowy pomaga na nowo odkry\u0107 potencja\u0142 firmy\">Czytaj wi\u0119cej<\/a><\/p><\/div><\/div><\/div><\/div><\/div><\/div><div class=\"vc_clearfix\"><\/div><\/div><div class=\"vc_grid-item vc_clearfix vc_col-sm-12\"><div class=\"vc_grid-item-mini vc_clearfix\"><div class=\"vc_gitem-animated-block\" ><div class=\"vc_gitem-zone vc_gitem-zone-a vc_custom_1673513484076 my-post-grid vc-gitem-zone-height-mode-auto vc-gitem-zone-height-mode-auto-16-9\"><div class=\"vc_gitem-zone-mini\"><div class=\"vc_gitem_row vc_row vc_gitem-row-position-top\"><div class=\"vc_col-sm-6 vc_gitem-col vc_gitem-col-align- vc_custom_1673458393234\">\n\t<div class=\"wpb_single_image wpb_content_element vc_custom_1673506984448 vc_align_\">\n\t\t<figure class=\"wpb_wrapper vc_figure\">\n\t\t\t<div class=\"vc_single_image-wrapper   vc_box_border_grey\"><img loading=\"lazy\" decoding=\"async\" width=\"1080\" height=\"1080\" src=\"https:\/\/brandsoul.pl\/wp-content\/uploads\/2023\/10\/2.png\" class=\"vc_single_image-img attachment-full\" alt=\"\" title=\"2\" srcset=\"https:\/\/brandsoul.pl\/wp-content\/uploads\/2023\/10\/2.png 1080w, https:\/\/brandsoul.pl\/wp-content\/uploads\/2023\/10\/2-300x300.png 300w, https:\/\/brandsoul.pl\/wp-content\/uploads\/2023\/10\/2-1024x1024.png 1024w, https:\/\/brandsoul.pl\/wp-content\/uploads\/2023\/10\/2-150x150.png 150w, https:\/\/brandsoul.pl\/wp-content\/uploads\/2023\/10\/2-768x768.png 768w, https:\/\/brandsoul.pl\/wp-content\/uploads\/2023\/10\/2-12x12.png 12w, https:\/\/brandsoul.pl\/wp-content\/uploads\/2023\/10\/2-320x320.png 320w\" sizes=\"auto, (max-width: 1080px) 100vw, 1080px\" \/><\/div>\n\t\t<\/figure>\n\t<\/div>\n<\/div><div class=\"vc_col-sm-6 vc_gitem-col vc_gitem-col-align- vc_custom_1673507116706\"><div class=\"vc_custom_heading vc_gitem-post-data vc_gitem-post-data-source-post_title\" ><h4 style=\"font-size: 20px;line-height: 32px;text-align: left\" >Wywiad z Agnieszk\u0105 \u015aliwk\u0105-Stachowiak, Prezesem Zarz\u0105du w firmie Studio Marki BRANDSOUL<\/h4><\/div><div class=\"vc_empty_space\"   style=\"height: 52px\"><span class=\"vc_empty_space_inner\"><\/span><\/div><div class=\"vc_custom_heading case_exerp vc_gitem-post-data vc_gitem-post-data-source-post_excerpt\" ><div style=\"text-align: left\" ><p>Zapraszamy do przeczytania transkrypcji wywiadu udzielonego przez Agnieszk\u0119 \u015aliwk\u0119-Stachowiak, doradc\u0119 marketingowego, certyfikowanego trenera biznesu i w\u0142a\u015bcicielk\u0119 agencji Studio marki BRANDSOUL, dla magazynu ludzi sukcesu (Law Business Quality). Z rozmowy dowiesz si\u0119: jak zarz\u0105dza\u0107 firm\u0105 w czasach kryzysu, jak budowa\u0107 trwa\u0142e relacje z klientami, w jaki spos\u00f3b dociera\u0107 do nowych odbiorc\u00f3w, [&hellip;]<\/p>\n<\/div><\/div><p style=\"font-size: 16px;color: #000000;text-align: left;font-family:Montserrat;font-weight:400;font-style:normal\" class=\"vc_custom_heading tt_button tt_primary_button btn_primary_color hover_solid_secondary post_button\"><a href=\"https:\/\/brandsoul.pl\/en\/o-nas\/newsy\/wywiad-z-agnieszka-sliwka-stachowiak-prezesem-zarzadu-w-firmie-studio-marki-brandsoul\/\" class=\"vc_gitem-link\" title=\"Wywiad z Agnieszk\u0105 \u015aliwk\u0105-Stachowiak, Prezesem Zarz\u0105du w firmie Studio Marki BRANDSOUL\">Czytaj wi\u0119cej<\/a><\/p><\/div><\/div><\/div><\/div><\/div><\/div><div class=\"vc_clearfix\"><\/div><\/div><div class=\"vc_grid-item vc_clearfix vc_col-sm-12\"><div class=\"vc_grid-item-mini vc_clearfix\"><div class=\"vc_gitem-animated-block\" ><div class=\"vc_gitem-zone vc_gitem-zone-a vc_custom_1673513484076 my-post-grid vc-gitem-zone-height-mode-auto vc-gitem-zone-height-mode-auto-16-9\"><div class=\"vc_gitem-zone-mini\"><div class=\"vc_gitem_row vc_row vc_gitem-row-position-top\"><div class=\"vc_col-sm-6 vc_gitem-col vc_gitem-col-align- vc_custom_1673458393234\">\n\t<div class=\"wpb_single_image wpb_content_element vc_custom_1673506984448 vc_align_\">\n\t\t<figure class=\"wpb_wrapper vc_figure\">\n\t\t\t<div class=\"vc_single_image-wrapper   vc_box_border_grey\"><img loading=\"lazy\" decoding=\"async\" width=\"1080\" height=\"1080\" src=\"https:\/\/brandsoul.pl\/wp-content\/uploads\/2022\/05\/PROPOZYCJA-2-2.png\" class=\"vc_single_image-img attachment-full\" alt=\"\" title=\"PROPOZYCJA 2-2\" srcset=\"https:\/\/brandsoul.pl\/wp-content\/uploads\/2022\/05\/PROPOZYCJA-2-2.png 1080w, https:\/\/brandsoul.pl\/wp-content\/uploads\/2022\/05\/PROPOZYCJA-2-2-300x300.png 300w, https:\/\/brandsoul.pl\/wp-content\/uploads\/2022\/05\/PROPOZYCJA-2-2-1024x1024.png 1024w, https:\/\/brandsoul.pl\/wp-content\/uploads\/2022\/05\/PROPOZYCJA-2-2-150x150.png 150w, https:\/\/brandsoul.pl\/wp-content\/uploads\/2022\/05\/PROPOZYCJA-2-2-768x768.png 768w, https:\/\/brandsoul.pl\/wp-content\/uploads\/2022\/05\/PROPOZYCJA-2-2-600x600.png 600w\" sizes=\"auto, (max-width: 1080px) 100vw, 1080px\" \/><\/div>\n\t\t<\/figure>\n\t<\/div>\n<\/div><div class=\"vc_col-sm-6 vc_gitem-col vc_gitem-col-align- vc_custom_1673507116706\"><div class=\"vc_custom_heading vc_gitem-post-data vc_gitem-post-data-source-post_title\" ><h4 style=\"font-size: 20px;line-height: 32px;text-align: left\" >Biuro Prasowe BRANDSOUL!<\/h4><\/div><div class=\"vc_empty_space\"   style=\"height: 52px\"><span class=\"vc_empty_space_inner\"><\/span><\/div><div class=\"vc_custom_heading case_exerp vc_gitem-post-data vc_gitem-post-data-source-post_excerpt\" ><div style=\"text-align: left\" ><p>Mamy dla Was \u015bwietn\u0105 wiadomo\u015b\u0107! W\u0142a\u015bnie ruszy\u0142o Biuro Prasowe Studio Marki Brandsoul! Znajdziecie w nim\u00a0atrakcyjne informacje prasowe o markach z sektora M\u015aP! Wejd\u017a na stron\u0119, znajd\u017a najbardziej interesuj\u0105ce dla siebie notki prasowe i publikuj! Gotowe teksty, kt\u00f3re mo\u017cesz przenie\u015b\u0107 prosto na sw\u00f3j portal! Sprawd\u017a sam! http:\/\/brandsoul.biuroprasowe.pl<\/p>\n<\/div><\/div><p style=\"font-size: 16px;color: #000000;text-align: left;font-family:Montserrat;font-weight:400;font-style:normal\" class=\"vc_custom_heading tt_button tt_primary_button btn_primary_color hover_solid_secondary post_button\"><a href=\"https:\/\/brandsoul.pl\/en\/o-nas\/newsy\/biuro-prasowe-brandsoul\/\" class=\"vc_gitem-link\" title=\"Biuro Prasowe BRANDSOUL!\">Czytaj wi\u0119cej<\/a><\/p><\/div><\/div><\/div><\/div><\/div><\/div><div class=\"vc_clearfix\"><\/div><\/div><div class=\"vc_grid-item vc_clearfix vc_col-sm-12\"><div class=\"vc_grid-item-mini vc_clearfix\"><div class=\"vc_gitem-animated-block\" ><div class=\"vc_gitem-zone vc_gitem-zone-a vc_custom_1673513484076 my-post-grid vc-gitem-zone-height-mode-auto vc-gitem-zone-height-mode-auto-16-9\"><div class=\"vc_gitem-zone-mini\"><div class=\"vc_gitem_row vc_row vc_gitem-row-position-top\"><div class=\"vc_col-sm-6 vc_gitem-col vc_gitem-col-align- vc_custom_1673458393234\">\n\t<div class=\"wpb_single_image wpb_content_element vc_custom_1673506984448 vc_align_\">\n\t\t<figure class=\"wpb_wrapper vc_figure\">\n\t\t\t<div class=\"vc_single_image-wrapper   vc_box_border_grey\"><img loading=\"lazy\" decoding=\"async\" width=\"940\" height=\"788\" src=\"https:\/\/brandsoul.pl\/wp-content\/uploads\/2021\/07\/OPENSANS.png\" class=\"vc_single_image-img attachment-full\" alt=\"\" title=\"OPENSANS\" srcset=\"https:\/\/brandsoul.pl\/wp-content\/uploads\/2021\/07\/OPENSANS.png 940w, https:\/\/brandsoul.pl\/wp-content\/uploads\/2021\/07\/OPENSANS-300x251.png 300w, https:\/\/brandsoul.pl\/wp-content\/uploads\/2021\/07\/OPENSANS-768x644.png 768w\" sizes=\"auto, (max-width: 940px) 100vw, 940px\" \/><\/div>\n\t\t<\/figure>\n\t<\/div>\n<\/div><div class=\"vc_col-sm-6 vc_gitem-col vc_gitem-col-align- vc_custom_1673507116706\"><div class=\"vc_custom_heading vc_gitem-post-data vc_gitem-post-data-source-post_title\" ><h4 style=\"font-size: 20px;line-height: 32px;text-align: left\" >Nowy oddzia\u0142 firmy &#8211; ZALASEWO<\/h4><\/div><div class=\"vc_empty_space\"   style=\"height: 52px\"><span class=\"vc_empty_space_inner\"><\/span><\/div><div class=\"vc_custom_heading case_exerp vc_gitem-post-data vc_gitem-post-data-source-post_excerpt\" ><div style=\"text-align: left\" ><p>Zapraszamy do kontaktu z naszym nowym oddzia\u0142em. Oddzia\u0142 ZALASEWO: ul. Harmonia 9\/6, 62-020 Zalasewo tel. +48 61 677 05 73 tel. +48 698 515 801 e-mail.\u00a0info@brandsoul.pl<\/p>\n<\/div><\/div><p style=\"font-size: 16px;color: #000000;text-align: left;font-family:Montserrat;font-weight:400;font-style:normal\" class=\"vc_custom_heading tt_button tt_primary_button btn_primary_color hover_solid_secondary post_button\"><a href=\"https:\/\/brandsoul.pl\/en\/o-nas\/newsy\/nowy-oddzial-firmy-zalasewo\/\" class=\"vc_gitem-link\" title=\"Nowy oddzia\u0142 firmy &#8211; ZALASEWO\">Czytaj wi\u0119cej<\/a><\/p><\/div><\/div><\/div><\/div><\/div><\/div><div class=\"vc_clearfix\"><\/div><\/div><div class=\"vc_grid-item vc_clearfix vc_col-sm-12\"><div class=\"vc_grid-item-mini vc_clearfix\"><div class=\"vc_gitem-animated-block\" ><div class=\"vc_gitem-zone vc_gitem-zone-a vc_custom_1673513484076 my-post-grid vc-gitem-zone-height-mode-auto vc-gitem-zone-height-mode-auto-16-9\"><div class=\"vc_gitem-zone-mini\"><div class=\"vc_gitem_row vc_row vc_gitem-row-position-top\"><div class=\"vc_col-sm-6 vc_gitem-col vc_gitem-col-align- vc_custom_1673458393234\">\n\t<div class=\"wpb_single_image wpb_content_element vc_custom_1673506984448 vc_align_\">\n\t\t<figure class=\"wpb_wrapper vc_figure\">\n\t\t\t<div class=\"vc_single_image-wrapper   vc_box_border_grey\"><img loading=\"lazy\" decoding=\"async\" width=\"940\" height=\"788\" src=\"https:\/\/brandsoul.pl\/wp-content\/uploads\/2021\/04\/Kopia-brandsoulfb.png\" class=\"vc_single_image-img attachment-full\" alt=\"\" title=\"Kopia brandsoulfb\" srcset=\"https:\/\/brandsoul.pl\/wp-content\/uploads\/2021\/04\/Kopia-brandsoulfb.png 940w, https:\/\/brandsoul.pl\/wp-content\/uploads\/2021\/04\/Kopia-brandsoulfb-300x251.png 300w, https:\/\/brandsoul.pl\/wp-content\/uploads\/2021\/04\/Kopia-brandsoulfb-768x644.png 768w\" sizes=\"auto, (max-width: 940px) 100vw, 940px\" \/><\/div>\n\t\t<\/figure>\n\t<\/div>\n<\/div><div class=\"vc_col-sm-6 vc_gitem-col vc_gitem-col-align- vc_custom_1673507116706\"><div class=\"vc_custom_heading vc_gitem-post-data vc_gitem-post-data-source-post_title\" ><h4 style=\"font-size: 20px;line-height: 32px;text-align: left\" >Radosnych \u015awi\u0105t<\/h4><\/div><div class=\"vc_empty_space\"   style=\"height: 52px\"><span class=\"vc_empty_space_inner\"><\/span><\/div><div class=\"vc_custom_heading case_exerp vc_gitem-post-data vc_gitem-post-data-source-post_excerpt\" ><div style=\"text-align: left\" ><p>\u017byczymy Wam kreatywnych, pogodnych, radosnych, smacznych \u015awi\u0105t Wielkanocnych Dla tych os\u00f3b, kt\u00f3re pracuj\u0105 &#8211; pogody ducha i pi\u0119knego dnia pracy! === Dla niekt\u00f3rych \u015awi\u0119ta to czas refleksji i przemy\u015ble\u0144 &#8211; \u017cyczymy Wam, aby zaowocowa\u0142y one nowymi, dobrymi decyzjami lub kierunkami dzia\u0142ania. ==== NAJLEPSZEGO!\ud83e\udd5a\ud83d\udc30\ud83d\ude00 #WIELKANOC<\/p>\n<\/div><\/div><p style=\"font-size: 16px;color: #000000;text-align: left;font-family:Montserrat;font-weight:400;font-style:normal\" class=\"vc_custom_heading tt_button tt_primary_button btn_primary_color hover_solid_secondary post_button\"><a href=\"https:\/\/brandsoul.pl\/en\/o-nas\/newsy\/radosnych-swiat\/\" class=\"vc_gitem-link\" title=\"Radosnych \u015awi\u0105t\">Czytaj wi\u0119cej<\/a><\/p><\/div><\/div><\/div><\/div><\/div><\/div><div class=\"vc_clearfix\"><\/div><\/div><div class=\"vc_grid-item vc_clearfix vc_col-sm-12\"><div class=\"vc_grid-item-mini vc_clearfix\"><div class=\"vc_gitem-animated-block\" ><div class=\"vc_gitem-zone vc_gitem-zone-a vc_custom_1673513484076 my-post-grid vc-gitem-zone-height-mode-auto vc-gitem-zone-height-mode-auto-16-9\"><div class=\"vc_gitem-zone-mini\"><div class=\"vc_gitem_row vc_row vc_gitem-row-position-top\"><div class=\"vc_col-sm-6 vc_gitem-col vc_gitem-col-align- vc_custom_1673458393234\">\n\t<div class=\"wpb_single_image wpb_content_element vc_custom_1673506984448 vc_align_\">\n\t\t<figure class=\"wpb_wrapper vc_figure\">\n\t\t\t<div class=\"vc_single_image-wrapper   vc_box_border_grey\"><img loading=\"lazy\" decoding=\"async\" width=\"600\" height=\"398\" src=\"https:\/\/brandsoul.pl\/wp-content\/uploads\/2020\/06\/BKpK_Google_600x398.jpg\" class=\"vc_single_image-img attachment-full\" alt=\"\" title=\"BKpK_Google_600x398\" srcset=\"https:\/\/brandsoul.pl\/wp-content\/uploads\/2020\/06\/BKpK_Google_600x398.jpg 600w, https:\/\/brandsoul.pl\/wp-content\/uploads\/2020\/06\/BKpK_Google_600x398-300x199.jpg 300w\" sizes=\"auto, (max-width: 600px) 100vw, 600px\" \/><\/div>\n\t\t<\/figure>\n\t<\/div>\n<\/div><div class=\"vc_col-sm-6 vc_gitem-col vc_gitem-col-align- vc_custom_1673507116706\"><div class=\"vc_custom_heading vc_gitem-post-data vc_gitem-post-data-source-post_title\" ><h4 style=\"font-size: 20px;line-height: 32px;text-align: left\" >BIZNES KROK PO KROKU \u2013 PRZEDSI\u0118BIORCA W SIECI &#8211; BRANDSOUL PATRONEM MEDIALNYM<\/h4><\/div><div class=\"vc_empty_space\"   style=\"height: 52px\"><span class=\"vc_empty_space_inner\"><\/span><\/div><div class=\"vc_custom_heading case_exerp vc_gitem-post-data vc_gitem-post-data-source-post_excerpt\" ><div style=\"text-align: left\" ><p>Studio Marki Brandsoul zosta\u0142o patronem medialnym projektu &#8221;\u00a0BIZNES KROK PO KROKU \u2013 PRZEDSI\u0118BIORCA W SIECI&#8221;.\u00a0Zapraszamy serdecznie do rezerwacji miejsc! ZAPLANUJ SW\u00d3J BIZNES KROK PO KROKU! Fundacja Twoja Inicjatywa! oraz Google Poland zapraszaj\u0105\u00a026. lutego na konferencj\u0119 &#8220;Biznes Krok po Kroku &#8211; przedsi\u0119biorca w sieci&#8221;. Twoja Inicjatywa! zajmuje si\u0119 szeroko poj\u0119tym wspieraniem [&hellip;]<\/p>\n<\/div><\/div><p style=\"font-size: 16px;color: #000000;text-align: left;font-family:Montserrat;font-weight:400;font-style:normal\" class=\"vc_custom_heading tt_button tt_primary_button btn_primary_color hover_solid_secondary post_button\"><a href=\"https:\/\/brandsoul.pl\/en\/o-nas\/blog\/biznes-krok-po-kroku-przedsiebiorca-w-sieci-brandsoul-patronem-medialnym\/\" class=\"vc_gitem-link\" title=\"BIZNES KROK PO KROKU \u2013 PRZEDSI\u0118BIORCA W SIECI &#8211; BRANDSOUL PATRONEM MEDIALNYM\">Czytaj wi\u0119cej<\/a><\/p><\/div><\/div><\/div><\/div><\/div><\/div><div class=\"vc_clearfix\"><\/div><\/div><div class=\"vc_grid-item vc_clearfix vc_col-sm-12\"><div class=\"vc_grid-item-mini vc_clearfix\"><div class=\"vc_gitem-animated-block\" ><div class=\"vc_gitem-zone vc_gitem-zone-a vc_custom_1673513484076 my-post-grid vc-gitem-zone-height-mode-auto vc-gitem-zone-height-mode-auto-16-9\"><div class=\"vc_gitem-zone-mini\"><div class=\"vc_gitem_row vc_row vc_gitem-row-position-top\"><div class=\"vc_col-sm-6 vc_gitem-col vc_gitem-col-align- vc_custom_1673458393234\">\n\t<div class=\"wpb_single_image wpb_content_element vc_custom_1673506984448 vc_align_\">\n\t\t<figure class=\"wpb_wrapper vc_figure\">\n\t\t\t<div class=\"vc_single_image-wrapper   vc_box_border_grey\"><img loading=\"lazy\" decoding=\"async\" width=\"360\" height=\"360\" src=\"https:\/\/brandsoul.pl\/wp-content\/uploads\/2020\/06\/grafiki-newsy-brandsoul.png\" class=\"vc_single_image-img attachment-full\" alt=\"\" title=\"grafiki-newsy-brandsoul\" srcset=\"https:\/\/brandsoul.pl\/wp-content\/uploads\/2020\/06\/grafiki-newsy-brandsoul.png 360w, https:\/\/brandsoul.pl\/wp-content\/uploads\/2020\/06\/grafiki-newsy-brandsoul-300x300.png 300w, https:\/\/brandsoul.pl\/wp-content\/uploads\/2020\/06\/grafiki-newsy-brandsoul-150x150.png 150w\" sizes=\"auto, (max-width: 360px) 100vw, 360px\" \/><\/div>\n\t\t<\/figure>\n\t<\/div>\n<\/div><div class=\"vc_col-sm-6 vc_gitem-col vc_gitem-col-align- vc_custom_1673507116706\"><div class=\"vc_custom_heading vc_gitem-post-data vc_gitem-post-data-source-post_title\" ><h4 style=\"font-size: 20px;line-height: 32px;text-align: left\" >STRATEGIA DZIA\u0141A\u0143 W MEDIACH SPO\u0141ECZNO\u015aCIOWYCH W ATRAKCYJNEJ CENIE.<\/h4><\/div><div class=\"vc_empty_space\"   style=\"height: 52px\"><span class=\"vc_empty_space_inner\"><\/span><\/div><div class=\"vc_custom_heading case_exerp vc_gitem-post-data vc_gitem-post-data-source-post_excerpt\" ><div style=\"text-align: left\" ><p>Strategia dzia\u0142a\u0144 w mediach spo\u0142eczno\u015bciowych to podstawa efektywno\u015bci. Niestety nie jest ona standardem rozpoczynaj\u0105cym promocje firmy za po\u015brednictwem tego narz\u0119dzia. Przed przyst\u0105pieniem do d\u0142ugofalowych dzia\u0142a\u0144 w mediach spo\u0142eczno\u015bciowych warto opracowa\u0107 strategi\u0119, kt\u00f3ra pozwoli efektywnie nimi zarz\u0105dza\u0107. Zak\u0142ada ona cele d\u0142ugofalowe oraz te kr\u00f3tkoterminowe, planowane z tygodnia na tydzie\u0144. Z czego [&hellip;]<\/p>\n<\/div><\/div><p style=\"font-size: 16px;color: #000000;text-align: left;font-family:Montserrat;font-weight:400;font-style:normal\" class=\"vc_custom_heading tt_button tt_primary_button btn_primary_color hover_solid_secondary post_button\"><a href=\"https:\/\/brandsoul.pl\/en\/o-nas\/newsy\/strategia-dzialan-w-mediach-spolecznosciowych-w-atrakcyjnej-cenie\/\" class=\"vc_gitem-link\" title=\"STRATEGIA DZIA\u0141A\u0143 W MEDIACH SPO\u0141ECZNO\u015aCIOWYCH W ATRAKCYJNEJ CENIE.\">Czytaj wi\u0119cej<\/a><\/p><\/div><\/div><\/div><\/div><\/div><\/div><div class=\"vc_clearfix\"><\/div><\/div><div class=\"vc_grid-item vc_clearfix vc_col-sm-12\"><div class=\"vc_grid-item-mini vc_clearfix\"><div class=\"vc_gitem-animated-block\" ><div class=\"vc_gitem-zone vc_gitem-zone-a vc_custom_1673513484076 my-post-grid vc-gitem-zone-height-mode-auto vc-gitem-zone-height-mode-auto-16-9\"><div class=\"vc_gitem-zone-mini\"><div class=\"vc_gitem_row vc_row vc_gitem-row-position-top\"><div class=\"vc_col-sm-6 vc_gitem-col vc_gitem-col-align- vc_custom_1673458393234\">\n\t<div class=\"wpb_single_image wpb_content_element vc_custom_1673506984448 vc_align_\">\n\t\t<figure class=\"wpb_wrapper vc_figure\">\n\t\t\t<div class=\"vc_single_image-wrapper   vc_box_border_grey\"><img loading=\"lazy\" decoding=\"async\" width=\"2560\" height=\"1920\" src=\"https:\/\/brandsoul.pl\/wp-content\/uploads\/2020\/06\/IMG_20181211_174000-scaled.jpg\" class=\"vc_single_image-img attachment-full\" alt=\"\" title=\"btrmdn\" srcset=\"https:\/\/brandsoul.pl\/wp-content\/uploads\/2020\/06\/IMG_20181211_174000-scaled.jpg 2560w, https:\/\/brandsoul.pl\/wp-content\/uploads\/2020\/06\/IMG_20181211_174000-300x225.jpg 300w, https:\/\/brandsoul.pl\/wp-content\/uploads\/2020\/06\/IMG_20181211_174000-1024x768.jpg 1024w, https:\/\/brandsoul.pl\/wp-content\/uploads\/2020\/06\/IMG_20181211_174000-768x576.jpg 768w, https:\/\/brandsoul.pl\/wp-content\/uploads\/2020\/06\/IMG_20181211_174000-1536x1152.jpg 1536w, https:\/\/brandsoul.pl\/wp-content\/uploads\/2020\/06\/IMG_20181211_174000-2048x1536.jpg 2048w\" sizes=\"auto, (max-width: 2560px) 100vw, 2560px\" \/><\/div>\n\t\t<\/figure>\n\t<\/div>\n<\/div><div class=\"vc_col-sm-6 vc_gitem-col vc_gitem-col-align- vc_custom_1673507116706\"><div class=\"vc_custom_heading vc_gitem-post-data vc_gitem-post-data-source-post_title\" ><h4 style=\"font-size: 20px;line-height: 32px;text-align: left\" >MARKETING W TURYSTYCE &#8211; ITURYSTYKA.INFO<\/h4><\/div><div class=\"vc_empty_space\"   style=\"height: 52px\"><span class=\"vc_empty_space_inner\"><\/span><\/div><div class=\"vc_custom_heading case_exerp vc_gitem-post-data vc_gitem-post-data-source-post_excerpt\" ><div style=\"text-align: left\" ><p>Nowy projekt naszej firmy, wspieraj\u0105cy w dzia\u0142aniach marketingowych firmy z bran\u017cy turystycznej. Biznesy ca\u0142oroczne lub sezonowe. Przygotowali\u015bmy specjalnie dla nich ofert\u0119 specjaln\u0105 na wykonanie podstawowych narz\u0119dzi marketingu oraz wsparcie marketingowe podczas bie\u017c\u0105cej dzia\u0142alno\u015bci. Ca\u0142o\u015b\u0107 oferty przedstawiamy na dedykowanej stronie\u00a0www.iturystyka.info. Zapraszamy!<\/p>\n<\/div><\/div><p style=\"font-size: 16px;color: #000000;text-align: left;font-family:Montserrat;font-weight:400;font-style:normal\" class=\"vc_custom_heading tt_button tt_primary_button btn_primary_color hover_solid_secondary post_button\"><a href=\"https:\/\/brandsoul.pl\/en\/o-nas\/newsy\/marketing-w-turystyce-iturystyka-info\/\" class=\"vc_gitem-link\" title=\"MARKETING W TURYSTYCE &#8211; ITURYSTYKA.INFO\">Czytaj wi\u0119cej<\/a><\/p><\/div><\/div><\/div><\/div><\/div><\/div><div class=\"vc_clearfix\"><\/div><\/div><div class=\"vc_grid-item vc_clearfix vc_col-sm-12\"><div class=\"vc_grid-item-mini vc_clearfix\"><div class=\"vc_gitem-animated-block\" ><div class=\"vc_gitem-zone vc_gitem-zone-a vc_custom_1673513484076 my-post-grid vc-gitem-zone-height-mode-auto vc-gitem-zone-height-mode-auto-16-9\"><div class=\"vc_gitem-zone-mini\"><div class=\"vc_gitem_row vc_row vc_gitem-row-position-top\"><div class=\"vc_col-sm-6 vc_gitem-col vc_gitem-col-align- vc_custom_1673458393234\">\n\t<div class=\"wpb_single_image wpb_content_element vc_custom_1673506984448 vc_align_\">\n\t\t<figure class=\"wpb_wrapper vc_figure\">\n\t\t\t<div class=\"vc_single_image-wrapper   vc_box_border_grey\"><img loading=\"lazy\" decoding=\"async\" width=\"1920\" height=\"1080\" src=\"https:\/\/brandsoul.pl\/wp-content\/uploads\/2020\/06\/strategia.png\" class=\"vc_single_image-img attachment-full\" alt=\"\" title=\"strategia\" srcset=\"https:\/\/brandsoul.pl\/wp-content\/uploads\/2020\/06\/strategia.png 1920w, https:\/\/brandsoul.pl\/wp-content\/uploads\/2020\/06\/strategia-300x169.png 300w, https:\/\/brandsoul.pl\/wp-content\/uploads\/2020\/06\/strategia-1024x576.png 1024w, https:\/\/brandsoul.pl\/wp-content\/uploads\/2020\/06\/strategia-768x432.png 768w, https:\/\/brandsoul.pl\/wp-content\/uploads\/2020\/06\/strategia-1536x864.png 1536w\" sizes=\"auto, (max-width: 1920px) 100vw, 1920px\" \/><\/div>\n\t\t<\/figure>\n\t<\/div>\n<\/div><div class=\"vc_col-sm-6 vc_gitem-col vc_gitem-col-align- vc_custom_1673507116706\"><div class=\"vc_custom_heading vc_gitem-post-data vc_gitem-post-data-source-post_title\" ><h4 style=\"font-size: 20px;line-height: 32px;text-align: left\" >SZKOLENIE &#8211; STRATEGIA PROMOCJI I SPRZEDA\u017bY W MIKRO\/MA\u0141EJ FIRMIE.<\/h4><\/div><div class=\"vc_empty_space\"   style=\"height: 52px\"><span class=\"vc_empty_space_inner\"><\/span><\/div><div class=\"vc_custom_heading case_exerp vc_gitem-post-data vc_gitem-post-data-source-post_excerpt\" ><div style=\"text-align: left\" ><p>Kreacja strategii promocji i sprzeda\u017cy dla firmy wymaga od przedsi\u0119biorcy du\u017cej ilo\u015bci czasu i wszechstronnej wiedzy z zakresu marketingu i sprzeda\u017cy. Strategia jest wa\u017cna, gdy\u017c od niej zaczyna si\u0119 pomiar efekt\u00f3w i monitoring rozwoju Twojej firmy. To pewien plan do kt\u00f3rego mo\u017cesz w ka\u017cdej chwili si\u0119 odnie\u015b\u0107, skorygowa\u0107 lub udoskonali\u0107. [&hellip;]<\/p>\n<\/div><\/div><p style=\"font-size: 16px;color: #000000;text-align: left;font-family:Montserrat;font-weight:400;font-style:normal\" class=\"vc_custom_heading tt_button tt_primary_button btn_primary_color hover_solid_secondary post_button\"><a href=\"https:\/\/brandsoul.pl\/en\/o-nas\/newsy\/szkolenie-strategia-promocji-i-sprzedazy-w-mikro-malej-firmie\/\" class=\"vc_gitem-link\" title=\"SZKOLENIE &#8211; STRATEGIA PROMOCJI I SPRZEDA\u017bY W MIKRO\/MA\u0141EJ FIRMIE.\">Czytaj wi\u0119cej<\/a><\/p><\/div><\/div><\/div><\/div><\/div><\/div><div class=\"vc_clearfix\"><\/div><\/div><div class=\"vc_grid-item vc_clearfix vc_col-sm-12\"><div class=\"vc_grid-item-mini vc_clearfix\"><div class=\"vc_gitem-animated-block\" ><div class=\"vc_gitem-zone vc_gitem-zone-a vc_custom_1673513484076 my-post-grid vc-gitem-zone-height-mode-auto vc-gitem-zone-height-mode-auto-16-9\"><div class=\"vc_gitem-zone-mini\"><div class=\"vc_gitem_row vc_row vc_gitem-row-position-top\"><div class=\"vc_col-sm-6 vc_gitem-col vc_gitem-col-align- vc_custom_1673458393234\">\n\t<div class=\"wpb_single_image wpb_content_element vc_custom_1673506984448 vc_align_\">\n\t\t<figure class=\"wpb_wrapper vc_figure\">\n\t\t\t<div class=\"vc_single_image-wrapper   vc_box_border_grey\"><img loading=\"lazy\" decoding=\"async\" width=\"320\" height=\"320\" src=\"https:\/\/brandsoul.pl\/wp-content\/uploads\/2020\/06\/avatar_czarne_fb_brandsoul_group_01.png\" class=\"vc_single_image-img attachment-full\" alt=\"\" title=\"avatar_czarne_fb_brandsoul_group_01\" srcset=\"https:\/\/brandsoul.pl\/wp-content\/uploads\/2020\/06\/avatar_czarne_fb_brandsoul_group_01.png 320w, https:\/\/brandsoul.pl\/wp-content\/uploads\/2020\/06\/avatar_czarne_fb_brandsoul_group_01-300x300.png 300w, https:\/\/brandsoul.pl\/wp-content\/uploads\/2020\/06\/avatar_czarne_fb_brandsoul_group_01-150x150.png 150w\" sizes=\"auto, (max-width: 320px) 100vw, 320px\" \/><\/div>\n\t\t<\/figure>\n\t<\/div>\n<\/div><div class=\"vc_col-sm-6 vc_gitem-col vc_gitem-col-align- vc_custom_1673507116706\"><div class=\"vc_custom_heading vc_gitem-post-data vc_gitem-post-data-source-post_title\" ><h4 style=\"font-size: 20px;line-height: 32px;text-align: left\" >STRONA GRUPY BRANDSOUL<\/h4><\/div><div class=\"vc_empty_space\"   style=\"height: 52px\"><span class=\"vc_empty_space_inner\"><\/span><\/div><div class=\"vc_custom_heading case_exerp vc_gitem-post-data vc_gitem-post-data-source-post_excerpt\" ><div style=\"text-align: left\" ><p>Uda\u0142o si\u0119 nam w ko\u0144cu przygotowa\u0107 stron\u0119 naszej grupy marek:) Oto aktualne nasze marki. Zapraszamy do wsp\u00f3\u0142pracy!:) WWW.BRANDSOULGROUP.PL<\/p>\n<\/div><\/div><p style=\"font-size: 16px;color: #000000;text-align: left;font-family:Montserrat;font-weight:400;font-style:normal\" class=\"vc_custom_heading tt_button tt_primary_button btn_primary_color hover_solid_secondary post_button\"><a href=\"https:\/\/brandsoul.pl\/en\/o-nas\/newsy\/strona-grupy-brandsoul\/\" class=\"vc_gitem-link\" title=\"STRONA GRUPY BRANDSOUL\">Czytaj wi\u0119cej<\/a><\/p><\/div><\/div><\/div><\/div><\/div><\/div><div class=\"vc_clearfix\"><\/div><\/div><div class=\"vc_grid-item vc_clearfix vc_col-sm-12\"><div class=\"vc_grid-item-mini vc_clearfix\"><div class=\"vc_gitem-animated-block\" ><div class=\"vc_gitem-zone vc_gitem-zone-a vc_custom_1673513484076 my-post-grid vc-gitem-zone-height-mode-auto vc-gitem-zone-height-mode-auto-16-9\"><div class=\"vc_gitem-zone-mini\"><div class=\"vc_gitem_row vc_row vc_gitem-row-position-top\"><div class=\"vc_col-sm-6 vc_gitem-col vc_gitem-col-align- vc_custom_1673458393234\">\n\t<div class=\"wpb_single_image wpb_content_element vc_custom_1673506984448 vc_align_\">\n\t\t<figure class=\"wpb_wrapper vc_figure\">\n\t\t\t<div class=\"vc_single_image-wrapper   vc_box_border_grey\"><img loading=\"lazy\" decoding=\"async\" width=\"1600\" height=\"1350\" src=\"https:\/\/brandsoul.pl\/wp-content\/uploads\/2020\/06\/Image00017.png\" class=\"vc_single_image-img attachment-full\" alt=\"\" title=\"Image00017\" srcset=\"https:\/\/brandsoul.pl\/wp-content\/uploads\/2020\/06\/Image00017.png 1600w, https:\/\/brandsoul.pl\/wp-content\/uploads\/2020\/06\/Image00017-300x253.png 300w, https:\/\/brandsoul.pl\/wp-content\/uploads\/2020\/06\/Image00017-1024x864.png 1024w, https:\/\/brandsoul.pl\/wp-content\/uploads\/2020\/06\/Image00017-768x648.png 768w, https:\/\/brandsoul.pl\/wp-content\/uploads\/2020\/06\/Image00017-1536x1296.png 1536w\" sizes=\"auto, (max-width: 1600px) 100vw, 1600px\" \/><\/div>\n\t\t<\/figure>\n\t<\/div>\n<\/div><div class=\"vc_col-sm-6 vc_gitem-col vc_gitem-col-align- vc_custom_1673507116706\"><div class=\"vc_custom_heading vc_gitem-post-data vc_gitem-post-data-source-post_title\" ><h4 style=\"font-size: 20px;line-height: 32px;text-align: left\" >STWORZYMY STRATEGI\u0118 DLA TWOJEGO BIZNESU<\/h4><\/div><div class=\"vc_empty_space\"   style=\"height: 52px\"><span class=\"vc_empty_space_inner\"><\/span><\/div><div class=\"vc_custom_heading case_exerp vc_gitem-post-data vc_gitem-post-data-source-post_excerpt\" ><div style=\"text-align: left\" ><p>KREUJEMY EFEKTYWNE POMYS\u0141Y NA BIZNES! 1. Opracujemy strategi\u0119 marketingow\u0105 lub sprzeda\u017cow\u0105 dla istniej\u0105cego biznesu 2. Przygotujemy biznes plan dla nowej marki 3. Pomo\u017cemy w opracowaniu kompleksowej strategii zarz\u0105dzania biznesem 4. Skoordynujemy wdro\u017cenie opracowanej strategii Zapewniamy: 1. Nieszablonowo\u015b\u0107 rozwi\u0105za\u0144 2. Zaanga\u017cowanie, kreatywno\u015b\u0107 i strategiczne my\u015blenie! 3. Terminowo\u015b\u0107 4. Konkurencyjne ceny info@brandsoul.pl [&hellip;]<\/p>\n<\/div><\/div><p style=\"font-size: 16px;color: #000000;text-align: left;font-family:Montserrat;font-weight:400;font-style:normal\" class=\"vc_custom_heading tt_button tt_primary_button btn_primary_color hover_solid_secondary post_button\"><a href=\"https:\/\/brandsoul.pl\/en\/o-nas\/newsy\/stworzymy-strategie-dla-twojego-biznesu\/\" class=\"vc_gitem-link\" title=\"STWORZYMY STRATEGI\u0118 DLA TWOJEGO BIZNESU\">Czytaj wi\u0119cej<\/a><\/p><\/div><\/div><\/div><\/div><\/div><\/div><div class=\"vc_clearfix\"><\/div><\/div><div class=\"vc_grid-item vc_clearfix vc_col-sm-12\"><div class=\"vc_grid-item-mini vc_clearfix\"><div class=\"vc_gitem-animated-block\" ><div class=\"vc_gitem-zone vc_gitem-zone-a vc_custom_1673513484076 my-post-grid vc-gitem-zone-height-mode-auto vc-gitem-zone-height-mode-auto-16-9\"><div class=\"vc_gitem-zone-mini\"><div class=\"vc_gitem_row vc_row vc_gitem-row-position-top\"><div class=\"vc_col-sm-6 vc_gitem-col vc_gitem-col-align- vc_custom_1673458393234\">\n\t<div class=\"wpb_single_image wpb_content_element vc_custom_1673506984448 vc_align_\">\n\t\t<figure class=\"wpb_wrapper vc_figure\">\n\t\t\t<div class=\"vc_single_image-wrapper   vc_box_border_grey\"><img loading=\"lazy\" decoding=\"async\" width=\"443\" height=\"443\" src=\"https:\/\/brandsoul.pl\/wp-content\/uploads\/2020\/06\/Image00002.png\" class=\"vc_single_image-img attachment-full\" alt=\"\" title=\"Image00002\" srcset=\"https:\/\/brandsoul.pl\/wp-content\/uploads\/2020\/06\/Image00002.png 443w, https:\/\/brandsoul.pl\/wp-content\/uploads\/2020\/06\/Image00002-300x300.png 300w, https:\/\/brandsoul.pl\/wp-content\/uploads\/2020\/06\/Image00002-150x150.png 150w\" sizes=\"auto, (max-width: 443px) 100vw, 443px\" \/><\/div>\n\t\t<\/figure>\n\t<\/div>\n<\/div><div class=\"vc_col-sm-6 vc_gitem-col vc_gitem-col-align- vc_custom_1673507116706\"><div class=\"vc_custom_heading vc_gitem-post-data vc_gitem-post-data-source-post_title\" ><h4 style=\"font-size: 20px;line-height: 32px;text-align: left\" >MIKRO BIZNES &#8211; WSPARCIE MARKETINGOWE<\/h4><\/div><div class=\"vc_empty_space\"   style=\"height: 52px\"><span class=\"vc_empty_space_inner\"><\/span><\/div><div class=\"vc_custom_heading case_exerp vc_gitem-post-data vc_gitem-post-data-source-post_excerpt\" ><div style=\"text-align: left\" ><p>Zapraszamy do skorzystania z oferty dla\u00a0mikro firm, kt\u00f3re chcia\u0142aby rozpocz\u0105\u0107 efektywne dzia\u0142ania promocyjne swojej firmy. W ramach miesi\u0119cznego rycza\u0142tu masz nie tylko opiek\u0119, ale tak\u017ce wizyt\u00f3wk\u0119 na portalu dla ma\u0142ych i \u015brednich firm, kt\u00f3rej roczny pakiet wynosi od 600-800 z\u0142 netto! Celem naszej propozycji jest aktywizacja do dzia\u0142ania mikro firm, [&hellip;]<\/p>\n<\/div><\/div><p style=\"font-size: 16px;color: #000000;text-align: left;font-family:Montserrat;font-weight:400;font-style:normal\" class=\"vc_custom_heading tt_button tt_primary_button btn_primary_color hover_solid_secondary post_button\"><a href=\"https:\/\/brandsoul.pl\/en\/o-nas\/newsy\/mikro-biznes-wsparcie-marketingowe\/\" class=\"vc_gitem-link\" title=\"MIKRO BIZNES &#8211; WSPARCIE MARKETINGOWE\">Czytaj wi\u0119cej<\/a><\/p><\/div><\/div><\/div><\/div><\/div><\/div><div class=\"vc_clearfix\"><\/div><\/div><\/div><div data-lazy-loading-btn=\"true\" style=\"display: none;\"><a href=\"https:\/\/brandsoul.pl\/en\/newsy\/brandsoul\/\"><\/a><\/div><\/div>\n\t<\/div>\n<\/div><\/div><\/div><\/div><div class=\"wpb_column vc_column_container vc_col-sm-4\"><div class=\"vc_column-inner\"><div class=\"wpb_wrapper\"><div class=\"vc_row wpb_row vc_inner vc_row-fluid vc_row-bg-position-top\"><div class=\"wpb_column vc_column_container vc_col-sm-12\"><div class=\"vc_column-inner\"><div class=\"wpb_wrapper\"><div  class=\"vc_wp_custommenu wpb_content_element blog-menu-m\"><div class=\"widget widget_nav_menu\"><div class=\"menu-newsy-container\"><ul id=\"menu-newsy\" class=\"menu\"><li id=\"menu-item-10934\" class=\"menu-item menu-item-type-post_type menu-item-object-page menu-item-10934\"><a href=\"https:\/\/brandsoul.pl\/en\/newsy\/nasi-klienci\/\">Nasi Klienci<\/a><\/li>\n<li id=\"menu-item-10933\" class=\"menu-item menu-item-type-post_type menu-item-object-page menu-item-10933\"><a href=\"https:\/\/brandsoul.pl\/en\/newsy\/brandsoul\/\">Brandsoul<\/a><\/li>\n<li id=\"menu-item-10932\" class=\"menu-item menu-item-type-post_type menu-item-object-page menu-item-10932\"><a href=\"https:\/\/brandsoul.pl\/en\/newsy\/projekty\/\">Projekty<\/a><\/li>\n<li id=\"menu-item-10931\" class=\"menu-item menu-item-type-post_type menu-item-object-page menu-item-10931\"><a href=\"https:\/\/brandsoul.pl\/en\/newsy\/wydarzenia\/\">Wydarzenia<\/a><\/li>\n<li id=\"menu-item-11112\" class=\"menu-item menu-item-type-taxonomy menu-item-object-category menu-item-11112\"><a href=\"https:\/\/brandsoul.pl\/en\/.\/o-nas\/newsy\/biznes\/\">Biznes<\/a><\/li>\n<\/ul><\/div><\/div><\/div><\/div><\/div><\/div><\/div><\/div><\/div><\/div><\/div><div class=\"vc_row-full-width vc_clearfix\"><\/div><div data-vc-full-width=\"true\" data-vc-full-width-init=\"false\" class=\"vc_row wpb_row vc_row-fluid vc_custom_1672901289259 vc_row-has-fill vc_row-bg-position-top\"><div class=\"wpb_column vc_column_container vc_col-sm-12\"><div class=\"vc_column-inner\"><div class=\"wpb_wrapper\"><div class=\"kd-calltoaction\" >\n                <div class=\"container\">\n                  <div class=\"cta-text-container kd-animated fadeIn\" data-animation-delay=\"200\"><div class=\"cta-text\"><h5 style=\"color: #000000;\">Um\u00f3w si\u0119 na spotkanie. Poznajmy si\u0119!<\/h5><\/div>\n                    <\/div>\n                    <div class=\"cta-btncontainer\"><a href=\"https:\/\/brandsoul.pl\/en\/kontakt\/\"  title=\"Kontakt\" class=\"tt_button tt_secondary_button btn_secondary_color  button-action-link icon_right kd-animated zoomIn\" data-animation-delay=\"200\">Porozmawiajmy!<span class=\"fas fa-chevron-right iconita\" ><\/span><\/a><\/div>\n                <\/div>\n            <\/div><\/div><\/div><\/div><\/div><div class=\"vc_row-full-width vc_clearfix\"><\/div><div data-vc-full-width=\"true\" data-vc-full-width-init=\"false\" class=\"vc_row wpb_row vc_row-fluid vc_custom_1671465691697 vc_row-has-fill vc_row-has-padding-top vc_row-has-padding-bottom vc_row-bg-position-top\"><div class=\"wpb_column vc_column_container vc_col-sm-4\"><div class=\"vc_column-inner\"><div class=\"wpb_wrapper\"><h3 style=\"font-size: 14px;color: #ffffff;text-align: left\" class=\"vc_custom_heading\" >STUDIO MARKI BRANDSOUL SP.Z O.O.<\/h3>\n\t<div class=\"wpb_text_column wpb_content_element\" >\n\t\t<div class=\"wpb_wrapper\">\n\t\t\t<p>ul. K\u00f3rnicka 198B\/11<br \/>\n62-020 Zalasewo (Swarz\u0119dz)<\/p>\n\n\t\t<\/div>\n\t<\/div>\n\n\t<div class=\"wpb_text_column wpb_content_element\" >\n\t\t<div class=\"wpb_wrapper\">\n\t\t\t<p>kom. +48 668 130 202<br \/>\nINFO@BRANDSOUL.PL<\/p>\n\n\t\t<\/div>\n\t<\/div>\n<\/div><\/div><\/div><div class=\"wpb_column vc_column_container vc_col-sm-4\"><div class=\"vc_column-inner\"><div class=\"wpb_wrapper\"><h3 style=\"font-size: 14px;color: #ffffff;text-align: left\" class=\"vc_custom_heading\" >DANE FIRMY<\/h3>\n\t<div class=\"wpb_text_column wpb_content_element\" >\n\t\t<div class=\"wpb_wrapper\">\n\t\t\t<p>Studio Marki Brandsoul Sp. zo.o.<br \/>\nul. Harmonia 9\/6<br \/>\n62-020 Zalasewo<\/p>\n\n\t\t<\/div>\n\t<\/div>\n\n\t<div class=\"wpb_text_column wpb_content_element\" >\n\t\t<div class=\"wpb_wrapper\">\n\t\t\t<p>NIP: 7822692832<br \/>\nRegon: 366811048<br \/>\nKRS: 0000668828<\/p>\n\n\t\t<\/div>\n\t<\/div>\n<\/div><\/div><\/div><div class=\"wpb_column vc_column_container vc_col-sm-4\"><div class=\"vc_column-inner\"><div class=\"wpb_wrapper\"><h2 style=\"font-size: 14px;color: #ffffff;text-align: left\" class=\"vc_custom_heading\" >FORMULARZ KONTAKTOWY<\/h2><div class=\"wpforms-container wpforms-container-full\" id=\"wpforms-4119\"><form id=\"wpforms-form-4119\" class=\"wpforms-validate wpforms-form\" data-formid=\"4119\" method=\"post\" enctype=\"multipart\/form-data\" action=\"\/en\/wp-json\/wp\/v2\/pages\/10922\" data-trp-original-action=\"\/en\/wp-json\/wp\/v2\/pages\/10922\"><noscript class=\"wpforms-error-noscript\">Please enable JavaScript in your browser to complete this form.<\/noscript><div class=\"wpforms-field-container\"><div id=\"wpforms-4119-field_1-container\" class=\"wpforms-field wpforms-field-select wpforms-field-select-style-classic\" data-field-id=\"1\"><select id=\"wpforms-4119-field_1\" class=\"wpforms-field-large wpforms-field-required\" name=\"wpforms[fields][1]\" required=\"required\"><option value=\"\" class=\"placeholder\" disabled selected='selected'>Wybierz cel kontaktu<\/option><option value=\"Kontakt telefoniczny\" >Kontakt telefoniczny<\/option><option value=\"Spotkanie\" >Spotkanie<\/option><option value=\"Oferta\/wycena\" >Oferta\/wycena<\/option><\/select><\/div><div id=\"wpforms-4119-field_2-container\" class=\"wpforms-field wpforms-field-text\" data-field-id=\"2\"><input type=\"text\" id=\"wpforms-4119-field_2\" class=\"wpforms-field-medium wpforms-field-required\" name=\"wpforms[fields][2]\" placeholder=\"Imi\u0119\" required><\/div><div id=\"wpforms-4119-field_3-container\" class=\"wpforms-field wpforms-field-email\" data-field-id=\"3\"><input type=\"email\" id=\"wpforms-4119-field_3\" class=\"wpforms-field-medium wpforms-field-required\" name=\"wpforms[fields][3]\" placeholder=\"E-mail\" required><\/div><div id=\"wpforms-4119-field_7-container\" class=\"wpforms-field wpforms-field-phone\" data-field-id=\"7\"><input type=\"tel\" id=\"wpforms-4119-field_7\" class=\"wpforms-field-medium wpforms-field-required wpforms-smart-phone-field\" data-rule-smart-phone-field=\"true\" name=\"wpforms[fields][7]\" placeholder=\"Telefon\" required><\/div><div id=\"wpforms-4119-field_5-container\" class=\"wpforms-field wpforms-field-textarea\" data-field-id=\"5\"><textarea id=\"wpforms-4119-field_5\" class=\"wpforms-field-small wpforms-field-required\" name=\"wpforms[fields][5]\" placeholder=\"Wiadomo\u015b\u0107\" required><\/textarea><\/div><div id=\"wpforms-4119-field_6-container\" class=\"wpforms-field wpforms-field-checkbox\" data-field-id=\"6\"><ul id=\"wpforms-4119-field_6\" class=\"wpforms-field-required\"><li class=\"choice-1 depth-1\"><input type=\"checkbox\" id=\"wpforms-4119-field_6_1\" name=\"wpforms[fields][6][]\" value=\"Akceptuj\u0119 warunki &lt;a href=&quot;https:\/\/brandsoul.pl\/polityka-prywatnosci\/&quot; target=&quot;_blank&quot;&gt;Polityki prywatno\u015bci.&lt;\/a&gt;\" required><label class=\"wpforms-field-label-inline\" for=\"wpforms-4119-field_6_1\">Akceptuj\u0119 warunki <a href=\"https:\/\/brandsoul.pl\/en\/polityka-prywatnosci\/\" target=\"_blank\">Polityki prywatno\u015bci.<\/a><\/label><\/li><\/ul><\/div><\/div><div class=\"wpforms-field wpforms-field-hp\"><label for=\"wpforms-4119-field-hp\" class=\"wpforms-field-label\">Name<\/label><input type=\"text\" name=\"wpforms[hp]\" id=\"wpforms-4119-field-hp\" class=\"wpforms-field-medium\"><\/div><input type=\"hidden\" name=\"wpforms[recaptcha]\" value=\"\"><div class=\"wpforms-submit-container\" ><input type=\"hidden\" name=\"wpforms[id]\" value=\"4119\"><input type=\"hidden\" name=\"wpforms[author]\" value=\"3\"><button type=\"submit\" name=\"wpforms[submit]\" class=\"wpforms-submit tt_button\" id=\"wpforms-submit-4119\" value=\"wpforms-submit\" aria-live=\"assertive\" data-alt-text=\"Wysy\u0142anie...\" data-submit-text=\"Wyslij\">Wyslij<\/button><\/div><input type=\"hidden\" name=\"trp-form-language\" value=\"en\"\/><\/form><\/div>  <!-- .wpforms-container --><\/div><\/div><\/div><\/div><div class=\"vc_row-full-width vc_clearfix\"><\/div>\n<\/section>","protected":false},"excerpt":{"rendered":"Studio Marki Brandsoul \u2013 18 lat budowania marek z my\u015bl\u0105 o strategii.\u2764Studio Marki Brandsoul \u2013 18 lat budowania marek z my\u015bl\u0105 o strategii.\u2764 To ju\u017c 18 lat, odk\u0105d marka #Brandsoul rozpocz\u0119\u0142a swoj\u0105 dzia\u0142alno\u015b\u0107. Zaczynali\u015bmy od doradztwa marketingowego i pozycji numer 1 w polskiej wyszukiwarce na to has\u0142o. Ju\u017c wtedy wiedzieli\u015bmy, [...]","protected":false},"author":7,"featured_media":0,"parent":10703,"menu_order":26,"comment_status":"closed","ping_status":"closed","template":"","meta":{"_themeisle_gutenberg_block_has_review":false,"footnotes":""},"class_list":["post-10922","page","type-page","status-publish","hentry"],"aioseo_notices":[],"_links":{"self":[{"href":"https:\/\/brandsoul.pl\/en\/wp-json\/wp\/v2\/pages\/10922","targetHints":{"allow":["GET"]}}],"collection":[{"href":"https:\/\/brandsoul.pl\/en\/wp-json\/wp\/v2\/pages"}],"about":[{"href":"https:\/\/brandsoul.pl\/en\/wp-json\/wp\/v2\/types\/page"}],"author":[{"embeddable":true,"href":"https:\/\/brandsoul.pl\/en\/wp-json\/wp\/v2\/users\/7"}],"replies":[{"embeddable":true,"href":"https:\/\/brandsoul.pl\/en\/wp-json\/wp\/v2\/comments?post=10922"}],"version-history":[{"count":3,"href":"https:\/\/brandsoul.pl\/en\/wp-json\/wp\/v2\/pages\/10922\/revisions"}],"predecessor-version":[{"id":13471,"href":"https:\/\/brandsoul.pl\/en\/wp-json\/wp\/v2\/pages\/10922\/revisions\/13471"}],"up":[{"embeddable":true,"href":"https:\/\/brandsoul.pl\/en\/wp-json\/wp\/v2\/pages\/10703"}],"wp:attachment":[{"href":"https:\/\/brandsoul.pl\/en\/wp-json\/wp\/v2\/media?parent=10922"}],"curies":[{"name":"wp","href":"https:\/\/api.w.org\/{rel}","templated":true}]}}